{"id":52043,"date":"2026-05-01T19:32:56","date_gmt":"2026-05-01T17:32:56","guid":{"rendered":"https:\/\/berlindesignweek.com\/bdw-programmeintrag\/architecture-icons-jasper-architects\/"},"modified":"2026-05-01T19:35:02","modified_gmt":"2026-05-01T17:35:02","slug":"architecture-icons-jasper-architects","status":"publish","type":"bdw_programmeintrag","link":"https:\/\/berlindesignweek.com\/en\/bdw-programmeintrag\/architecture-icons-jasper-architects\/","title":{"rendered":"ARCHITECTURE ICONS: Jasper Architects"},"content":{"rendered":"<p><strong>Beyond Context \u2013 Einsichten in die Arbeit von Jasper Architects<\/strong><\/p>\n<p class=\"font-claude-response-body break-words whitespace-normal leading-[1.7]\"><strong>ARCHITECTURE ICONS<\/strong> ist eine gemeinsame Gespr\u00e4chsreihe von Berlin Design Week und Budapester Salon. Im Mittelpunkt stehen Architekt:innen, deren Arbeit \u00fcber den lokalen Kontext hinaus Wirkung entfaltet.<\/p>\n<p class=\"font-claude-response-body break-words whitespace-normal leading-[1.7]\">Erg\u00e4nzend zur Ausstellung <em>piccolo mondo<\/em> l\u00e4dt der Budapester Salon am 28. Mai zu einem kuratierten Abendformat: <strong>\u201eBeyond Context \u2013 Einsichten in die Arbeit von Jasper Architects&#8221;<\/strong> mit Martin Jasper.<\/p>\n<p class=\"font-claude-response-body break-words whitespace-normal leading-[1.7]\">Das Spektrum der gezeigten Projekte reicht von urbanen Transformationen in europ\u00e4ischen St\u00e4dten bis zu R\u00fcckzugsorten in entlegenen Landschaften. Architektur wird hier nicht als statische Antwort verstanden, sondern als offenes System, das lokale Bedingungen aufnimmt und zugleich neue r\u00e4umliche und kulturelle Verbindungen schafft. Die Entwurfsmethodik von Jasper Architects beruht auf einer gr\u00fcndlichen Analyse von Ort, Geschichte und Programm \u2013 mit dem Anspruch, Kontext nicht nur zu beantworten, sondern zu erweitern und zu transformieren.<\/p>\n<p class=\"font-claude-response-body break-words whitespace-normal leading-[1.7]\">Im dialogischen Format des Budapester Salons entsteht ein offener Austausch zwischen Architekt:innen, Planer:innen und Projektbeteiligten \u2013 mit dem Ziel, Perspektiven zu weiten und neue Impulse f\u00fcr die Praxis zu setzen.<\/p>\n<p>&nbsp;<\/p>\n<div class=\"bdw-ticket-btn-wrap\"><a href=\"https:\/\/luma.com\/ja_budapester\" class=\"bdw-ticket-btn\" target=\"_blank\" rel=\"noopener\">RSVP \u00b7 Eintritt frei \u2192<\/a><\/div>\n<p>&nbsp;<\/p>\n<p><strong>Speaker:<\/strong> Martin Jasper, Jasper Architects <strong>Veranstalter:<\/strong> Budapester Salon in Kooperation mit Berlin Design Week<\/p>\n","protected":false},"excerpt":{"rendered":"<p>Beyond Context \u2013 Einsichten in die Arbeit von Jasper Architects ARCHITECTURE ICONS ist eine gemeinsame Gespr\u00e4chsreihe von Berlin Design Week und Budapester Salon. Im Mittelpunkt stehen Architekt:innen, deren Arbeit \u00fcber den lokalen Kontext hinaus Wirkung entfaltet. Erg\u00e4nzend zur Ausstellung piccolo mondo l\u00e4dt der Budapester Salon am 28. Mai zu einem kuratierten Abendformat: \u201eBeyond Context \u2013 [&hellip;]<\/p>\n","protected":false},"featured_media":52042,"menu_order":0,"template":"","format":[881],"meta":{"footnotes":""},"bdw_tag":[854],"designfeld":[440],"event-typ":[876],"jahr":[885],"location_bdw":[],"class_list":["post-52043","bdw_programmeintrag","type-bdw_programmeintrag","status-publish","format-standard","has-post-thumbnail","hentry","bdw_tag-may-28-2026","designfeld-architecture","event-typ-talk","format-berlin-design-nights","jahr-885"],"_links":{"self":[{"href":"https:\/\/berlindesignweek.com\/en\/wp-json\/wp\/v2\/bdw_programmeintrag\/52043","targetHints":{"allow":["GET"]}}],"collection":[{"href":"https:\/\/berlindesignweek.com\/en\/wp-json\/wp\/v2\/bdw_programmeintrag"}],"about":[{"href":"https:\/\/berlindesignweek.com\/en\/wp-json\/wp\/v2\/types\/bdw_programmeintrag"}],"version-history":[{"count":1,"href":"https:\/\/berlindesignweek.com\/en\/wp-json\/wp\/v2\/bdw_programmeintrag\/52043\/revisions"}],"predecessor-version":[{"id":52044,"href":"https:\/\/berlindesignweek.com\/en\/wp-json\/wp\/v2\/bdw_programmeintrag\/52043\/revisions\/52044"}],"wp:featuredmedia":[{"embeddable":true,"href":"https:\/\/berlindesignweek.com\/en\/wp-json\/wp\/v2\/media\/52042"}],"wp:attachment":[{"href":"https:\/\/berlindesignweek.com\/en\/wp-json\/wp\/v2\/media?parent=52043"}],"wp:term":[{"taxonomy":"bdw_tag","embeddable":true,"href":"https:\/\/berlindesignweek.com\/en\/wp-json\/wp\/v2\/bdw_tag?post=52043"},{"taxonomy":"designfeld","embeddable":true,"href":"https:\/\/berlindesignweek.com\/en\/wp-json\/wp\/v2\/designfeld?post=52043"},{"taxonomy":"event-typ","embeddable":true,"href":"https:\/\/berlindesignweek.com\/en\/wp-json\/wp\/v2\/event-typ?post=52043"},{"taxonomy":"format","embeddable":true,"href":"https:\/\/berlindesignweek.com\/en\/wp-json\/wp\/v2\/format?post=52043"},{"taxonomy":"jahr","embeddable":true,"href":"https:\/\/berlindesignweek.com\/en\/wp-json\/wp\/v2\/jahr?post=52043"},{"taxonomy":"location_bdw","embeddable":true,"href":"https:\/\/berlindesignweek.com\/en\/wp-json\/wp\/v2\/location_bdw?post=52043"}],"curies":[{"name":"wp","href":"https:\/\/api.w.org\/{rel}","templated":true}]}}