{"id":50912,"date":"2026-04-20T19:45:17","date_gmt":"2026-04-20T17:45:17","guid":{"rendered":"https:\/\/berlindesignweek.com\/programme\/"},"modified":"2026-04-25T21:02:44","modified_gmt":"2026-04-25T19:02:44","slug":"programme","status":"publish","type":"page","link":"https:\/\/berlindesignweek.com\/en\/","title":{"rendered":"programme"},"content":{"rendered":"\t\t<div data-elementor-type=\"wp-page\" data-elementor-id=\"50912\" class=\"elementor elementor-50912 elementor-50788\" data-elementor-post-type=\"page\">\n\t\t\t\t\t\t<section class=\"elementor-section elementor-top-section elementor-element elementor-element-12a33ef3 elementor-section-content-middle elementor-reverse-mobile elementor-section-boxed elementor-section-height-default elementor-section-height-default\" data-id=\"12a33ef3\" data-element_type=\"section\" data-e-type=\"section\" data-settings=\"{&quot;background_background&quot;:&quot;video&quot;,&quot;background_video_start&quot;:1}\">\n\t\t\t\t\t\t<div class=\"elementor-container elementor-column-gap-default\">\n\t\t\t\t\t<div class=\"elementor-column elementor-col-100 elementor-top-column elementor-element elementor-element-14899f7\" data-id=\"14899f7\" data-element_type=\"column\" data-e-type=\"column\" data-settings=\"{&quot;background_background&quot;:&quot;classic&quot;}\">\n\t\t\t<div class=\"elementor-widget-wrap elementor-element-populated\">\n\t\t\t\t\t\t<div class=\"elementor-element elementor-element-e3cbb91 elementor-widget elementor-widget-html\" data-id=\"e3cbb91\" data-element_type=\"widget\" data-e-type=\"widget\" data-widget_type=\"html.default\">\n\t\t\t\t<div class=\"elementor-widget-container\">\n\t\t\t\t\t<div class=\"bdw-sneak-marquee\">\r\n  <div class=\"bdw-sneak-marquee-track\">\r\n    <h3 class=\"bdw-sneak-marquee-item\">SNEAK PEEK \u00b7 The program is updated continuously until the festival begins \u2013 more events, talks and speakers to come\u00b7<\/h3>\r\n    <h3 class=\"bdw-sneak-marquee-item\">SNEAK PEEK \u00b7 Das Programm wird bis zum Festivalstart laufend aktualisiert \u2013 weitere Events, Talks und Speaker kommen dazu \u00b7<\/h3>\r\n    <h3 class=\"bdw-sneak-marquee-item\">SNEAK PEEK \u00b7 Das Programm wird bis zum Festivalstart laufend aktualisiert \u2013 weitere Events, Talks und Speaker kommen dazu \u00b7<\/h3>\r\n    <h3 class=\"bdw-sneak-marquee-item\">SNEAK PEEK \u00b7 Das Programm wird bis zum Festivalstart laufend aktualisiert \u2013 weitere Events, Talks und Speaker kommen dazu \u00b7<\/h3>\r\n  <\/div>\r\n<\/div>\t\t\t\t<\/div>\n\t\t\t\t<\/div>\n\t\t\t\t\t<\/div>\n\t\t<\/div>\n\t\t\t\t\t<\/div>\n\t\t<\/section>\n\t\t\t\t<section class=\"elementor-section elementor-top-section elementor-element elementor-element-abd9c26 elementor-section-content-middle elementor-reverse-mobile elementor-section-boxed elementor-section-height-default elementor-section-height-default\" data-id=\"abd9c26\" data-element_type=\"section\" data-e-type=\"section\" data-settings=\"{&quot;background_background&quot;:&quot;video&quot;,&quot;background_video_start&quot;:1}\">\n\t\t\t\t\t\t<div class=\"elementor-container elementor-column-gap-default\">\n\t\t\t\t\t<div class=\"elementor-column elementor-col-50 elementor-top-column elementor-element elementor-element-c5fb866\" data-id=\"c5fb866\" data-element_type=\"column\" data-e-type=\"column\" data-settings=\"{&quot;background_background&quot;:&quot;classic&quot;}\">\n\t\t\t<div class=\"elementor-widget-wrap elementor-element-populated\">\n\t\t\t\t\t\t<div class=\"elementor-element elementor-element-b47abdb elementor-cta--skin-cover elementor-cta--valign-bottom elementor-widget elementor-widget-call-to-action\" data-id=\"b47abdb\" data-element_type=\"widget\" data-e-type=\"widget\" data-widget_type=\"call-to-action.default\">\n\t\t\t\t<div class=\"elementor-widget-container\">\n\t\t\t\t\t\t\t<a class=\"elementor-cta\" href=\"https:\/\/berlindesignweek.com\/en\/?_location_bdw=m60\">\n\t\t\t\t\t<div class=\"elementor-cta__bg-wrapper\">\n\t\t\t\t<div class=\"elementor-cta__bg elementor-bg\" style=\"background-image: url(https:\/\/berlindesignweek.com\/wp-content\/uploads\/2026\/04\/rights_Art-Invest-Real-Estate-ARTINVEST_Kreuzberg-Macherei_View-15_Aerial-Sun_AS-p-2000-1-1024x819.jpeg);\" role=\"img\" aria-label=\"rights_Art-Invest-Real-Estate-ARTINVEST_Kreuzberg-Macherei_View-15_Aerial-Sun_AS-p-2000.jpeg\"><\/div>\n\t\t\t\t<div class=\"elementor-cta__bg-overlay\"><\/div>\n\t\t\t<\/div>\n\t\t\t\t\t\t\t<div class=\"elementor-cta__content\">\n\t\t\t\t\n\t\t\t\t\t\t\t\t\t<h4 class=\"elementor-cta__title elementor-cta__content-item elementor-content-item\">\n\t\t\t\t\t\tMain Hub M60\t\t\t\t\t<\/h4>\n\t\t\t\t\n\t\t\t\t\t\t\t\t\t<div class=\"elementor-cta__description elementor-cta__content-item elementor-content-item\">\n\t\t\t\t\t\tMacherei Kreuzberg\t\t\t\t\t<\/div>\n\t\t\t\t\n\t\t\t\t\t\t\t\t\t<div class=\"elementor-cta__button-wrapper elementor-cta__content-item elementor-content-item \">\n\t\t\t\t\t<span class=\"elementor-cta__button elementor-button elementor-size-\">\n\t\t\t\t\t\tgo \u2192\t\t\t\t\t<\/span>\n\t\t\t\t\t<\/div>\n\t\t\t\t\t\t\t<\/div>\n\t\t\t\t\t\t<\/a>\n\t\t\t\t\t\t<\/div>\n\t\t\t\t<\/div>\n\t\t\t\t<div class=\"elementor-element elementor-element-51adc2a elementor-cta--skin-cover elementor-cta--valign-bottom elementor-widget elementor-widget-call-to-action\" data-id=\"51adc2a\" data-element_type=\"widget\" data-e-type=\"widget\" data-widget_type=\"call-to-action.default\">\n\t\t\t\t<div class=\"elementor-widget-container\">\n\t\t\t\t\t\t\t<a class=\"elementor-cta\" href=\"https:\/\/berlindesignweek.com\/en\/?_format=design-pool\">\n\t\t\t\t\t<div class=\"elementor-cta__bg-wrapper\">\n\t\t\t\t<div class=\"elementor-cta__bg elementor-bg\" style=\"background-image: url(https:\/\/berlindesignweek.com\/wp-content\/uploads\/2026\/04\/BDW_27.04.24_photo_Justyna-Fedec-77-of-84-1024x683.jpg);\" role=\"img\" aria-label=\"BDW_27.04.24_photo_Justyna-Fedec-77-of-84.jpg\"><\/div>\n\t\t\t\t<div class=\"elementor-cta__bg-overlay\"><\/div>\n\t\t\t<\/div>\n\t\t\t\t\t\t\t<div class=\"elementor-cta__content\">\n\t\t\t\t\n\t\t\t\t\t\t\t\t\t<h4 class=\"elementor-cta__title elementor-cta__content-item elementor-content-item\">\n\t\t\t\t\t\tDESIGN POOL\t\t\t\t\t<\/h4>\n\t\t\t\t\n\t\t\t\t\t\t\t\t\t<div class=\"elementor-cta__description elementor-cta__content-item elementor-content-item\">\n\t\t\t\t\t\t30. &amp; 31.05.\t\t\t\t\t<\/div>\n\t\t\t\t\n\t\t\t\t\t\t\t\t\t<div class=\"elementor-cta__button-wrapper elementor-cta__content-item elementor-content-item \">\n\t\t\t\t\t<span class=\"elementor-cta__button elementor-button elementor-size-\">\n\t\t\t\t\t\tgo \u2192\t\t\t\t\t<\/span>\n\t\t\t\t\t<\/div>\n\t\t\t\t\t\t\t<\/div>\n\t\t\t\t\t\t<\/a>\n\t\t\t\t\t\t<\/div>\n\t\t\t\t<\/div>\n\t\t\t\t<div class=\"elementor-element elementor-element-c041a4b elementor-cta--skin-cover elementor-cta--valign-bottom elementor-widget elementor-widget-call-to-action\" data-id=\"c041a4b\" data-element_type=\"widget\" data-e-type=\"widget\" data-widget_type=\"call-to-action.default\">\n\t\t\t\t<div class=\"elementor-widget-container\">\n\t\t\t\t\t\t\t<a class=\"elementor-cta\" href=\"\/en\/?_location_bdw=berlin-design-night\">\n\t\t\t\t\t<div class=\"elementor-cta__bg-wrapper\">\n\t\t\t\t<div class=\"elementor-cta__bg elementor-bg\" style=\"background-image: url(https:\/\/berlindesignweek.com\/wp-content\/uploads\/2026\/04\/credit_A.Danger_BDW_DesignEV__4-1-1024x682.jpeg);\" role=\"img\" aria-label=\"credit_A.Danger_BDW_DesignEV__4.jpeg\"><\/div>\n\t\t\t\t<div class=\"elementor-cta__bg-overlay\"><\/div>\n\t\t\t<\/div>\n\t\t\t\t\t\t\t<div class=\"elementor-cta__content\">\n\t\t\t\t\n\t\t\t\t\t\t\t\t\t<h4 class=\"elementor-cta__title elementor-cta__content-item elementor-content-item\">\n\t\t\t\t\t\tBerlin Design Night\t\t\t\t\t<\/h4>\n\t\t\t\t\n\t\t\t\t\t\t\t\t\t<div class=\"elementor-cta__description elementor-cta__content-item elementor-content-item\">\n\t\t\t\t\t\t28.05. all over Berlin\t\t\t\t\t<\/div>\n\t\t\t\t\n\t\t\t\t\t\t\t\t\t<div class=\"elementor-cta__button-wrapper elementor-cta__content-item elementor-content-item \">\n\t\t\t\t\t<span class=\"elementor-cta__button elementor-button elementor-size-\">\n\t\t\t\t\t\tgo \u2192\t\t\t\t\t<\/span>\n\t\t\t\t\t<\/div>\n\t\t\t\t\t\t\t<\/div>\n\t\t\t\t\t\t<\/a>\n\t\t\t\t\t\t<\/div>\n\t\t\t\t<\/div>\n\t\t\t\t<div class=\"elementor-element elementor-element-a5d0c28 elementor-align-justify elementor-widget elementor-widget-button\" data-id=\"a5d0c28\" data-element_type=\"widget\" data-e-type=\"widget\" data-widget_type=\"button.default\">\n\t\t\t\t<div class=\"elementor-widget-container\">\n\t\t\t\t\t\t\t\t\t<div class=\"elementor-button-wrapper\">\n\t\t\t\t\t<a class=\"elementor-button elementor-button-link elementor-size-sm\" href=\"https:\/\/www.instagram.com\/berlindesignweek\/\" target=\"_blank\">\n\t\t\t\t\t\t<span class=\"elementor-button-content-wrapper\">\n\t\t\t\t\t\t\t\t\t<span class=\"elementor-button-text\">Instagram<\/span>\n\t\t\t\t\t<\/span>\n\t\t\t\t\t<\/a>\n\t\t\t\t<\/div>\n\t\t\t\t\t\t\t\t<\/div>\n\t\t\t\t<\/div>\n\t\t\t\t<div class=\"elementor-element elementor-element-4d18d25 elementor-align-justify elementor-widget elementor-widget-button\" data-id=\"4d18d25\" data-element_type=\"widget\" data-e-type=\"widget\" data-widget_type=\"button.default\">\n\t\t\t\t<div class=\"elementor-widget-container\">\n\t\t\t\t\t\t\t\t\t<div class=\"elementor-button-wrapper\">\n\t\t\t\t\t<a class=\"elementor-button elementor-button-link elementor-size-sm\" href=\"https:\/\/ea.sendcockpit.com\/_s.php?&#038;fid=46070&#038;fpw=9ac4750560d887458bd5de34521c371e\" target=\"_blank\">\n\t\t\t\t\t\t<span class=\"elementor-button-content-wrapper\">\n\t\t\t\t\t\t\t\t\t<span class=\"elementor-button-text\">Newsletter<\/span>\n\t\t\t\t\t<\/span>\n\t\t\t\t\t<\/a>\n\t\t\t\t<\/div>\n\t\t\t\t\t\t\t\t<\/div>\n\t\t\t\t<\/div>\n\t\t\t\t<div class=\"elementor-element elementor-element-2faf5f2 elementor-align-justify jedv-enabled--yes elementor-widget elementor-widget-button\" data-id=\"2faf5f2\" data-element_type=\"widget\" data-e-type=\"widget\" data-widget_type=\"button.default\">\n\t\t\t\t<div class=\"elementor-widget-container\">\n\t\t\t\t\t\t\t\t\t<div class=\"elementor-button-wrapper\">\n\t\t\t\t\t<a class=\"elementor-button elementor-button-link elementor-size-sm\" href=\"https:\/\/berlindesignweek.com\/en\/login\/\">\n\t\t\t\t\t\t<span class=\"elementor-button-content-wrapper\">\n\t\t\t\t\t\t<span class=\"elementor-button-icon\">\n\t\t\t\t<i aria-hidden=\"true\" class=\"far fa-grin\"><\/i>\t\t\t<\/span>\n\t\t\t\t\t\t\t\t\t<span class=\"elementor-button-text\">Login to bookmark<\/span>\n\t\t\t\t\t<\/span>\n\t\t\t\t\t<\/a>\n\t\t\t\t<\/div>\n\t\t\t\t\t\t\t\t<\/div>\n\t\t\t\t<\/div>\n\t\t\t\t\t<\/div>\n\t\t<\/div>\n\t\t\t\t<div class=\"elementor-column elementor-col-50 elementor-top-column elementor-element elementor-element-f8d289c\" data-id=\"f8d289c\" data-element_type=\"column\" data-e-type=\"column\" data-settings=\"{&quot;background_background&quot;:&quot;classic&quot;}\">\n\t\t\t<div class=\"elementor-widget-wrap elementor-element-populated\">\n\t\t\t\t\t\t<div class=\"elementor-element elementor-element-9b6db45 elementor-cta--skin-cover elementor-cta--valign-bottom elementor-widget elementor-widget-call-to-action\" data-id=\"9b6db45\" data-element_type=\"widget\" data-e-type=\"widget\" data-widget_type=\"call-to-action.default\">\n\t\t\t\t<div class=\"elementor-widget-container\">\n\t\t\t\t\t\t\t<a class=\"elementor-cta\" href=\"\/en\/?_location_bdw=satellites\">\n\t\t\t\t\t<div class=\"elementor-cta__bg-wrapper\">\n\t\t\t\t<div class=\"elementor-cta__bg elementor-bg\" style=\"background-image: url(https:\/\/berlindesignweek.com\/wp-content\/uploads\/2026\/04\/TV-Tower-3bbb250313a2c4a4ee5cbd4455e05b70-1-997x1024.jpg);\" role=\"img\" aria-label=\"TV-Tower-3bbb250313a2c4a4ee5cbd4455e05b70.jpg\"><\/div>\n\t\t\t\t<div class=\"elementor-cta__bg-overlay\"><\/div>\n\t\t\t<\/div>\n\t\t\t\t\t\t\t<div class=\"elementor-cta__content\">\n\t\t\t\t\n\t\t\t\t\t\t\t\t\t<h4 class=\"elementor-cta__title elementor-cta__content-item elementor-content-item\">\n\t\t\t\t\t\tSatellites\t\t\t\t\t<\/h4>\n\t\t\t\t\n\t\t\t\t\t\t\t\t\t<div class=\"elementor-cta__description elementor-cta__content-item elementor-content-item\">\n\t\t\t\t\t\t30+ Orte\t\t\t\t\t<\/div>\n\t\t\t\t\n\t\t\t\t\t\t\t\t\t<div class=\"elementor-cta__button-wrapper elementor-cta__content-item elementor-content-item \">\n\t\t\t\t\t<span class=\"elementor-cta__button elementor-button elementor-size-\">\n\t\t\t\t\t\tgo \u2192\t\t\t\t\t<\/span>\n\t\t\t\t\t<\/div>\n\t\t\t\t\t\t\t<\/div>\n\t\t\t\t\t\t<\/a>\n\t\t\t\t\t\t<\/div>\n\t\t\t\t<\/div>\n\t\t\t\t<div class=\"elementor-element elementor-element-ebeb2c1 elementor-align-justify elementor-widget elementor-widget-button\" data-id=\"ebeb2c1\" data-element_type=\"widget\" data-e-type=\"widget\" data-widget_type=\"button.default\">\n\t\t\t\t<div class=\"elementor-widget-container\">\n\t\t\t\t\t\t\t\t\t<div class=\"elementor-button-wrapper\">\n\t\t\t\t\t<a class=\"elementor-button elementor-button-link elementor-size-sm\" href=\"#bdw-filter\">\n\t\t\t\t\t\t<span class=\"elementor-button-content-wrapper\">\n\t\t\t\t\t\t\t\t\t<span class=\"elementor-button-text\">\u2193 Programme<\/span>\n\t\t\t\t\t<\/span>\n\t\t\t\t\t<\/a>\n\t\t\t\t<\/div>\n\t\t\t\t\t\t\t\t<\/div>\n\t\t\t\t<\/div>\n\t\t\t\t<div class=\"elementor-element elementor-element-56b55f2 elementor-icon-list--layout-inline elementor-align-center elementor-list-item-link-full_width elementor-widget elementor-widget-icon-list\" data-id=\"56b55f2\" data-element_type=\"widget\" data-e-type=\"widget\" data-widget_type=\"icon-list.default\">\n\t\t\t\t<div class=\"elementor-widget-container\">\n\t\t\t\t\t\t\t<ul class=\"elementor-icon-list-items elementor-inline-items\">\n\t\t\t\t\t\t\t<li class=\"elementor-icon-list-item elementor-inline-item\">\n\t\t\t\t\t\t\t\t\t\t\t<a href=\"#bdw-speaker\">\n\n\t\t\t\t\t\t\t\t\t\t\t\t<span class=\"elementor-icon-list-icon\">\n\t\t\t\t\t\t\t<i aria-hidden=\"true\" class=\"fas fa-comment\"><\/i>\t\t\t\t\t\t<\/span>\n\t\t\t\t\t\t\t\t\t\t<span class=\"elementor-icon-list-text\">Speakers<\/span>\n\t\t\t\t\t\t\t\t\t\t\t<\/a>\n\t\t\t\t\t\t\t\t\t<\/li>\n\t\t\t\t\t\t\t\t<li class=\"elementor-icon-list-item elementor-inline-item\">\n\t\t\t\t\t\t\t\t\t\t\t<a href=\"#bdw-map\">\n\n\t\t\t\t\t\t\t\t\t\t\t\t<span class=\"elementor-icon-list-icon\">\n\t\t\t\t\t\t\t<i aria-hidden=\"true\" class=\"fas fa-map-marker\"><\/i>\t\t\t\t\t\t<\/span>\n\t\t\t\t\t\t\t\t\t\t<span class=\"elementor-icon-list-text\">Map<\/span>\n\t\t\t\t\t\t\t\t\t\t\t<\/a>\n\t\t\t\t\t\t\t\t\t<\/li>\n\t\t\t\t\t\t<\/ul>\n\t\t\t\t\t\t<\/div>\n\t\t\t\t<\/div>\n\t\t\t\t<div data-dce-title-color=\"#EFF2F3\" class=\"elementor-element elementor-element-2536567 elementor-cta--skin-cover elementor-cta--valign-bottom elementor-widget elementor-widget-call-to-action\" data-id=\"2536567\" data-element_type=\"widget\" data-e-type=\"widget\" data-widget_type=\"call-to-action.default\">\n\t\t\t\t<div class=\"elementor-widget-container\">\n\t\t\t\t\t\t\t<a class=\"elementor-cta\" href=\"https:\/\/berlindesignweek.com\/en\/?_event-typ=talk\">\n\t\t\t\t\t<div class=\"elementor-cta__bg-wrapper\">\n\t\t\t\t<div class=\"elementor-cta__bg elementor-bg\" style=\"background-image: url(https:\/\/berlindesignweek.com\/wp-content\/uploads\/2026\/04\/credit_A.Danger_BDW_DesignEV-1-1024x682.jpeg);\" role=\"img\" aria-label=\"credit_A.Danger_BDW_DesignEV.jpeg\"><\/div>\n\t\t\t\t<div class=\"elementor-cta__bg-overlay\"><\/div>\n\t\t\t<\/div>\n\t\t\t\t\t\t\t<div class=\"elementor-cta__content\">\n\t\t\t\t\n\t\t\t\t\t\t\t\t\t<h4 class=\"elementor-cta__title elementor-cta__content-item elementor-content-item\">\n\t\t\t\t\t\tTalks\t\t\t\t\t<\/h4>\n\t\t\t\t\n\t\t\t\t\n\t\t\t\t\t\t\t\t\t<div class=\"elementor-cta__button-wrapper elementor-cta__content-item elementor-content-item \">\n\t\t\t\t\t<span class=\"elementor-cta__button elementor-button elementor-size-\">\n\t\t\t\t\t\tgo \u2192\t\t\t\t\t<\/span>\n\t\t\t\t\t<\/div>\n\t\t\t\t\t\t\t<\/div>\n\t\t\t\t\t\t<\/a>\n\t\t\t\t\t\t<\/div>\n\t\t\t\t<\/div>\n\t\t\t\t<div data-dce-title-color=\"#EFF2F3\" class=\"elementor-element elementor-element-9b2b439 elementor-cta--skin-cover elementor-cta--valign-bottom elementor-widget elementor-widget-call-to-action\" data-id=\"9b2b439\" data-element_type=\"widget\" data-e-type=\"widget\" data-widget_type=\"call-to-action.default\">\n\t\t\t\t<div class=\"elementor-widget-container\">\n\t\t\t\t\t\t\t<a class=\"elementor-cta\" href=\"https:\/\/berlindesignweek.com\/en\/?_event-typ=tour\">\n\t\t\t\t\t<div class=\"elementor-cta__bg-wrapper\">\n\t\t\t\t<div class=\"elementor-cta__bg elementor-bg\" style=\"background-image: url(https:\/\/berlindesignweek.com\/wp-content\/uploads\/2026\/04\/LM_Unidorm_BARTMANN-1024x683.jpg);\" role=\"img\" aria-label=\"LM_Unidorm_BARTMANN.jpg\"><\/div>\n\t\t\t\t<div class=\"elementor-cta__bg-overlay\"><\/div>\n\t\t\t<\/div>\n\t\t\t\t\t\t\t<div class=\"elementor-cta__content\">\n\t\t\t\t\n\t\t\t\t\t\t\t\t\t<h4 class=\"elementor-cta__title elementor-cta__content-item elementor-content-item\">\n\t\t\t\t\t\tTours\t\t\t\t\t<\/h4>\n\t\t\t\t\n\t\t\t\t\t\t\t\t\t<div class=\"elementor-cta__description elementor-cta__content-item elementor-content-item\">\n\t\t\t\t\t\tcurated and selected\t\t\t\t\t<\/div>\n\t\t\t\t\n\t\t\t\t\t\t\t\t\t<div class=\"elementor-cta__button-wrapper elementor-cta__content-item elementor-content-item \">\n\t\t\t\t\t<span class=\"elementor-cta__button elementor-button elementor-size-\">\n\t\t\t\t\t\tgo \u2192\t\t\t\t\t<\/span>\n\t\t\t\t\t<\/div>\n\t\t\t\t\t\t\t<\/div>\n\t\t\t\t\t\t<\/a>\n\t\t\t\t\t\t<\/div>\n\t\t\t\t<\/div>\n\t\t\t\t\t<\/div>\n\t\t<\/div>\n\t\t\t\t\t<\/div>\n\t\t<\/section>\n\t\t\t\t<section class=\"elementor-section elementor-top-section elementor-element elementor-element-56c0ef01 elementor-section-content-middle elementor-section-boxed elementor-section-height-default elementor-section-height-default\" data-id=\"56c0ef01\" data-element_type=\"section\" data-e-type=\"section\" id=\"bdw-heute\" data-settings=\"{&quot;background_background&quot;:&quot;video&quot;,&quot;background_video_start&quot;:1}\">\n\t\t\t\t\t\t<div class=\"elementor-container elementor-column-gap-default\">\n\t\t\t\t\t<div class=\"elementor-column elementor-col-100 elementor-top-column elementor-element elementor-element-75d686f7\" data-id=\"75d686f7\" data-element_type=\"column\" data-e-type=\"column\" data-settings=\"{&quot;background_background&quot;:&quot;classic&quot;}\">\n\t\t\t<div class=\"elementor-widget-wrap elementor-element-populated\">\n\t\t\t\t\t\t<div class=\"elementor-element elementor-element-4b3c836c elementor-cta--skin-cover elementor-cta--valign-bottom elementor-animated-content elementor-widget elementor-widget-call-to-action\" data-id=\"4b3c836c\" data-element_type=\"widget\" data-e-type=\"widget\" id=\"bdw-heute\" data-widget_type=\"call-to-action.default\">\n\t\t\t\t<div class=\"elementor-widget-container\">\n\t\t\t\t\t\t\t<a class=\"elementor-cta\" href=\"https:\/\/berlindesignweek.com\/en\/programm\/?_s=coming\">\n\t\t\t\t\t<div class=\"elementor-cta__bg-wrapper\">\n\t\t\t\t<div class=\"elementor-cta__bg elementor-bg\" style=\"background-image: url(https:\/\/berlindesignweek.com\/wp-content\/uploads\/2026\/04\/Herstellung_Glasurbad_KPM-1020787-823d8ba483e0a3050b1337ef1a992ef1-1024x684.jpg);\" role=\"img\" aria-label=\"Herstellung_Glasurbad_KPM-1020787-823d8ba483e0a3050b1337ef1a992ef1.jpg\"><\/div>\n\t\t\t\t<div class=\"elementor-cta__bg-overlay\"><\/div>\n\t\t\t<\/div>\n\t\t\t\t\t\t\t<div class=\"elementor-cta__content\">\n\t\t\t\t\n\t\t\t\t\t\t\t\t\t<h2 class=\"elementor-cta__title elementor-cta__content-item elementor-content-item elementor-animated-item--move-up\">\n\t\t\t\t\t\tToday\t\t\t\t\t<\/h2>\n\t\t\t\t\n\t\t\t\t\t\t\t\t\t<div class=\"elementor-cta__description elementor-cta__content-item elementor-content-item elementor-animated-item--move-up\">\n\t\t\t\t\t\tWatch the live program\t\t\t\t\t<\/div>\n\t\t\t\t\n\t\t\t\t\t\t\t\t\t<div class=\"elementor-cta__button-wrapper elementor-cta__content-item elementor-content-item elementor-animated-item--move-up\">\n\t\t\t\t\t<span class=\"elementor-cta__button elementor-button elementor-size-\">\n\t\t\t\t\t\tgo \u2192\t\t\t\t\t<\/span>\n\t\t\t\t\t<\/div>\n\t\t\t\t\t\t\t<\/div>\n\t\t\t\t\t\t<\/a>\n\t\t\t\t\t\t<\/div>\n\t\t\t\t<\/div>\n\t\t\t\t\t<\/div>\n\t\t<\/div>\n\t\t\t\t\t<\/div>\n\t\t<\/section>\n\t\t\t\t<section class=\"elementor-section elementor-top-section elementor-element elementor-element-1f11154 elementor-section-boxed elementor-section-height-default elementor-section-height-default\" data-id=\"1f11154\" data-element_type=\"section\" data-e-type=\"section\" id=\"bdw-map\">\n\t\t\t\t\t\t<div class=\"elementor-container elementor-column-gap-default\">\n\t\t\t\t\t<div class=\"elementor-column elementor-col-100 elementor-top-column elementor-element elementor-element-22e0a5b\" data-id=\"22e0a5b\" data-element_type=\"column\" data-e-type=\"column\" data-settings=\"{&quot;background_background&quot;:&quot;classic&quot;}\">\n\t\t\t<div class=\"elementor-widget-wrap elementor-element-populated\">\n\t\t\t\t\t\t<div class=\"elementor-element elementor-element-fdc6bff elementor-widget elementor-widget-heading\" data-id=\"fdc6bff\" data-element_type=\"widget\" data-e-type=\"widget\" data-widget_type=\"heading.default\">\n\t\t\t\t<div class=\"elementor-widget-container\">\n\t\t\t\t\t<h2 class=\"elementor-heading-title elementor-size-default\">PROGRAMME<\/h2>\t\t\t\t<\/div>\n\t\t\t\t<\/div>\n\t\t\t\t\t<\/div>\n\t\t<\/div>\n\t\t\t\t\t<\/div>\n\t\t<\/section>\n\t\t\t\t<section class=\"elementor-section elementor-top-section elementor-element elementor-element-544042e4 elementor-section-boxed elementor-section-height-default elementor-section-height-default\" data-id=\"544042e4\" data-element_type=\"section\" data-e-type=\"section\">\n\t\t\t\t\t\t<div class=\"elementor-container elementor-column-gap-default\">\n\t\t\t\t\t<div class=\"elementor-column elementor-col-25 elementor-top-column elementor-element elementor-element-20ca8df5\" data-id=\"20ca8df5\" data-element_type=\"column\" data-e-type=\"column\">\n\t\t\t<div class=\"elementor-widget-wrap elementor-element-populated\">\n\t\t\t\t\t\t<div class=\"elementor-element elementor-element-580f418b elementor-widget elementor-widget-search-filter-field\" data-id=\"580f418b\" data-element_type=\"widget\" data-e-type=\"widget\" data-settings=\"{&quot;search_filter_field&quot;:&quot;field_11&quot;}\" data-widget_type=\"search-filter-field.default\">\n\t\t\t\t<div class=\"elementor-widget-container\">\n\t\t\t\t\t<div  class=\"search-filter-base search-filter-field search-filter-field--id-11 search-filter-field--type-choice search-filter-field--input-type-select search-filter-style--id-1 search-filter-style--choice-select search-filter-field--width-100\"  data-search-filter-settings=\"{&quot;attributes&quot;:{&quot;queryId&quot;:&quot;2&quot;,&quot;type&quot;:&quot;choice&quot;,&quot;inputType&quot;:&quot;select&quot;,&quot;label&quot;:&quot;Date&quot;,&quot;showLabel&quot;:&quot;no&quot;,&quot;showDescription&quot;:&quot;no&quot;,&quot;dataType&quot;:&quot;taxonomy&quot;,&quot;placeholder&quot;:&quot;Date&quot;,&quot;addClass&quot;:&quot;&quot;,&quot;stylesId&quot;:1,&quot;width&quot;:&quot;100&quot;,&quot;autoSubmit&quot;:&quot;yes&quot;,&quot;autoSubmitDelay&quot;:&quot;0&quot;,&quot;defaultValueType&quot;:&quot;none&quot;,&quot;dataUrlName&quot;:&quot;&quot;,&quot;multiple&quot;:&quot;no&quot;,&quot;inputOptionsAddDefault&quot;:&quot;no&quot;,&quot;dataTotalNumberOfOptions&quot;:&quot;100&quot;,&quot;hideFieldWhenEmpty&quot;:&quot;no&quot;,&quot;inputEnableSearch&quot;:&quot;yes&quot;,&quot;inputNoResultsText&quot;:&quot;No results&quot;,&quot;inputSingularResultsCountText&quot;:&quot;%d result available&quot;,&quot;inputPluralResultsCountText&quot;:&quot;%d results available&quot;,&quot;dataTaxonomy&quot;:&quot;bdw_tag&quot;,&quot;hideEmpty&quot;:&quot;yes&quot;,&quot;showCount&quot;:&quot;no&quot;,&quot;taxonomyHierarchical&quot;:&quot;yes&quot;,&quot;taxonomyOrderBy&quot;:&quot;default&quot;,&quot;taxonomyOrderDir&quot;:&quot;inherit&quot;,&quot;taxonomyTermsConditions&quot;:&quot;all&quot;},&quot;options&quot;:[{&quot;value&quot;:&quot;may-31-2026&quot;,&quot;label&quot;:&quot;May 31, 2026&quot;,&quot;depth&quot;:0,&quot;id&quot;:857,&quot;parent_id&quot;:0,&quot;count&quot;:21},{&quot;value&quot;:&quot;may-30-2026&quot;,&quot;label&quot;:&quot;May 30, 2026&quot;,&quot;depth&quot;:0,&quot;id&quot;:856,&quot;parent_id&quot;:0,&quot;count&quot;:22},{&quot;value&quot;:&quot;may-29-2026&quot;,&quot;label&quot;:&quot;May 29, 2026&quot;,&quot;depth&quot;:0,&quot;id&quot;:855,&quot;parent_id&quot;:0,&quot;count&quot;:16},{&quot;value&quot;:&quot;may-28-2026&quot;,&quot;label&quot;:&quot;May 28, 2026&quot;,&quot;depth&quot;:0,&quot;id&quot;:854,&quot;parent_id&quot;:0,&quot;count&quot;:38}],&quot;values&quot;:[],&quot;uid&quot;:0,&quot;urlName&quot;:&quot;bdw_tag&quot;,&quot;icons&quot;:[&quot;arrow-down&quot;,&quot;clear&quot;],&quot;urlTemplate&quot;:[],&quot;id&quot;:11,&quot;connectedData&quot;:{&quot;taxonomyParents&quot;:{&quot;857&quot;:[],&quot;856&quot;:[],&quot;855&quot;:[],&quot;854&quot;:[]},&quot;termIdentifiers&quot;:[{&quot;id&quot;:857,&quot;slug&quot;:&quot;may-31-2026&quot;},{&quot;id&quot;:856,&quot;slug&quot;:&quot;may-30-2026&quot;},{&quot;id&quot;:855,&quot;slug&quot;:&quot;may-29-2026&quot;},{&quot;id&quot;:854,&quot;slug&quot;:&quot;may-28-2026&quot;}]},&quot;supports&quot;:[],&quot;elementorId&quot;:&quot;580f418b&quot;}\" ><\/div>\t\t\t\t<\/div>\n\t\t\t\t<\/div>\n\t\t\t\t\t<\/div>\n\t\t<\/div>\n\t\t\t\t<div class=\"elementor-column elementor-col-25 elementor-top-column elementor-element elementor-element-6d9e176f\" data-id=\"6d9e176f\" data-element_type=\"column\" data-e-type=\"column\">\n\t\t\t<div class=\"elementor-widget-wrap elementor-element-populated\">\n\t\t\t\t\t\t<div class=\"elementor-element elementor-element-271bfd73 elementor-widget elementor-widget-search-filter-field\" data-id=\"271bfd73\" data-element_type=\"widget\" data-e-type=\"widget\" data-settings=\"{&quot;search_filter_field&quot;:&quot;field_13&quot;}\" data-widget_type=\"search-filter-field.default\">\n\t\t\t\t<div class=\"elementor-widget-container\">\n\t\t\t\t\t<div  class=\"search-filter-base search-filter-field search-filter-field--id-13 search-filter-field--type-choice search-filter-field--input-type-select search-filter-style--id-1 search-filter-style--choice-select search-filter-field--width-100\"  data-search-filter-settings=\"{&quot;attributes&quot;:{&quot;queryId&quot;:&quot;2&quot;,&quot;type&quot;:&quot;choice&quot;,&quot;inputType&quot;:&quot;select&quot;,&quot;label&quot;:&quot;Type&quot;,&quot;showLabel&quot;:&quot;no&quot;,&quot;showDescription&quot;:&quot;no&quot;,&quot;dataType&quot;:&quot;taxonomy&quot;,&quot;placeholder&quot;:&quot;Type&quot;,&quot;addClass&quot;:&quot;&quot;,&quot;stylesId&quot;:1,&quot;width&quot;:&quot;100&quot;,&quot;autoSubmit&quot;:&quot;yes&quot;,&quot;autoSubmitDelay&quot;:&quot;0&quot;,&quot;defaultValueType&quot;:&quot;none&quot;,&quot;dataUrlName&quot;:&quot;&quot;,&quot;multiple&quot;:&quot;no&quot;,&quot;inputOptionsAddDefault&quot;:&quot;no&quot;,&quot;dataTotalNumberOfOptions&quot;:&quot;100&quot;,&quot;hideFieldWhenEmpty&quot;:&quot;no&quot;,&quot;inputEnableSearch&quot;:&quot;yes&quot;,&quot;inputNoResultsText&quot;:&quot;No results&quot;,&quot;inputSingularResultsCountText&quot;:&quot;%d result available&quot;,&quot;inputPluralResultsCountText&quot;:&quot;%d results available&quot;,&quot;dataTaxonomy&quot;:&quot;event-typ&quot;,&quot;hideEmpty&quot;:&quot;yes&quot;,&quot;showCount&quot;:&quot;no&quot;,&quot;taxonomyHierarchical&quot;:&quot;yes&quot;,&quot;taxonomyOrderBy&quot;:&quot;default&quot;,&quot;taxonomyOrderDir&quot;:&quot;inherit&quot;,&quot;taxonomyTermsConditions&quot;:&quot;all&quot;},&quot;options&quot;:[{&quot;value&quot;:&quot;workshop&quot;,&quot;label&quot;:&quot;Workshop&quot;,&quot;depth&quot;:0,&quot;id&quot;:878,&quot;parent_id&quot;:0,&quot;count&quot;:2},{&quot;value&quot;:&quot;tour&quot;,&quot;label&quot;:&quot;Tour&quot;,&quot;depth&quot;:0,&quot;id&quot;:877,&quot;parent_id&quot;:0,&quot;count&quot;:2},{&quot;value&quot;:&quot;talk&quot;,&quot;label&quot;:&quot;Talk&quot;,&quot;depth&quot;:0,&quot;id&quot;:876,&quot;parent_id&quot;:0,&quot;count&quot;:6},{&quot;value&quot;:&quot;showroom&quot;,&quot;label&quot;:&quot;Showroom&quot;,&quot;depth&quot;:0,&quot;id&quot;:875,&quot;parent_id&quot;:0,&quot;count&quot;:8},{&quot;value&quot;:&quot;meet-greet&quot;,&quot;label&quot;:&quot;Meet &amp; Greet&quot;,&quot;depth&quot;:0,&quot;id&quot;:874,&quot;parent_id&quot;:0,&quot;count&quot;:2},{&quot;value&quot;:&quot;conference&quot;,&quot;label&quot;:&quot;Conference&quot;,&quot;depth&quot;:0,&quot;id&quot;:873,&quot;parent_id&quot;:0,&quot;count&quot;:2},{&quot;value&quot;:&quot;exhibition&quot;,&quot;label&quot;:&quot;Exhibition&quot;,&quot;depth&quot;:0,&quot;id&quot;:872,&quot;parent_id&quot;:0,&quot;count&quot;:19}],&quot;values&quot;:[],&quot;uid&quot;:5,&quot;urlName&quot;:&quot;event-typ&quot;,&quot;icons&quot;:[&quot;arrow-down&quot;,&quot;clear&quot;],&quot;urlTemplate&quot;:[],&quot;id&quot;:13,&quot;connectedData&quot;:{&quot;taxonomyParents&quot;:{&quot;878&quot;:[],&quot;877&quot;:[],&quot;876&quot;:[],&quot;875&quot;:[],&quot;874&quot;:[],&quot;873&quot;:[],&quot;872&quot;:[]},&quot;termIdentifiers&quot;:[{&quot;id&quot;:878,&quot;slug&quot;:&quot;workshop&quot;},{&quot;id&quot;:877,&quot;slug&quot;:&quot;tour&quot;},{&quot;id&quot;:876,&quot;slug&quot;:&quot;talk&quot;},{&quot;id&quot;:875,&quot;slug&quot;:&quot;showroom&quot;},{&quot;id&quot;:874,&quot;slug&quot;:&quot;meet-greet&quot;},{&quot;id&quot;:873,&quot;slug&quot;:&quot;conference&quot;},{&quot;id&quot;:872,&quot;slug&quot;:&quot;exhibition&quot;}]},&quot;supports&quot;:[],&quot;elementorId&quot;:&quot;271bfd73&quot;}\" ><\/div>\t\t\t\t<\/div>\n\t\t\t\t<\/div>\n\t\t\t\t\t<\/div>\n\t\t<\/div>\n\t\t\t\t<div class=\"elementor-column elementor-col-25 elementor-top-column elementor-element elementor-element-2cd01623\" data-id=\"2cd01623\" data-element_type=\"column\" data-e-type=\"column\">\n\t\t\t<div class=\"elementor-widget-wrap elementor-element-populated\">\n\t\t\t\t\t\t<div class=\"elementor-element elementor-element-1cf79a1b elementor-widget elementor-widget-search-filter-field\" data-id=\"1cf79a1b\" data-element_type=\"widget\" data-e-type=\"widget\" data-settings=\"{&quot;search_filter_field&quot;:&quot;field_8&quot;}\" data-widget_type=\"search-filter-field.default\">\n\t\t\t\t<div class=\"elementor-widget-container\">\n\t\t\t\t\t<div  class=\"search-filter-base search-filter-field search-filter-field--id-8 search-filter-field--type-choice search-filter-field--input-type-select search-filter-style--id-1 search-filter-style--choice-select search-filter-field--width-100\"  data-search-filter-settings=\"{&quot;attributes&quot;:{&quot;queryId&quot;:&quot;2&quot;,&quot;type&quot;:&quot;choice&quot;,&quot;inputType&quot;:&quot;select&quot;,&quot;label&quot;:&quot;Location&quot;,&quot;showLabel&quot;:&quot;no&quot;,&quot;showDescription&quot;:&quot;no&quot;,&quot;dataType&quot;:&quot;taxonomy&quot;,&quot;placeholder&quot;:&quot;Location&quot;,&quot;addClass&quot;:&quot;&quot;,&quot;stylesId&quot;:1,&quot;width&quot;:&quot;100&quot;,&quot;autoSubmit&quot;:&quot;yes&quot;,&quot;autoSubmitDelay&quot;:&quot;0&quot;,&quot;defaultValueType&quot;:&quot;none&quot;,&quot;dataUrlName&quot;:&quot;&quot;,&quot;multiple&quot;:&quot;no&quot;,&quot;inputOptionsAddDefault&quot;:&quot;no&quot;,&quot;dataTotalNumberOfOptions&quot;:&quot;100&quot;,&quot;hideFieldWhenEmpty&quot;:&quot;no&quot;,&quot;inputEnableSearch&quot;:&quot;yes&quot;,&quot;inputNoResultsText&quot;:&quot;No results&quot;,&quot;inputSingularResultsCountText&quot;:&quot;%d result available&quot;,&quot;inputPluralResultsCountText&quot;:&quot;%d results available&quot;,&quot;dataTaxonomy&quot;:&quot;location_bdw&quot;,&quot;hideEmpty&quot;:&quot;yes&quot;,&quot;showCount&quot;:&quot;no&quot;,&quot;taxonomyHierarchical&quot;:&quot;yes&quot;,&quot;taxonomyOrderBy&quot;:&quot;default&quot;,&quot;taxonomyOrderDir&quot;:&quot;inherit&quot;,&quot;taxonomyTermsConditions&quot;:&quot;all&quot;},&quot;options&quot;:[{&quot;value&quot;:&quot;satellites&quot;,&quot;label&quot;:&quot;Satellites&quot;,&quot;depth&quot;:0,&quot;id&quot;:913,&quot;parent_id&quot;:0,&quot;count&quot;:13},{&quot;value&quot;:&quot;m60&quot;,&quot;label&quot;:&quot;M60&quot;,&quot;depth&quot;:0,&quot;id&quot;:912,&quot;parent_id&quot;:0,&quot;count&quot;:14},{&quot;value&quot;:&quot;berlin-design-night&quot;,&quot;label&quot;:&quot;Berlin Design Night&quot;,&quot;depth&quot;:0,&quot;id&quot;:911,&quot;parent_id&quot;:0,&quot;count&quot;:23}],&quot;values&quot;:[],&quot;uid&quot;:1,&quot;urlName&quot;:&quot;location_bdw&quot;,&quot;icons&quot;:[&quot;arrow-down&quot;,&quot;clear&quot;],&quot;urlTemplate&quot;:[],&quot;id&quot;:8,&quot;connectedData&quot;:{&quot;taxonomyParents&quot;:{&quot;913&quot;:[],&quot;912&quot;:[],&quot;911&quot;:[]},&quot;termIdentifiers&quot;:[{&quot;id&quot;:913,&quot;slug&quot;:&quot;satellites&quot;},{&quot;id&quot;:912,&quot;slug&quot;:&quot;m60&quot;},{&quot;id&quot;:911,&quot;slug&quot;:&quot;berlin-design-night&quot;}]},&quot;supports&quot;:[],&quot;elementorId&quot;:&quot;1cf79a1b&quot;}\" ><\/div>\t\t\t\t<\/div>\n\t\t\t\t<\/div>\n\t\t\t\t\t<\/div>\n\t\t<\/div>\n\t\t\t\t<div class=\"elementor-column elementor-col-25 elementor-top-column elementor-element elementor-element-5b89c1aa elementor-hidden-mobile\" data-id=\"5b89c1aa\" data-element_type=\"column\" data-e-type=\"column\">\n\t\t\t<div class=\"elementor-widget-wrap elementor-element-populated\">\n\t\t\t\t\t\t<div class=\"elementor-element elementor-element-633a1789 elementor-widget elementor-widget-search-filter-field\" data-id=\"633a1789\" data-element_type=\"widget\" data-e-type=\"widget\" data-settings=\"{&quot;search_filter_field&quot;:&quot;field_12&quot;}\" data-widget_type=\"search-filter-field.default\">\n\t\t\t\t<div class=\"elementor-widget-container\">\n\t\t\t\t\t<div  class=\"search-filter-base search-filter-field search-filter-field--id-12 search-filter-field--type-choice search-filter-field--input-type-select search-filter-style--id-1 search-filter-style--choice-select search-filter-field--width-100\"  data-search-filter-settings=\"{&quot;attributes&quot;:{&quot;queryId&quot;:&quot;2&quot;,&quot;type&quot;:&quot;choice&quot;,&quot;inputType&quot;:&quot;select&quot;,&quot;label&quot;:&quot;Design field&quot;,&quot;showLabel&quot;:&quot;no&quot;,&quot;showDescription&quot;:&quot;no&quot;,&quot;dataType&quot;:&quot;taxonomy&quot;,&quot;placeholder&quot;:&quot;Design field&quot;,&quot;addClass&quot;:&quot;&quot;,&quot;stylesId&quot;:1,&quot;width&quot;:&quot;100&quot;,&quot;autoSubmit&quot;:&quot;yes&quot;,&quot;autoSubmitDelay&quot;:&quot;0&quot;,&quot;defaultValueType&quot;:&quot;none&quot;,&quot;dataUrlName&quot;:&quot;&quot;,&quot;multiple&quot;:&quot;no&quot;,&quot;inputOptionsAddDefault&quot;:&quot;no&quot;,&quot;dataTotalNumberOfOptions&quot;:&quot;100&quot;,&quot;hideFieldWhenEmpty&quot;:&quot;no&quot;,&quot;inputEnableSearch&quot;:&quot;yes&quot;,&quot;inputNoResultsText&quot;:&quot;No results&quot;,&quot;inputSingularResultsCountText&quot;:&quot;%d result available&quot;,&quot;inputPluralResultsCountText&quot;:&quot;%d results available&quot;,&quot;dataTaxonomy&quot;:&quot;designfeld&quot;,&quot;hideEmpty&quot;:&quot;yes&quot;,&quot;showCount&quot;:&quot;no&quot;,&quot;taxonomyHierarchical&quot;:&quot;yes&quot;,&quot;taxonomyOrderBy&quot;:&quot;default&quot;,&quot;taxonomyOrderDir&quot;:&quot;inherit&quot;,&quot;taxonomyTermsConditions&quot;:&quot;all&quot;},&quot;options&quot;:[{&quot;value&quot;:&quot;spatial-design-en&quot;,&quot;label&quot;:&quot;spatial design&quot;,&quot;depth&quot;:0,&quot;id&quot;:453,&quot;parent_id&quot;:0,&quot;count&quot;:3},{&quot;value&quot;:&quot;social-design-en&quot;,&quot;label&quot;:&quot;social design&quot;,&quot;depth&quot;:0,&quot;id&quot;:451,&quot;parent_id&quot;:0,&quot;count&quot;:3},{&quot;value&quot;:&quot;science-research&quot;,&quot;label&quot;:&quot;science &amp; research&quot;,&quot;depth&quot;:0,&quot;id&quot;:458,&quot;parent_id&quot;:0,&quot;count&quot;:1},{&quot;value&quot;:&quot;product-design&quot;,&quot;label&quot;:&quot;product&quot;,&quot;depth&quot;:0,&quot;id&quot;:537,&quot;parent_id&quot;:0,&quot;count&quot;:20},{&quot;value&quot;:&quot;process&quot;,&quot;label&quot;:&quot;process&quot;,&quot;depth&quot;:0,&quot;id&quot;:444,&quot;parent_id&quot;:0,&quot;count&quot;:4},{&quot;value&quot;:&quot;material-en&quot;,&quot;label&quot;:&quot;material&quot;,&quot;depth&quot;:0,&quot;id&quot;:535,&quot;parent_id&quot;:0,&quot;count&quot;:8},{&quot;value&quot;:&quot;interior-design&quot;,&quot;label&quot;:&quot;interior&quot;,&quot;depth&quot;:0,&quot;id&quot;:446,&quot;parent_id&quot;:0,&quot;count&quot;:15},{&quot;value&quot;:&quot;industrial-design-en&quot;,&quot;label&quot;:&quot;industrial&quot;,&quot;depth&quot;:0,&quot;id&quot;:558,&quot;parent_id&quot;:0,&quot;count&quot;:4},{&quot;value&quot;:&quot;graphic&quot;,&quot;label&quot;:&quot;graphic&quot;,&quot;depth&quot;:0,&quot;id&quot;:456,&quot;parent_id&quot;:0,&quot;count&quot;:4},{&quot;value&quot;:&quot;food-en&quot;,&quot;label&quot;:&quot;food&quot;,&quot;depth&quot;:0,&quot;id&quot;:533,&quot;parent_id&quot;:0,&quot;count&quot;:1},{&quot;value&quot;:&quot;fashion&quot;,&quot;label&quot;:&quot;fashion&quot;,&quot;depth&quot;:0,&quot;id&quot;:457,&quot;parent_id&quot;:0,&quot;count&quot;:5},{&quot;value&quot;:&quot;user-experience-design&quot;,&quot;label&quot;:&quot;experience&quot;,&quot;depth&quot;:0,&quot;id&quot;:455,&quot;parent_id&quot;:0,&quot;count&quot;:4},{&quot;value&quot;:&quot;craft&quot;,&quot;label&quot;:&quot;craft&quot;,&quot;depth&quot;:0,&quot;id&quot;:448,&quot;parent_id&quot;:0,&quot;count&quot;:9},{&quot;value&quot;:&quot;communication-design&quot;,&quot;label&quot;:&quot;communication design&quot;,&quot;depth&quot;:0,&quot;id&quot;:596,&quot;parent_id&quot;:0,&quot;count&quot;:7},{&quot;value&quot;:&quot;circular&quot;,&quot;label&quot;:&quot;circular design&quot;,&quot;depth&quot;:0,&quot;id&quot;:442,&quot;parent_id&quot;:0,&quot;count&quot;:3},{&quot;value&quot;:&quot;bio-design&quot;,&quot;label&quot;:&quot;bio design&quot;,&quot;depth&quot;:0,&quot;id&quot;:441,&quot;parent_id&quot;:0,&quot;count&quot;:1},{&quot;value&quot;:&quot;architecture&quot;,&quot;label&quot;:&quot;architecture&quot;,&quot;depth&quot;:0,&quot;id&quot;:440,&quot;parent_id&quot;:0,&quot;count&quot;:11}],&quot;values&quot;:[],&quot;uid&quot;:4,&quot;urlName&quot;:&quot;designfeld&quot;,&quot;icons&quot;:[&quot;arrow-down&quot;,&quot;clear&quot;],&quot;urlTemplate&quot;:[],&quot;id&quot;:12,&quot;connectedData&quot;:{&quot;taxonomyParents&quot;:{&quot;453&quot;:[],&quot;451&quot;:[],&quot;450&quot;:[],&quot;458&quot;:[],&quot;537&quot;:[],&quot;444&quot;:[],&quot;449&quot;:[],&quot;535&quot;:[],&quot;446&quot;:[],&quot;558&quot;:[],&quot;443&quot;:[],&quot;456&quot;:[],&quot;533&quot;:[],&quot;457&quot;:[],&quot;455&quot;:[],&quot;454&quot;:[],&quot;448&quot;:[],&quot;596&quot;:[],&quot;442&quot;:[],&quot;441&quot;:[],&quot;440&quot;:[]},&quot;termIdentifiers&quot;:[{&quot;id&quot;:453,&quot;slug&quot;:&quot;spatial-design-en&quot;},{&quot;id&quot;:451,&quot;slug&quot;:&quot;social-design-en&quot;},{&quot;id&quot;:450,&quot;slug&quot;:&quot;service-design-en&quot;},{&quot;id&quot;:458,&quot;slug&quot;:&quot;science-research&quot;},{&quot;id&quot;:537,&quot;slug&quot;:&quot;product-design&quot;},{&quot;id&quot;:444,&quot;slug&quot;:&quot;process&quot;},{&quot;id&quot;:449,&quot;slug&quot;:&quot;mobility_en&quot;},{&quot;id&quot;:535,&quot;slug&quot;:&quot;material-en&quot;},{&quot;id&quot;:446,&quot;slug&quot;:&quot;interior-design&quot;},{&quot;id&quot;:558,&quot;slug&quot;:&quot;industrial-design-en&quot;},{&quot;id&quot;:443,&quot;slug&quot;:&quot;healthcare-wellbeing&quot;},{&quot;id&quot;:456,&quot;slug&quot;:&quot;graphic&quot;},{&quot;id&quot;:533,&quot;slug&quot;:&quot;food-en&quot;},{&quot;id&quot;:457,&quot;slug&quot;:&quot;fashion&quot;},{&quot;id&quot;:455,&quot;slug&quot;:&quot;user-experience-design&quot;},{&quot;id&quot;:454,&quot;slug&quot;:&quot;digital-solutions&quot;},{&quot;id&quot;:448,&quot;slug&quot;:&quot;craft&quot;},{&quot;id&quot;:596,&quot;slug&quot;:&quot;communication-design&quot;},{&quot;id&quot;:442,&quot;slug&quot;:&quot;circular&quot;},{&quot;id&quot;:441,&quot;slug&quot;:&quot;bio-design&quot;},{&quot;id&quot;:440,&quot;slug&quot;:&quot;architecture&quot;}]},&quot;supports&quot;:[],&quot;elementorId&quot;:&quot;633a1789&quot;}\" ><\/div>\t\t\t\t<\/div>\n\t\t\t\t<\/div>\n\t\t\t\t\t<\/div>\n\t\t<\/div>\n\t\t\t\t\t<\/div>\n\t\t<\/section>\n\t\t\t\t<section class=\"elementor-section elementor-top-section elementor-element elementor-element-25e2d3af elementor-section-boxed elementor-section-height-default elementor-section-height-default\" data-id=\"25e2d3af\" data-element_type=\"section\" data-e-type=\"section\" id=\"bdw-filter\">\n\t\t\t\t\t\t<div class=\"elementor-container elementor-column-gap-default\">\n\t\t\t\t\t<div class=\"elementor-column elementor-col-33 elementor-top-column elementor-element elementor-element-1575dfc1\" data-id=\"1575dfc1\" data-element_type=\"column\" data-e-type=\"column\" data-settings=\"{&quot;background_background&quot;:&quot;classic&quot;}\">\n\t\t\t<div class=\"elementor-widget-wrap elementor-element-populated\">\n\t\t\t\t\t\t<div class=\"elementor-element elementor-element-56efba51 elementor-widget elementor-widget-search-filter-field\" data-id=\"56efba51\" data-element_type=\"widget\" data-e-type=\"widget\" data-settings=\"{&quot;search_filter_field&quot;:&quot;field_10&quot;}\" data-widget_type=\"search-filter-field.default\">\n\t\t\t\t<div class=\"elementor-widget-container\">\n\t\t\t\t\t<div  class=\"search-filter-base search-filter-field search-filter-field--id-10 search-filter-field--type-search search-filter-field--input-type-text search-filter-style--id-1 search-filter-style--search-text search-filter-field--width-100\"  data-search-filter-settings=\"{&quot;attributes&quot;:{&quot;queryId&quot;:&quot;2&quot;,&quot;type&quot;:&quot;search&quot;,&quot;inputType&quot;:&quot;text&quot;,&quot;label&quot;:&quot;search&quot;,&quot;showLabel&quot;:&quot;no&quot;,&quot;showDescription&quot;:&quot;no&quot;,&quot;dataType&quot;:&quot;post_attribute&quot;,&quot;dataPostAttribute&quot;:&quot;default&quot;,&quot;placeholder&quot;:&quot;search ...&quot;,&quot;addClass&quot;:&quot;&quot;,&quot;stylesId&quot;:1,&quot;width&quot;:&quot;100&quot;,&quot;inputShowIcon&quot;:&quot;yes&quot;,&quot;autoSubmit&quot;:&quot;yes&quot;,&quot;autoSubmitDelay&quot;:&quot;600&quot;,&quot;defaultValueType&quot;:&quot;none&quot;,&quot;dataUrlName&quot;:&quot;&quot;},&quot;options&quot;:[],&quot;values&quot;:[],&quot;uid&quot;:3,&quot;urlName&quot;:&quot;s&quot;,&quot;icons&quot;:[&quot;search&quot;,&quot;clear&quot;],&quot;urlTemplate&quot;:[],&quot;id&quot;:10,&quot;connectedData&quot;:[],&quot;supports&quot;:[],&quot;elementorId&quot;:&quot;56efba51&quot;}\" ><\/div>\t\t\t\t<\/div>\n\t\t\t\t<\/div>\n\t\t\t\t\t<\/div>\n\t\t<\/div>\n\t\t\t\t<div class=\"elementor-column elementor-col-33 elementor-top-column elementor-element elementor-element-25eaff80\" data-id=\"25eaff80\" data-element_type=\"column\" data-e-type=\"column\" data-settings=\"{&quot;background_background&quot;:&quot;classic&quot;}\">\n\t\t\t<div class=\"elementor-widget-wrap elementor-element-populated\">\n\t\t\t\t\t\t<div class=\"elementor-element elementor-element-7b95405e elementor-widget__width-initial elementor-widget elementor-widget-search-filter-field\" data-id=\"7b95405e\" data-element_type=\"widget\" data-e-type=\"widget\" data-settings=\"{&quot;search_filter_field&quot;:&quot;field_9&quot;}\" data-widget_type=\"search-filter-field.default\">\n\t\t\t\t<div class=\"elementor-widget-container\">\n\t\t\t\t\t<div  class=\"search-filter-base search-filter-field search-filter-field--id-9 search-filter-field--type-control search-filter-field--control-type-reset search-filter-style--id-1 search-filter-style--control-reset search-filter-field--width-100\"  data-search-filter-settings=\"{&quot;attributes&quot;:{&quot;queryId&quot;:&quot;2&quot;,&quot;type&quot;:&quot;control&quot;,&quot;controlType&quot;:&quot;reset&quot;,&quot;label&quot;:&quot;Reset&quot;,&quot;showDescription&quot;:&quot;no&quot;,&quot;addClass&quot;:&quot;&quot;,&quot;stylesId&quot;:1,&quot;width&quot;:&quot;100&quot;},&quot;options&quot;:[],&quot;values&quot;:[],&quot;uid&quot;:2,&quot;urlName&quot;:&quot;&quot;,&quot;icons&quot;:[],&quot;urlTemplate&quot;:[],&quot;id&quot;:9,&quot;connectedData&quot;:[],&quot;supports&quot;:[],&quot;elementorId&quot;:&quot;7b95405e&quot;}\" ><\/div>\t\t\t\t<\/div>\n\t\t\t\t<\/div>\n\t\t\t\t\t<\/div>\n\t\t<\/div>\n\t\t\t\t<div class=\"elementor-column elementor-col-33 elementor-top-column elementor-element elementor-element-16f2618\" data-id=\"16f2618\" data-element_type=\"column\" data-e-type=\"column\">\n\t\t\t<div class=\"elementor-widget-wrap elementor-element-populated\">\n\t\t\t\t\t\t<div class=\"elementor-element elementor-element-794b6d43 elementor-icon-list--layout-inline elementor-align-center elementor-list-item-link-full_width elementor-widget elementor-widget-icon-list\" data-id=\"794b6d43\" data-element_type=\"widget\" data-e-type=\"widget\" data-widget_type=\"icon-list.default\">\n\t\t\t\t<div class=\"elementor-widget-container\">\n\t\t\t\t\t\t\t<ul class=\"elementor-icon-list-items elementor-inline-items\">\n\t\t\t\t\t\t\t<li class=\"elementor-icon-list-item elementor-inline-item\">\n\t\t\t\t\t\t\t\t\t\t\t<a href=\"#bdw-speaker\">\n\n\t\t\t\t\t\t\t\t\t\t\t\t<span class=\"elementor-icon-list-icon\">\n\t\t\t\t\t\t\t<i aria-hidden=\"true\" class=\"fas fa-comment\"><\/i>\t\t\t\t\t\t<\/span>\n\t\t\t\t\t\t\t\t\t\t<span class=\"elementor-icon-list-text\">Speakers<\/span>\n\t\t\t\t\t\t\t\t\t\t\t<\/a>\n\t\t\t\t\t\t\t\t\t<\/li>\n\t\t\t\t\t\t\t\t<li class=\"elementor-icon-list-item elementor-inline-item\">\n\t\t\t\t\t\t\t\t\t\t\t<a href=\"#bdw-map\">\n\n\t\t\t\t\t\t\t\t\t\t\t\t<span class=\"elementor-icon-list-icon\">\n\t\t\t\t\t\t\t<i aria-hidden=\"true\" class=\"fas fa-map-marker\"><\/i>\t\t\t\t\t\t<\/span>\n\t\t\t\t\t\t\t\t\t\t<span class=\"elementor-icon-list-text\">Map<\/span>\n\t\t\t\t\t\t\t\t\t\t\t<\/a>\n\t\t\t\t\t\t\t\t\t<\/li>\n\t\t\t\t\t\t<\/ul>\n\t\t\t\t\t\t<\/div>\n\t\t\t\t<\/div>\n\t\t\t\t\t<\/div>\n\t\t<\/div>\n\t\t\t\t\t<\/div>\n\t\t<\/section>\n\t\t\t\t<section class=\"elementor-section elementor-top-section elementor-element elementor-element-37f34465 elementor-section-boxed elementor-section-height-default elementor-section-height-default\" data-id=\"37f34465\" data-element_type=\"section\" data-e-type=\"section\">\n\t\t\t\t\t\t<div class=\"elementor-container elementor-column-gap-default\">\n\t\t\t\t\t<div class=\"elementor-column elementor-col-100 elementor-top-column elementor-element elementor-element-26a23d03\" data-id=\"26a23d03\" data-element_type=\"column\" data-e-type=\"column\" data-settings=\"{&quot;background_background&quot;:&quot;classic&quot;}\">\n\t\t\t<div class=\"elementor-widget-wrap elementor-element-populated\">\n\t\t\t\t\t\t<div class=\"search-filter-dynamic-posts-results-2 elementor-element elementor-element-3128a71 dce-col-widescreen-6 dce-col-tablet_extra-3 dce-col-mobile-2 dce-col-laptop-4 dce-posts-layout-default dce-col-4 dce-col-tablet-3 dce-align-left elementor-widget elementor-widget-dce-dynamicposts-v2\" data-id=\"3128a71\" data-element_type=\"widget\" data-e-type=\"widget\" data-settings=\"{&quot;templatemode_linkable&quot;:&quot;yes&quot;,&quot;grid_grid_type&quot;:&quot;masonry&quot;,&quot;style_items&quot;:&quot;default&quot;}\" data-widget_type=\"dce-dynamicposts-v2.grid\">\n\t\t\t\t<div class=\"elementor-widget-container\">\n\t\t\t\t\t<div class=\"dce-pagination dce-pagination-top\" dir=\"\"><span class=\"progression\">1 \/ 3<\/span><span class=\"current\" aria-current=\"page\">1<\/span><a href=\"https:\/\/berlindesignweek.com\/en\/wp-json\/wp\/v2\/pages\/50912\/page\/2\/\" class=\"inactive\" rel=\"next\">2<\/a><a href=\"https:\/\/berlindesignweek.com\/en\/wp-json\/wp\/v2\/pages\/50912\/page\/3\/\" class=\"inactive\" rel=\"next\">3<\/a><\/div>\n\t\t<div class=\"dce-fix-background-loop dce-posts-container dce-posts dce-dynamic-posts-collection reveal-effect reveal-effect-1 dce-skin-grid dce-skin-grid-masonry\">\n\t\t\t\t\t\t<div class=\"dce-posts-wrapper dce-wrapper-grid\">\n\t\t\t\n\t\t<article class=\"post-50013 bdw_programmeintrag type-bdw_programmeintrag status-publish format-standard has-post-thumbnail hentry bdw_tag-may-29-2026 bdw_tag-may-30-2026 bdw_tag-may-31-2026 bdw_tag-may-28-2026 designfeld-product-design event-typ-showroom format-own-format jahr-885 location_bdw-satellites dce-post dce-post-item dce-item-grid\" data-dce-post-id=\"50013\" data-dce-post-index=\"0\" data-post-link=\"https:\/\/berlindesignweek.com\/en\/bdw-programmeintrag\/no-tools-just-wood-ako-showroom\/\">\n\t\t\t<div class=\"dce-post-block elementor-animation-grow\">\n\t\t<div class=\"dce-item dce-item_image elementor-repeater-item-82b0272\"><a class=\"dce-post-image\" href=\"https:\/\/berlindesignweek.com\/en\/bdw-programmeintrag\/no-tools-just-wood-ako-showroom\/\"><figure  class=\"dce-img\"><img fetchpriority=\"high\" decoding=\"async\" width=\"800\" height=\"420\" src=\"https:\/\/berlindesignweek.com\/wp-content\/uploads\/2026\/03\/COVER_PICTURE_AKO_Showroom_2-82d8d474a609a51a9832f72e68b248df-1024x538.jpg\" class=\"\" alt=\"No Tools. Just Wood. \u2014 AKO Showroom\" srcset=\"https:\/\/berlindesignweek.com\/wp-content\/uploads\/2026\/03\/COVER_PICTURE_AKO_Showroom_2-82d8d474a609a51a9832f72e68b248df-1024x538.jpg 1024w, https:\/\/berlindesignweek.com\/wp-content\/uploads\/2026\/03\/COVER_PICTURE_AKO_Showroom_2-82d8d474a609a51a9832f72e68b248df-300x158.jpg 300w, https:\/\/berlindesignweek.com\/wp-content\/uploads\/2026\/03\/COVER_PICTURE_AKO_Showroom_2-82d8d474a609a51a9832f72e68b248df-768x403.jpg 768w, https:\/\/berlindesignweek.com\/wp-content\/uploads\/2026\/03\/COVER_PICTURE_AKO_Showroom_2-82d8d474a609a51a9832f72e68b248df.jpg 1200w\" sizes=\"(max-width: 800px) 100vw, 800px\" \/><\/figure><\/a><\/div><div class=\"dce-item dce-item_termstaxonomy elementor-repeater-item-f518f88\"><div class=\"dce-post-terms\"><ul class=\"dce-terms-list dce-taxonomy-bdw_tag\"><li class=\"dce-term-item\"><span class=\"dce-term dce-term-855\" data-dce-order=\"\">May 29, 2026<\/span><\/li><li class=\"dce-term-item\"><span class=\"dce-separator\">|<\/span><span class=\"dce-term dce-term-856\" data-dce-order=\"\">May 30, 2026<\/span><\/li><li class=\"dce-term-item\"><span class=\"dce-separator\">|<\/span><span class=\"dce-term dce-term-857\" data-dce-order=\"\">May 31, 2026<\/span><\/li><li class=\"dce-term-item\"><span class=\"dce-separator\">|<\/span><span class=\"dce-term dce-term-854\" data-dce-order=\"\">May 28, 2026<\/span><\/li><\/ul><\/div><\/div><div class=\"dce-item dce-item_title elementor-repeater-item-1cf7548\"><h6 class=\"dce-post-title\"><a href=\"https:\/\/berlindesignweek.com\/en\/bdw-programmeintrag\/no-tools-just-wood-ako-showroom\/\">No Tools. Just Wood. \u2014 AKO Showroom<\/a><\/h6><\/div><div class=\"dce-item dce-item_custommeta elementor-repeater-item-9466b85\"><div class=\"dce-post-custommeta\"><div class=\"dce-meta-item dce-meta-9466b85 dce-meta-text elementor-repeater-item-9466b85\"><div>ALLEN KAUFMANN OBJECTS<\/div><\/div><\/div><\/div><div class=\"dce-item dce-item_termstaxonomy elementor-repeater-item-32838f2 elementor-hidden-mobile\"><div class=\"dce-post-terms\"><ul class=\"dce-terms-list dce-taxonomy-designfeld\"><li class=\"dce-term-item\"><span class=\"dce-term dce-term-537\" data-dce-order=\"\">product<\/span><\/li><\/ul><ul class=\"dce-terms-list dce-taxonomy-event-typ\"><li class=\"dce-term-item\"><span class=\"dce-term dce-term-875\" data-dce-order=\"\">Showroom<\/span><\/li><\/ul><\/div><\/div><div class=\"dce-item dce-item_content elementor-repeater-item-2696897 elementor-hidden-tablet elementor-hidden-mobile\"><div class=\"dce-post-content\">AKO (ALLEN KAUFMANN OBJECTS) is the product initiative of Berlin architecture studio ALLEN KAUFMANN ARCHITEKTEN, winner of the ArchDaily Building of the Year 2026 in Interior Architecture. AKO Materia&hellip;<\/div><\/div><div class=\"dce-item dce-item_readmore elementor-repeater-item-70d52b9\">\t\t<div class=\"dce-post-button\">\n\t\t\t<a href=\"https:\/\/berlindesignweek.com\/en\/bdw-programmeintrag\/no-tools-just-wood-ako-showroom\/\" class=\"elementor-button-link elementor-button dce-button elementor-size-xs\" role=\"button\" >\n\t\t\tmore\t\t\t<\/a>\n\t\t<\/div>\n\t\t<\/div>\t\t\t<\/div>\n\t\t<\/article>\n\t\t\n\t\t<article class=\"post-50023 bdw_programmeintrag type-bdw_programmeintrag status-publish format-standard has-post-thumbnail hentry bdw_tag-31-mai-2026 designfeld-material event-typ-workshop format-eigenes-format jahr-885 location_bdw-satellites dce-post dce-post-item dce-item-grid\" data-dce-post-id=\"50023\" data-dce-post-index=\"1\" data-post-link=\"https:\/\/berlindesignweek.com\/en\/bdw-programmeintrag\/move-wood-get-answers-ako-workshop\/\">\n\t\t\t<div class=\"dce-post-block elementor-animation-grow\">\n\t\t<div class=\"dce-item dce-item_image elementor-repeater-item-82b0272\"><a class=\"dce-post-image\" href=\"https:\/\/berlindesignweek.com\/en\/bdw-programmeintrag\/move-wood-get-answers-ako-workshop\/\"><figure  class=\"dce-img\"><img decoding=\"async\" width=\"800\" height=\"420\" src=\"https:\/\/berlindesignweek.com\/wp-content\/uploads\/2026\/03\/00_COVER_PICTURE_AKO_Workshop-d52ab704b6fc62b595fb8cd1e825ff74-1024x538.jpg\" class=\"\" alt=\"Move Wood. Get Answers \u2014 AKO Workshop\" srcset=\"https:\/\/berlindesignweek.com\/wp-content\/uploads\/2026\/03\/00_COVER_PICTURE_AKO_Workshop-d52ab704b6fc62b595fb8cd1e825ff74-1024x538.jpg 1024w, https:\/\/berlindesignweek.com\/wp-content\/uploads\/2026\/03\/00_COVER_PICTURE_AKO_Workshop-d52ab704b6fc62b595fb8cd1e825ff74-300x158.jpg 300w, https:\/\/berlindesignweek.com\/wp-content\/uploads\/2026\/03\/00_COVER_PICTURE_AKO_Workshop-d52ab704b6fc62b595fb8cd1e825ff74-768x403.jpg 768w, https:\/\/berlindesignweek.com\/wp-content\/uploads\/2026\/03\/00_COVER_PICTURE_AKO_Workshop-d52ab704b6fc62b595fb8cd1e825ff74.jpg 1200w\" sizes=\"(max-width: 800px) 100vw, 800px\" \/><\/figure><\/a><\/div><div class=\"dce-item dce-item_termstaxonomy elementor-repeater-item-f518f88\"><div class=\"dce-post-terms\"><ul class=\"dce-terms-list dce-taxonomy-bdw_tag\"><li class=\"dce-term-item\"><span class=\"dce-term dce-term-847\" data-dce-order=\"\">31. Mai 2026<\/span><\/li><\/ul><\/div><\/div><div class=\"dce-item dce-item_title elementor-repeater-item-1cf7548\"><h6 class=\"dce-post-title\"><a href=\"https:\/\/berlindesignweek.com\/en\/bdw-programmeintrag\/move-wood-get-answers-ako-workshop\/\">Move Wood. Get Answers \u2014 AKO Workshop<\/a><\/h6><\/div><div class=\"dce-item dce-item_custommeta elementor-repeater-item-9466b85\"><div class=\"dce-post-custommeta dce-post-custommeta\"><div class=\"dce-meta-item dce-meta-9466b85 dce-meta-text elementor-repeater-item-9466b85\"><div>ALLEN KAUFMANN OBJECTS<\/div><\/div><\/div><\/div><div class=\"dce-item dce-item_termstaxonomy elementor-repeater-item-32838f2 elementor-hidden-mobile\"><div class=\"dce-post-terms\"><ul class=\"dce-terms-list dce-taxonomy-designfeld\"><li class=\"dce-term-item\"><span class=\"dce-term dce-term-534\" data-dce-order=\"\">Material<\/span><\/li><\/ul><ul class=\"dce-terms-list dce-taxonomy-event-typ\"><li class=\"dce-term-item\"><span class=\"dce-term dce-term-860\" data-dce-order=\"\">Workshop<\/span><\/li><\/ul><\/div><\/div><div class=\"dce-item dce-item_content elementor-repeater-item-2696897 elementor-hidden-tablet elementor-hidden-mobile\"><div class=\"dce-post-content\">A hands-on workshop with AKO (ALLEN KAUFMANN OBJECTS), developed by ALLEN KAUFMANN ARCHITEKTEN, winner of the ArchDaily Building of the Year 2026 in Interior Architecture. Starting from a flat stack o&hellip;<\/div><\/div><div class=\"dce-item dce-item_readmore elementor-repeater-item-70d52b9\">\t\t<div class=\"dce-post-button\">\n\t\t\t<a href=\"https:\/\/berlindesignweek.com\/en\/bdw-programmeintrag\/move-wood-get-answers-ako-workshop\/\" class=\"elementor-button-link elementor-button dce-button elementor-size-xs\" role=\"button\" >\n\t\t\tmore\t\t\t<\/a>\n\t\t<\/div>\n\t\t<\/div>\t\t\t<\/div>\n\t\t<\/article>\n\t\t\n\t\t<article class=\"post-50045 bdw_programmeintrag type-bdw_programmeintrag status-publish format-standard has-post-thumbnail hentry bdw_tag-30-mai-2026 bdw_tag-31-mai-2026 bdw_tag-28-mai-2026 bdw_tag-29-mai-2026 designfeld-fashion event-typ-showroom format-eigenes-format jahr-885 location_bdw-satellites dce-post dce-post-item dce-item-grid\" data-dce-post-id=\"50045\" data-dce-post-index=\"2\" data-post-link=\"https:\/\/berlindesignweek.com\/en\/bdw-programmeintrag\/anna-rave\/\">\n\t\t\t<div class=\"dce-post-block elementor-animation-grow\">\n\t\t<div class=\"dce-item dce-item_image elementor-repeater-item-82b0272\"><a class=\"dce-post-image\" href=\"https:\/\/berlindesignweek.com\/en\/bdw-programmeintrag\/anna-rave\/\"><figure  class=\"dce-img\"><img decoding=\"async\" width=\"800\" height=\"420\" src=\"https:\/\/berlindesignweek.com\/wp-content\/uploads\/2026\/03\/AnnaRave_BDW-03c944cabcf2e711c45a4b53c18cc0b8-1024x538.jpg\" class=\"\" alt=\"Anna Rave\" srcset=\"https:\/\/berlindesignweek.com\/wp-content\/uploads\/2026\/03\/AnnaRave_BDW-03c944cabcf2e711c45a4b53c18cc0b8-1024x538.jpg 1024w, https:\/\/berlindesignweek.com\/wp-content\/uploads\/2026\/03\/AnnaRave_BDW-03c944cabcf2e711c45a4b53c18cc0b8-300x158.jpg 300w, https:\/\/berlindesignweek.com\/wp-content\/uploads\/2026\/03\/AnnaRave_BDW-03c944cabcf2e711c45a4b53c18cc0b8-768x403.jpg 768w, https:\/\/berlindesignweek.com\/wp-content\/uploads\/2026\/03\/AnnaRave_BDW-03c944cabcf2e711c45a4b53c18cc0b8.jpg 1200w\" sizes=\"(max-width: 800px) 100vw, 800px\" \/><\/figure><\/a><\/div><div class=\"dce-item dce-item_termstaxonomy elementor-repeater-item-f518f88\"><div class=\"dce-post-terms\"><ul class=\"dce-terms-list dce-taxonomy-bdw_tag\"><li class=\"dce-term-item\"><span class=\"dce-term dce-term-846\" data-dce-order=\"\">30. Mai 2026<\/span><\/li><li class=\"dce-term-item\"><span class=\"dce-separator\">|<\/span><span class=\"dce-term dce-term-847\" data-dce-order=\"\">31. Mai 2026<\/span><\/li><li class=\"dce-term-item\"><span class=\"dce-separator\">|<\/span><span class=\"dce-term dce-term-844\" data-dce-order=\"\">28. Mai 2026<\/span><\/li><li class=\"dce-term-item\"><span class=\"dce-separator\">|<\/span><span class=\"dce-term dce-term-845\" data-dce-order=\"\">29. Mai 2026<\/span><\/li><\/ul><\/div><\/div><div class=\"dce-item dce-item_title elementor-repeater-item-1cf7548\"><h6 class=\"dce-post-title\"><a href=\"https:\/\/berlindesignweek.com\/en\/bdw-programmeintrag\/anna-rave\/\">Anna Rave<\/a><\/h6><\/div><div class=\"dce-item dce-item_custommeta elementor-repeater-item-9466b85\"><div class=\"dce-post-custommeta dce-post-custommeta dce-post-custommeta\"><div class=\"dce-meta-item dce-meta-9466b85 dce-meta-text elementor-repeater-item-9466b85\"><div>Anna Rave<\/div><\/div><\/div><\/div><div class=\"dce-item dce-item_termstaxonomy elementor-repeater-item-32838f2 elementor-hidden-mobile\"><div class=\"dce-post-terms\"><ul class=\"dce-terms-list dce-taxonomy-designfeld\"><li class=\"dce-term-item\"><span class=\"dce-term dce-term-478\" data-dce-order=\"\">Fashion<\/span><\/li><\/ul><ul class=\"dce-terms-list dce-taxonomy-event-typ\"><li class=\"dce-term-item\"><span class=\"dce-term dce-term-863\" data-dce-order=\"\">Showroom<\/span><\/li><\/ul><\/div><\/div><div class=\"dce-item dce-item_content elementor-repeater-item-2696897 elementor-hidden-tablet elementor-hidden-mobile\"><div class=\"dce-post-content\">Anna Rave\nborn in Bielefeld &#8211; based in Dublin &#8211; showing in Berlin\nAfter her studies at the National College of Art &#038; Design in Ireland, Anna Rave founded the brand under her own name.&hellip;<\/div><\/div><div class=\"dce-item dce-item_readmore elementor-repeater-item-70d52b9\">\t\t<div class=\"dce-post-button\">\n\t\t\t<a href=\"https:\/\/berlindesignweek.com\/en\/bdw-programmeintrag\/anna-rave\/\" class=\"elementor-button-link elementor-button dce-button elementor-size-xs\" role=\"button\" >\n\t\t\tmore\t\t\t<\/a>\n\t\t<\/div>\n\t\t<\/div>\t\t\t<\/div>\n\t\t<\/article>\n\t\t\n\t\t<article class=\"post-50054 bdw_programmeintrag type-bdw_programmeintrag status-publish format-standard has-post-thumbnail hentry bdw_tag-28-mai-2026 designfeld-kommunikationsdesign event-typ-showroom format-berlin-design-nights jahr-885 location_bdw-berlin-design-night dce-post dce-post-item dce-item-grid\" data-dce-post-id=\"50054\" data-dce-post-index=\"3\" data-post-link=\"https:\/\/berlindesignweek.com\/en\/bdw-programmeintrag\/terrazza-gold-party\/\">\n\t\t\t<div class=\"dce-post-block elementor-animation-grow\">\n\t\t<div class=\"dce-item dce-item_image elementor-repeater-item-82b0272\"><a class=\"dce-post-image\" href=\"https:\/\/berlindesignweek.com\/en\/bdw-programmeintrag\/terrazza-gold-party\/\"><figure  class=\"dce-img\"><img loading=\"lazy\" decoding=\"async\" width=\"701\" height=\"393\" src=\"https:\/\/berlindesignweek.com\/wp-content\/uploads\/2026\/03\/Terrazza-5353683457ea43e102a890440f08746f.jpg\" class=\"\" alt=\"Terrazza Gold-Party\" srcset=\"https:\/\/berlindesignweek.com\/wp-content\/uploads\/2026\/03\/Terrazza-5353683457ea43e102a890440f08746f.jpg 701w, https:\/\/berlindesignweek.com\/wp-content\/uploads\/2026\/03\/Terrazza-5353683457ea43e102a890440f08746f-150x84.jpg 150w, https:\/\/berlindesignweek.com\/wp-content\/uploads\/2026\/03\/Terrazza-5353683457ea43e102a890440f08746f-300x168.jpg 300w\" sizes=\"(max-width: 701px) 100vw, 701px\" \/><\/figure><\/a><\/div><div class=\"dce-item dce-item_termstaxonomy elementor-repeater-item-f518f88\"><div class=\"dce-post-terms\"><ul class=\"dce-terms-list dce-taxonomy-bdw_tag\"><li class=\"dce-term-item\"><span class=\"dce-term dce-term-844\" data-dce-order=\"\">28. Mai 2026<\/span><\/li><\/ul><\/div><\/div><div class=\"dce-item dce-item_title elementor-repeater-item-1cf7548\"><h6 class=\"dce-post-title\"><a href=\"https:\/\/berlindesignweek.com\/en\/bdw-programmeintrag\/terrazza-gold-party\/\">Terrazza Gold-Party<\/a><\/h6><\/div><div class=\"dce-item dce-item_custommeta elementor-repeater-item-9466b85\"><div class=\"dce-post-custommeta dce-post-custommeta dce-post-custommeta dce-post-custommeta\"><div class=\"dce-meta-item dce-meta-9466b85 dce-meta-text elementor-repeater-item-9466b85\"><div>de Sede<\/div><\/div><\/div><\/div><div class=\"dce-item dce-item_termstaxonomy elementor-repeater-item-32838f2 elementor-hidden-mobile\"><div class=\"dce-post-terms\"><ul class=\"dce-terms-list dce-taxonomy-designfeld\"><li class=\"dce-term-item\"><span class=\"dce-term dce-term-595\" data-dce-order=\"\">Kommunikationsdesign<\/span><\/li><\/ul><ul class=\"dce-terms-list dce-taxonomy-event-typ\"><li class=\"dce-term-item\"><span class=\"dce-term dce-term-863\" data-dce-order=\"\">Showroom<\/span><\/li><\/ul><\/div><\/div><div class=\"dce-item dce-item_content elementor-repeater-item-2696897 elementor-hidden-tablet elementor-hidden-mobile\"><div class=\"dce-post-content\">We will be presenting, the Terrazza model from 1974 (de Sede of Switzerland) in a gold finish. There will also be a cocktail party or similar event.&hellip;<\/div><\/div><div class=\"dce-item dce-item_readmore elementor-repeater-item-70d52b9\">\t\t<div class=\"dce-post-button\">\n\t\t\t<a href=\"https:\/\/berlindesignweek.com\/en\/bdw-programmeintrag\/terrazza-gold-party\/\" class=\"elementor-button-link elementor-button dce-button elementor-size-xs\" role=\"button\" >\n\t\t\tmore\t\t\t<\/a>\n\t\t<\/div>\n\t\t<\/div>\t\t\t<\/div>\n\t\t<\/article>\n\t\t\n\t\t<article class=\"post-50062 bdw_programmeintrag type-bdw_programmeintrag status-publish format-standard has-post-thumbnail hentry bdw_tag-28-mai-2026 designfeld-ux-design event-typ-meet-greet format-berlin-design-nights jahr-885 location_bdw-berlin-design-night dce-post dce-post-item dce-item-grid\" data-dce-post-id=\"50062\" data-dce-post-index=\"4\" data-post-link=\"https:\/\/berlindesignweek.com\/en\/bdw-programmeintrag\/touch-wood-ask-questions\/\">\n\t\t\t<div class=\"dce-post-block elementor-animation-grow\">\n\t\t<div class=\"dce-item dce-item_image elementor-repeater-item-82b0272\"><a class=\"dce-post-image\" href=\"https:\/\/berlindesignweek.com\/en\/bdw-programmeintrag\/touch-wood-ask-questions\/\"><figure  class=\"dce-img\"><img loading=\"lazy\" decoding=\"async\" width=\"800\" height=\"420\" src=\"https:\/\/berlindesignweek.com\/wp-content\/uploads\/2026\/03\/COVER_PICTURE_AKO_MeetGreet-bf9558b5b54073d6c1ad6b464a5da59a-1024x538.jpg\" class=\"\" alt=\"Touch Wood. Ask Questions.\" srcset=\"https:\/\/berlindesignweek.com\/wp-content\/uploads\/2026\/03\/COVER_PICTURE_AKO_MeetGreet-bf9558b5b54073d6c1ad6b464a5da59a-1024x538.jpg 1024w, https:\/\/berlindesignweek.com\/wp-content\/uploads\/2026\/03\/COVER_PICTURE_AKO_MeetGreet-bf9558b5b54073d6c1ad6b464a5da59a-300x158.jpg 300w, https:\/\/berlindesignweek.com\/wp-content\/uploads\/2026\/03\/COVER_PICTURE_AKO_MeetGreet-bf9558b5b54073d6c1ad6b464a5da59a-768x403.jpg 768w, https:\/\/berlindesignweek.com\/wp-content\/uploads\/2026\/03\/COVER_PICTURE_AKO_MeetGreet-bf9558b5b54073d6c1ad6b464a5da59a.jpg 1200w\" sizes=\"(max-width: 800px) 100vw, 800px\" \/><\/figure><\/a><\/div><div class=\"dce-item dce-item_termstaxonomy elementor-repeater-item-f518f88\"><div class=\"dce-post-terms\"><ul class=\"dce-terms-list dce-taxonomy-bdw_tag\"><li class=\"dce-term-item\"><span class=\"dce-term dce-term-844\" data-dce-order=\"\">28. Mai 2026<\/span><\/li><\/ul><\/div><\/div><div class=\"dce-item dce-item_title elementor-repeater-item-1cf7548\"><h6 class=\"dce-post-title\"><a href=\"https:\/\/berlindesignweek.com\/en\/bdw-programmeintrag\/touch-wood-ask-questions\/\">Touch Wood. Ask Questions.<\/a><\/h6><\/div><div class=\"dce-item dce-item_custommeta elementor-repeater-item-9466b85\"><div class=\"dce-post-custommeta dce-post-custommeta dce-post-custommeta dce-post-custommeta dce-post-custommeta\"><div class=\"dce-meta-item dce-meta-9466b85 dce-meta-text elementor-repeater-item-9466b85\"><div>ALLEN KAUFMANN OBJECTS<\/div><\/div><\/div><\/div><div class=\"dce-item dce-item_termstaxonomy elementor-repeater-item-32838f2 elementor-hidden-mobile\"><div class=\"dce-post-terms\"><ul class=\"dce-terms-list dce-taxonomy-designfeld\"><li class=\"dce-term-item\"><span class=\"dce-term dce-term-476\" data-dce-order=\"\">Experience<\/span><\/li><\/ul><ul class=\"dce-terms-list dce-taxonomy-event-typ\"><li class=\"dce-term-item\"><span class=\"dce-term dce-term-862\" data-dce-order=\"\">Meet &amp; Greet<\/span><\/li><\/ul><\/div><\/div><div class=\"dce-item dce-item_content elementor-repeater-item-2696897 elementor-hidden-tablet elementor-hidden-mobile\"><div class=\"dce-post-content\">An open evening with AKO, the object practice of ALLEN KAUFMANN ARCHITEKTEN, winner of the ArchDaily Building of the Year 2026 in Interior Architecture. We present furniture built from flat solid-wood&hellip;<\/div><\/div><div class=\"dce-item dce-item_readmore elementor-repeater-item-70d52b9\">\t\t<div class=\"dce-post-button\">\n\t\t\t<a href=\"https:\/\/berlindesignweek.com\/en\/bdw-programmeintrag\/touch-wood-ask-questions\/\" class=\"elementor-button-link elementor-button dce-button elementor-size-xs\" role=\"button\" >\n\t\t\tmore\t\t\t<\/a>\n\t\t<\/div>\n\t\t<\/div>\t\t\t<\/div>\n\t\t<\/article>\n\t\t\n\t\t<article class=\"post-50150 bdw_programmeintrag type-bdw_programmeintrag status-publish format-standard has-post-thumbnail hentry bdw_tag-31-mai-2026 bdw_tag-28-mai-2026 bdw_tag-29-mai-2026 bdw_tag-30-mai-2026 designfeld-handwerk designfeld-material designfeld-designprozess event-typ-ausstellung format-eigenes-format jahr-885 location_bdw-satellites dce-post dce-post-item dce-item-grid\" data-dce-post-id=\"50150\" data-dce-post-index=\"5\" data-post-link=\"https:\/\/berlindesignweek.com\/en\/bdw-programmeintrag\/dear-anni-i-wove-with-a-3d-printer\/\">\n\t\t\t<div class=\"dce-post-block elementor-animation-grow\">\n\t\t<div class=\"dce-item dce-item_image elementor-repeater-item-82b0272\"><a class=\"dce-post-image\" href=\"https:\/\/berlindesignweek.com\/en\/bdw-programmeintrag\/dear-anni-i-wove-with-a-3d-printer\/\"><figure  class=\"dce-img\"><img loading=\"lazy\" decoding=\"async\" width=\"800\" height=\"813\" src=\"https:\/\/berlindesignweek.com\/wp-content\/uploads\/2026\/03\/Mia-Akhavan-8adbea070a0260d2714cdd6f88b7c6f8.jpg\" class=\"\" alt=\"Dear Anni, I wove with a 3D Printer\" srcset=\"https:\/\/berlindesignweek.com\/wp-content\/uploads\/2026\/03\/Mia-Akhavan-8adbea070a0260d2714cdd6f88b7c6f8.jpg 1244w, https:\/\/berlindesignweek.com\/wp-content\/uploads\/2026\/03\/Mia-Akhavan-8adbea070a0260d2714cdd6f88b7c6f8-148x150.jpg 148w\" sizes=\"(max-width: 800px) 100vw, 800px\" \/><\/figure><\/a><\/div><div class=\"dce-item dce-item_termstaxonomy elementor-repeater-item-f518f88\"><div class=\"dce-post-terms\"><ul class=\"dce-terms-list dce-taxonomy-bdw_tag\"><li class=\"dce-term-item\"><span class=\"dce-term dce-term-847\" data-dce-order=\"\">31. Mai 2026<\/span><\/li><li class=\"dce-term-item\"><span class=\"dce-separator\">|<\/span><span class=\"dce-term dce-term-844\" data-dce-order=\"\">28. Mai 2026<\/span><\/li><li class=\"dce-term-item\"><span class=\"dce-separator\">|<\/span><span class=\"dce-term dce-term-845\" data-dce-order=\"\">29. Mai 2026<\/span><\/li><li class=\"dce-term-item\"><span class=\"dce-separator\">|<\/span><span class=\"dce-term dce-term-846\" data-dce-order=\"\">30. Mai 2026<\/span><\/li><\/ul><\/div><\/div><div class=\"dce-item dce-item_title elementor-repeater-item-1cf7548\"><h6 class=\"dce-post-title\"><a href=\"https:\/\/berlindesignweek.com\/en\/bdw-programmeintrag\/dear-anni-i-wove-with-a-3d-printer\/\">Dear Anni, I wove with a 3D Printer<\/a><\/h6><\/div><div class=\"dce-item dce-item_custommeta elementor-repeater-item-9466b85\"><div class=\"dce-post-custommeta dce-post-custommeta dce-post-custommeta dce-post-custommeta dce-post-custommeta dce-post-custommeta\"><div class=\"dce-meta-item dce-meta-9466b85 dce-meta-text elementor-repeater-item-9466b85\"><div>U8 Haus<\/div><\/div><\/div><\/div><div class=\"dce-item dce-item_termstaxonomy elementor-repeater-item-32838f2 elementor-hidden-mobile\"><div class=\"dce-post-terms\"><ul class=\"dce-terms-list dce-taxonomy-designfeld\"><li class=\"dce-term-item\"><span class=\"dce-term dce-term-463\" data-dce-order=\"\">Handwerk<\/span><\/li><li class=\"dce-term-item\"><span class=\"dce-separator\">|<\/span><span class=\"dce-term dce-term-534\" data-dce-order=\"\">Material<\/span><\/li><li class=\"dce-term-item\"><span class=\"dce-separator\">|<\/span><span class=\"dce-term dce-term-466\" data-dce-order=\"\">Prozess<\/span><\/li><\/ul><ul class=\"dce-terms-list dce-taxonomy-event-typ\"><li class=\"dce-term-item\"><span class=\"dce-term dce-term-858\" data-dce-order=\"\">Ausstellung<\/span><\/li><\/ul><\/div><\/div><div class=\"dce-item dce-item_content elementor-repeater-item-2696897 elementor-hidden-tablet elementor-hidden-mobile\"><div class=\"dce-post-content\">For Berlin Design Week, U8 HAUS presents \u201cDear Anni, I wove with a 3D Printer\u201d by designer and artist Mia Akhavan. The exhibition is framed as a speculative letter to Anni Albers, the Berlin-born text&hellip;<\/div><\/div><div class=\"dce-item dce-item_readmore elementor-repeater-item-70d52b9\">\t\t<div class=\"dce-post-button\">\n\t\t\t<a href=\"https:\/\/berlindesignweek.com\/en\/bdw-programmeintrag\/dear-anni-i-wove-with-a-3d-printer\/\" class=\"elementor-button-link elementor-button dce-button elementor-size-xs\" role=\"button\" >\n\t\t\tmore\t\t\t<\/a>\n\t\t<\/div>\n\t\t<\/div>\t\t\t<\/div>\n\t\t<\/article>\n\t\t\n\t\t<article class=\"post-50163 bdw_programmeintrag type-bdw_programmeintrag status-publish format-standard has-post-thumbnail hentry bdw_tag-may-30-2026 bdw_tag-may-31-2026 bdw_tag-may-28-2026 bdw_tag-may-29-2026 designfeld-product-design event-typ-exhibition format-own-format jahr-885 location_bdw-satellites dce-post dce-post-item dce-item-grid\" data-dce-post-id=\"50163\" data-dce-post-index=\"6\" data-post-link=\"https:\/\/berlindesignweek.com\/en\/bdw-programmeintrag\/edward-w-godwin-and-oscar-wilde-dandies-decadence-modernism\/\">\n\t\t\t<div class=\"dce-post-block elementor-animation-grow\">\n\t\t<div class=\"dce-item dce-item_image elementor-repeater-item-82b0272\"><a class=\"dce-post-image\" href=\"https:\/\/berlindesignweek.com\/en\/bdw-programmeintrag\/edward-w-godwin-and-oscar-wilde-dandies-decadence-modernism\/\"><figure  class=\"dce-img\"><img loading=\"lazy\" decoding=\"async\" width=\"800\" height=\"560\" src=\"https:\/\/berlindesignweek.com\/wp-content\/uploads\/2026\/03\/Godwin-Buffet-c6d28e7743919718e7e821b007cbffa5-1024x717.jpg\" class=\"\" alt=\"Edward W. Godwin and Oscar Wilde. Dandies Decadence Modernism\" srcset=\"https:\/\/berlindesignweek.com\/wp-content\/uploads\/2026\/03\/Godwin-Buffet-c6d28e7743919718e7e821b007cbffa5-1024x717.jpg 1024w, https:\/\/berlindesignweek.com\/wp-content\/uploads\/2026\/03\/Godwin-Buffet-c6d28e7743919718e7e821b007cbffa5-150x105.jpg 150w, https:\/\/berlindesignweek.com\/wp-content\/uploads\/2026\/03\/Godwin-Buffet-c6d28e7743919718e7e821b007cbffa5-300x210.jpg 300w, https:\/\/berlindesignweek.com\/wp-content\/uploads\/2026\/03\/Godwin-Buffet-c6d28e7743919718e7e821b007cbffa5-1536x1075.jpg 1536w, https:\/\/berlindesignweek.com\/wp-content\/uploads\/2026\/03\/Godwin-Buffet-c6d28e7743919718e7e821b007cbffa5.jpg 2048w\" sizes=\"(max-width: 800px) 100vw, 800px\" \/><\/figure><\/a><\/div><div class=\"dce-item dce-item_termstaxonomy elementor-repeater-item-f518f88\"><div class=\"dce-post-terms\"><ul class=\"dce-terms-list dce-taxonomy-bdw_tag\"><li class=\"dce-term-item\"><span class=\"dce-term dce-term-856\" data-dce-order=\"\">May 30, 2026<\/span><\/li><li class=\"dce-term-item\"><span class=\"dce-separator\">|<\/span><span class=\"dce-term dce-term-857\" data-dce-order=\"\">May 31, 2026<\/span><\/li><li class=\"dce-term-item\"><span class=\"dce-separator\">|<\/span><span class=\"dce-term dce-term-854\" data-dce-order=\"\">May 28, 2026<\/span><\/li><li class=\"dce-term-item\"><span class=\"dce-separator\">|<\/span><span class=\"dce-term dce-term-855\" data-dce-order=\"\">May 29, 2026<\/span><\/li><\/ul><\/div><\/div><div class=\"dce-item dce-item_title elementor-repeater-item-1cf7548\"><h6 class=\"dce-post-title\"><a href=\"https:\/\/berlindesignweek.com\/en\/bdw-programmeintrag\/edward-w-godwin-and-oscar-wilde-dandies-decadence-modernism\/\">Edward W. Godwin and Oscar Wilde. Dandies Decadence Modernism<\/a><\/h6><\/div><div class=\"dce-item dce-item_custommeta elementor-repeater-item-9466b85\"><div class=\"dce-post-custommeta dce-post-custommeta dce-post-custommeta dce-post-custommeta dce-post-custommeta dce-post-custommeta dce-post-custommeta\"><div class=\"dce-meta-item dce-meta-9466b85 dce-meta-text elementor-repeater-item-9466b85\"><div>Br\u00f6han Museum<\/div><\/div><\/div><\/div><div class=\"dce-item dce-item_termstaxonomy elementor-repeater-item-32838f2 elementor-hidden-mobile\"><div class=\"dce-post-terms\"><ul class=\"dce-terms-list dce-taxonomy-designfeld\"><li class=\"dce-term-item\"><span class=\"dce-term dce-term-537\" data-dce-order=\"\">product<\/span><\/li><\/ul><ul class=\"dce-terms-list dce-taxonomy-event-typ\"><li class=\"dce-term-item\"><span class=\"dce-term dce-term-872\" data-dce-order=\"\">Exhibition<\/span><\/li><\/ul><\/div><\/div><div class=\"dce-item dce-item_content elementor-repeater-item-2696897 elementor-hidden-tablet elementor-hidden-mobile\"><div class=\"dce-post-content\">The exhibition is dedicated to two outstanding protagonists of the Aesthetic Movement, whose cult of beauty provided a significant impulse for the emergence of modern design. Based on the exemplary co&hellip;<\/div><\/div><div class=\"dce-item dce-item_readmore elementor-repeater-item-70d52b9\">\t\t<div class=\"dce-post-button\">\n\t\t\t<a href=\"https:\/\/berlindesignweek.com\/en\/bdw-programmeintrag\/edward-w-godwin-and-oscar-wilde-dandies-decadence-modernism\/\" class=\"elementor-button-link elementor-button dce-button elementor-size-xs\" role=\"button\" >\n\t\t\tmore\t\t\t<\/a>\n\t\t<\/div>\n\t\t<\/div>\t\t\t<\/div>\n\t\t<\/article>\n\t\t\n\t\t<article class=\"post-50170 bdw_programmeintrag type-bdw_programmeintrag status-publish format-standard has-post-thumbnail hentry bdw_tag-29-mai-2026 bdw_tag-30-mai-2026 designfeld-architektur designfeld-interior-design designfeld-produktdesign event-typ-tour format-eigenes-format jahr-885 location_bdw-satellites dce-post dce-post-item dce-item-grid\" data-dce-post-id=\"50170\" data-dce-post-index=\"7\" data-post-link=\"https:\/\/berlindesignweek.com\/en\/bdw-programmeintrag\/public-tour-in-german-exhibition-edward-w-godwin-and-oscar-wilde-dandies-decadence-modernism\/\">\n\t\t\t<div class=\"dce-post-block elementor-animation-grow\">\n\t\t<div class=\"dce-item dce-item_image elementor-repeater-item-82b0272\"><a class=\"dce-post-image\" href=\"https:\/\/berlindesignweek.com\/en\/bdw-programmeintrag\/public-tour-in-german-exhibition-edward-w-godwin-and-oscar-wilde-dandies-decadence-modernism\/\"><figure  class=\"dce-img\"><img loading=\"lazy\" decoding=\"async\" width=\"800\" height=\"800\" src=\"https:\/\/berlindesignweek.com\/wp-content\/uploads\/2026\/03\/b1_abb8_1875_BROHAN-EXPORT-055KL-bc7d12d7a57dcc97f008b18c9936ad5e-1024x1024.jpg\" class=\"\" alt=\"Public Tour (in German), exhibition &quot;Edward W. Godwin and Oscar Wilde. Dandies Decadence Modernism&quot;\" srcset=\"https:\/\/berlindesignweek.com\/wp-content\/uploads\/2026\/03\/b1_abb8_1875_BROHAN-EXPORT-055KL-bc7d12d7a57dcc97f008b18c9936ad5e-1024x1024.jpg 1024w, https:\/\/berlindesignweek.com\/wp-content\/uploads\/2026\/03\/b1_abb8_1875_BROHAN-EXPORT-055KL-bc7d12d7a57dcc97f008b18c9936ad5e-300x300.jpg 300w, https:\/\/berlindesignweek.com\/wp-content\/uploads\/2026\/03\/b1_abb8_1875_BROHAN-EXPORT-055KL-bc7d12d7a57dcc97f008b18c9936ad5e-150x150.jpg 150w, https:\/\/berlindesignweek.com\/wp-content\/uploads\/2026\/03\/b1_abb8_1875_BROHAN-EXPORT-055KL-bc7d12d7a57dcc97f008b18c9936ad5e-768x768.jpg 768w, https:\/\/berlindesignweek.com\/wp-content\/uploads\/2026\/03\/b1_abb8_1875_BROHAN-EXPORT-055KL-bc7d12d7a57dcc97f008b18c9936ad5e-1536x1536.jpg 1536w, https:\/\/berlindesignweek.com\/wp-content\/uploads\/2026\/03\/b1_abb8_1875_BROHAN-EXPORT-055KL-bc7d12d7a57dcc97f008b18c9936ad5e-scaled.jpg 2048w, https:\/\/berlindesignweek.com\/wp-content\/uploads\/2026\/03\/b1_abb8_1875_BROHAN-EXPORT-055KL-bc7d12d7a57dcc97f008b18c9936ad5e-650x650.jpg 650w, https:\/\/berlindesignweek.com\/wp-content\/uploads\/2026\/03\/b1_abb8_1875_BROHAN-EXPORT-055KL-bc7d12d7a57dcc97f008b18c9936ad5e-1300x1300.jpg 1300w\" sizes=\"(max-width: 800px) 100vw, 800px\" \/><\/figure><\/a><\/div><div class=\"dce-item dce-item_termstaxonomy elementor-repeater-item-f518f88\"><div class=\"dce-post-terms\"><ul class=\"dce-terms-list dce-taxonomy-bdw_tag\"><li class=\"dce-term-item\"><span class=\"dce-term dce-term-845\" data-dce-order=\"\">29. Mai 2026<\/span><\/li><li class=\"dce-term-item\"><span class=\"dce-separator\">|<\/span><span class=\"dce-term dce-term-846\" data-dce-order=\"\">30. Mai 2026<\/span><\/li><\/ul><\/div><\/div><div class=\"dce-item dce-item_title elementor-repeater-item-1cf7548\"><h6 class=\"dce-post-title\"><a href=\"https:\/\/berlindesignweek.com\/en\/bdw-programmeintrag\/public-tour-in-german-exhibition-edward-w-godwin-and-oscar-wilde-dandies-decadence-modernism\/\">Public Tour (in German), exhibition \"Edward W. Godwin and Oscar Wilde. Dandies Decadence Modernism\"<\/a><\/h6><\/div><div class=\"dce-item dce-item_custommeta elementor-repeater-item-9466b85\"><div class=\"dce-post-custommeta dce-post-custommeta dce-post-custommeta dce-post-custommeta dce-post-custommeta dce-post-custommeta dce-post-custommeta dce-post-custommeta\"><div class=\"dce-meta-item dce-meta-9466b85 dce-meta-text elementor-repeater-item-9466b85\"><div>Br\u00f6han Museum<\/div><\/div><\/div><\/div><div class=\"dce-item dce-item_termstaxonomy elementor-repeater-item-32838f2 elementor-hidden-mobile\"><div class=\"dce-post-terms\"><ul class=\"dce-terms-list dce-taxonomy-designfeld\"><li class=\"dce-term-item\"><span class=\"dce-term dce-term-461\" data-dce-order=\"\">Architektur<\/span><\/li><li class=\"dce-term-item\"><span class=\"dce-separator\">|<\/span><span class=\"dce-term dce-term-468\" data-dce-order=\"\">Interior<\/span><\/li><li class=\"dce-term-item\"><span class=\"dce-separator\">|<\/span><span class=\"dce-term dce-term-536\" data-dce-order=\"\">Produkt<\/span><\/li><\/ul><ul class=\"dce-terms-list dce-taxonomy-event-typ\"><li class=\"dce-term-item\"><span class=\"dce-term dce-term-861\" data-dce-order=\"\">Tour<\/span><\/li><\/ul><\/div><\/div><div class=\"dce-item dce-item_content elementor-repeater-item-2696897 elementor-hidden-tablet elementor-hidden-mobile\"><div class=\"dce-post-content\">The exhibition is dedicated to two outstanding protagonists of the Aesthetic Movement, whose cult of beauty provided a significant impulse for the emergence of modern design. Based on the exemplary co&hellip;<\/div><\/div><div class=\"dce-item dce-item_readmore elementor-repeater-item-70d52b9\">\t\t<div class=\"dce-post-button\">\n\t\t\t<a href=\"https:\/\/berlindesignweek.com\/en\/bdw-programmeintrag\/public-tour-in-german-exhibition-edward-w-godwin-and-oscar-wilde-dandies-decadence-modernism\/\" class=\"elementor-button-link elementor-button dce-button elementor-size-xs\" role=\"button\" >\n\t\t\tmore\t\t\t<\/a>\n\t\t<\/div>\n\t\t<\/div>\t\t\t<\/div>\n\t\t<\/article>\n\t\t\n\t\t<article class=\"post-50267 bdw_programmeintrag type-bdw_programmeintrag status-publish format-standard has-post-thumbnail hentry bdw_tag-30-mai-2026 bdw_tag-31-mai-2026 designfeld-fashion designfeld-handwerk event-typ-ausstellung format-design-pool jahr-885 location_bdw-m60 dce-post dce-post-item dce-item-grid\" data-dce-post-id=\"50267\" data-dce-post-index=\"8\" data-post-link=\"https:\/\/berlindesignweek.com\/en\/bdw-programmeintrag\/rio-jewellery\/\">\n\t\t\t<div class=\"dce-post-block elementor-animation-grow\">\n\t\t<div class=\"dce-item dce-item_image elementor-repeater-item-82b0272\"><a class=\"dce-post-image\" href=\"https:\/\/berlindesignweek.com\/en\/bdw-programmeintrag\/rio-jewellery\/\"><figure  class=\"dce-img\"><img loading=\"lazy\" decoding=\"async\" width=\"800\" height=\"429\" src=\"https:\/\/berlindesignweek.com\/wp-content\/uploads\/2026\/03\/rio-lange-kette-mit-tropfen-wolken-weis-743e5223f5a1da48f14925e4078a1de6-1024x549.jpg\" class=\"\" alt=\"RIO jewellery\" srcset=\"https:\/\/berlindesignweek.com\/wp-content\/uploads\/2026\/03\/rio-lange-kette-mit-tropfen-wolken-weis-743e5223f5a1da48f14925e4078a1de6-1024x549.jpg 1024w, https:\/\/berlindesignweek.com\/wp-content\/uploads\/2026\/03\/rio-lange-kette-mit-tropfen-wolken-weis-743e5223f5a1da48f14925e4078a1de6-150x80.jpg 150w, https:\/\/berlindesignweek.com\/wp-content\/uploads\/2026\/03\/rio-lange-kette-mit-tropfen-wolken-weis-743e5223f5a1da48f14925e4078a1de6-300x161.jpg 300w, https:\/\/berlindesignweek.com\/wp-content\/uploads\/2026\/03\/rio-lange-kette-mit-tropfen-wolken-weis-743e5223f5a1da48f14925e4078a1de6.jpg 1120w\" sizes=\"(max-width: 800px) 100vw, 800px\" \/><\/figure><\/a><\/div><div class=\"dce-item dce-item_termstaxonomy elementor-repeater-item-f518f88\"><div class=\"dce-post-terms\"><ul class=\"dce-terms-list dce-taxonomy-bdw_tag\"><li class=\"dce-term-item\"><span class=\"dce-term dce-term-846\" data-dce-order=\"\">30. Mai 2026<\/span><\/li><li class=\"dce-term-item\"><span class=\"dce-separator\">|<\/span><span class=\"dce-term dce-term-847\" data-dce-order=\"\">31. Mai 2026<\/span><\/li><\/ul><\/div><\/div><div class=\"dce-item dce-item_title elementor-repeater-item-1cf7548\"><h6 class=\"dce-post-title\"><a href=\"https:\/\/berlindesignweek.com\/en\/bdw-programmeintrag\/rio-jewellery\/\">RIO jewellery<\/a><\/h6><\/div><div class=\"dce-item dce-item_custommeta elementor-repeater-item-9466b85\"><div class=\"dce-post-custommeta dce-post-custommeta dce-post-custommeta dce-post-custommeta dce-post-custommeta dce-post-custommeta dce-post-custommeta dce-post-custommeta dce-post-custommeta\"><div class=\"dce-meta-item dce-meta-9466b85 dce-meta-text elementor-repeater-item-9466b85\"><div>RIO Schmuck Berlin<\/div><\/div><\/div><\/div><div class=\"dce-item dce-item_termstaxonomy elementor-repeater-item-32838f2 elementor-hidden-mobile\"><div class=\"dce-post-terms\"><ul class=\"dce-terms-list dce-taxonomy-designfeld\"><li class=\"dce-term-item\"><span class=\"dce-term dce-term-478\" data-dce-order=\"\">Fashion<\/span><\/li><li class=\"dce-term-item\"><span class=\"dce-separator\">|<\/span><span class=\"dce-term dce-term-463\" data-dce-order=\"\">Handwerk<\/span><\/li><\/ul><ul class=\"dce-terms-list dce-taxonomy-event-typ\"><li class=\"dce-term-item\"><span class=\"dce-term dce-term-858\" data-dce-order=\"\">Ausstellung<\/span><\/li><\/ul><\/div><\/div><div class=\"dce-item dce-item_content elementor-repeater-item-2696897 elementor-hidden-tablet elementor-hidden-mobile\"><div class=\"dce-post-content\">RIO Jewelry, founded by Barbara Kranz, designs and manufactures jewelry in Germany and Berlin \u2013 piece by piece.\nKey feature: Color is our currency. The collection includes earrings, necklaces, bracele&hellip;<\/div><\/div><div class=\"dce-item dce-item_readmore elementor-repeater-item-70d52b9\">\t\t<div class=\"dce-post-button\">\n\t\t\t<a href=\"https:\/\/berlindesignweek.com\/en\/bdw-programmeintrag\/rio-jewellery\/\" class=\"elementor-button-link elementor-button dce-button elementor-size-xs\" role=\"button\" >\n\t\t\tmore\t\t\t<\/a>\n\t\t<\/div>\n\t\t<\/div>\t\t\t<\/div>\n\t\t<\/article>\n\t\t\n\t\t<article class=\"post-50411 bdw_programmeintrag type-bdw_programmeintrag status-publish format-standard has-post-thumbnail hentry bdw_tag-may-28-2026 designfeld-product-design event-typ-tour format-berlin-design-nights jahr-885 location_bdw-berlin-design-night dce-post dce-post-item dce-item-grid\" data-dce-post-id=\"50411\" data-dce-post-index=\"9\" data-post-link=\"https:\/\/berlindesignweek.com\/en\/bdw-programmeintrag\/inside-mykita-haus\/\">\n\t\t\t<div class=\"dce-post-block elementor-animation-grow\">\n\t\t<div class=\"dce-item dce-item_image elementor-repeater-item-82b0272\"><a class=\"dce-post-image\" href=\"https:\/\/berlindesignweek.com\/en\/bdw-programmeintrag\/inside-mykita-haus\/\"><figure  class=\"dce-img\"><img loading=\"lazy\" decoding=\"async\" width=\"800\" height=\"420\" src=\"https:\/\/berlindesignweek.com\/wp-content\/uploads\/2026\/04\/MYKITA_Header_Berlin-Design-week-1024x538.jpg\" class=\"\" alt=\"INSIDE MYKITA HAUS\" srcset=\"https:\/\/berlindesignweek.com\/wp-content\/uploads\/2026\/04\/MYKITA_Header_Berlin-Design-week-1024x538.jpg 1024w, https:\/\/berlindesignweek.com\/wp-content\/uploads\/2026\/04\/MYKITA_Header_Berlin-Design-week-300x158.jpg 300w, https:\/\/berlindesignweek.com\/wp-content\/uploads\/2026\/04\/MYKITA_Header_Berlin-Design-week-150x79.jpg 150w, https:\/\/berlindesignweek.com\/wp-content\/uploads\/2026\/04\/MYKITA_Header_Berlin-Design-week.jpg 1200w\" sizes=\"(max-width: 800px) 100vw, 800px\" \/><\/figure><\/a><\/div><div class=\"dce-item dce-item_termstaxonomy elementor-repeater-item-f518f88\"><div class=\"dce-post-terms\"><ul class=\"dce-terms-list dce-taxonomy-bdw_tag\"><li class=\"dce-term-item\"><span class=\"dce-term dce-term-854\" data-dce-order=\"\">May 28, 2026<\/span><\/li><\/ul><\/div><\/div><div class=\"dce-item dce-item_title elementor-repeater-item-1cf7548\"><h6 class=\"dce-post-title\"><a href=\"https:\/\/berlindesignweek.com\/en\/bdw-programmeintrag\/inside-mykita-haus\/\">INSIDE MYKITA HAUS<\/a><\/h6><\/div><div class=\"dce-item dce-item_custommeta elementor-repeater-item-9466b85\"><div class=\"dce-post-custommeta dce-post-custommeta dce-post-custommeta dce-post-custommeta dce-post-custommeta dce-post-custommeta dce-post-custommeta dce-post-custommeta dce-post-custommeta dce-post-custommeta\"><div class=\"dce-meta-item dce-meta-9466b85 dce-meta-text elementor-repeater-item-9466b85\"><div>MYKITA<\/div><\/div><\/div><\/div><div class=\"dce-item dce-item_termstaxonomy elementor-repeater-item-32838f2 elementor-hidden-mobile\"><div class=\"dce-post-terms\"><ul class=\"dce-terms-list dce-taxonomy-designfeld\"><li class=\"dce-term-item\"><span class=\"dce-term dce-term-537\" data-dce-order=\"\">product<\/span><\/li><\/ul><ul class=\"dce-terms-list dce-taxonomy-event-typ\"><li class=\"dce-term-item\"><span class=\"dce-term dce-term-877\" data-dce-order=\"\">Tour<\/span><\/li><\/ul><\/div><\/div><div class=\"dce-item dce-item_content elementor-repeater-item-2696897 elementor-hidden-tablet elementor-hidden-mobile\"><div class=\"dce-post-content\">Founded in Berlin in 2003, MYKITA is a design house for pioneering eyewear known for its pure yet radical aesthetic. From the outset, the company took an industrial design approach to eyewear, rethink&hellip;<\/div><\/div><div class=\"dce-item dce-item_readmore elementor-repeater-item-70d52b9\">\t\t<div class=\"dce-post-button\">\n\t\t\t<a href=\"https:\/\/berlindesignweek.com\/en\/bdw-programmeintrag\/inside-mykita-haus\/\" class=\"elementor-button-link elementor-button dce-button elementor-size-xs\" role=\"button\" >\n\t\t\tmore\t\t\t<\/a>\n\t\t<\/div>\n\t\t<\/div>\t\t\t<\/div>\n\t\t<\/article>\n\t\t\n\t\t<article class=\"post-50436 bdw_programmeintrag type-bdw_programmeintrag status-publish format-standard has-post-thumbnail hentry bdw_tag-may-30-2026 bdw_tag-may-31-2026 designfeld-product-design format-design-pool jahr-885 location_bdw-m60 dce-post dce-post-item dce-item-grid\" data-dce-post-id=\"50436\" data-dce-post-index=\"10\" data-post-link=\"https:\/\/berlindesignweek.com\/en\/bdw-programmeintrag\/linda-pro\/\">\n\t\t\t<div class=\"dce-post-block elementor-animation-grow\">\n\t\t<div class=\"dce-item dce-item_image elementor-repeater-item-82b0272\"><a class=\"dce-post-image\" href=\"https:\/\/berlindesignweek.com\/en\/bdw-programmeintrag\/linda-pro\/\"><figure  class=\"dce-img\"><img loading=\"lazy\" decoding=\"async\" width=\"800\" height=\"420\" src=\"https:\/\/berlindesignweek.com\/wp-content\/uploads\/2026\/04\/ccover-238b9c8ed88e19eaad42583cdf316ecb-1024x538.jpg\" class=\"\" alt=\"LINDA PRO\" srcset=\"https:\/\/berlindesignweek.com\/wp-content\/uploads\/2026\/04\/ccover-238b9c8ed88e19eaad42583cdf316ecb-1024x538.jpg 1024w, https:\/\/berlindesignweek.com\/wp-content\/uploads\/2026\/04\/ccover-238b9c8ed88e19eaad42583cdf316ecb-300x158.jpg 300w, https:\/\/berlindesignweek.com\/wp-content\/uploads\/2026\/04\/ccover-238b9c8ed88e19eaad42583cdf316ecb-150x79.jpg 150w, https:\/\/berlindesignweek.com\/wp-content\/uploads\/2026\/04\/ccover-238b9c8ed88e19eaad42583cdf316ecb.jpg 1200w\" sizes=\"(max-width: 800px) 100vw, 800px\" \/><\/figure><\/a><\/div><div class=\"dce-item dce-item_termstaxonomy elementor-repeater-item-f518f88\"><div class=\"dce-post-terms\"><ul class=\"dce-terms-list dce-taxonomy-bdw_tag\"><li class=\"dce-term-item\"><span class=\"dce-term dce-term-856\" data-dce-order=\"\">May 30, 2026<\/span><\/li><li class=\"dce-term-item\"><span class=\"dce-separator\">|<\/span><span class=\"dce-term dce-term-857\" data-dce-order=\"\">May 31, 2026<\/span><\/li><\/ul><\/div><\/div><div class=\"dce-item dce-item_title elementor-repeater-item-1cf7548\"><h6 class=\"dce-post-title\"><a href=\"https:\/\/berlindesignweek.com\/en\/bdw-programmeintrag\/linda-pro\/\">LINDA PRO<\/a><\/h6><\/div><div class=\"dce-item dce-item_custommeta elementor-repeater-item-9466b85\"><div class=\"dce-post-custommeta dce-post-custommeta dce-post-custommeta dce-post-custommeta dce-post-custommeta dce-post-custommeta dce-post-custommeta dce-post-custommeta dce-post-custommeta dce-post-custommeta dce-post-custommeta\"><div class=\"dce-meta-item dce-meta-9466b85 dce-meta-text elementor-repeater-item-9466b85\"><div>LINDA PRO<\/div><\/div><\/div><\/div><div class=\"dce-item dce-item_termstaxonomy elementor-repeater-item-32838f2 elementor-hidden-mobile\"><div class=\"dce-post-terms\"><ul class=\"dce-terms-list dce-taxonomy-designfeld\"><li class=\"dce-term-item\"><span class=\"dce-term dce-term-537\" data-dce-order=\"\">product<\/span><\/li><\/ul><\/div><\/div><div class=\"dce-item dce-item_content elementor-repeater-item-2696897 elementor-hidden-tablet elementor-hidden-mobile\"><div class=\"dce-post-content\">LINDA PRO, founded by Czech designer and artist Linda Proch\u00e1zka, presents objects made from hand-blown Bohemian crystal glass, characterized by delicate, feminine aesthetics and a strong sculptural pr&hellip;<\/div><\/div><div class=\"dce-item dce-item_readmore elementor-repeater-item-70d52b9\">\t\t<div class=\"dce-post-button\">\n\t\t\t<a href=\"https:\/\/berlindesignweek.com\/en\/bdw-programmeintrag\/linda-pro\/\" class=\"elementor-button-link elementor-button dce-button elementor-size-xs\" role=\"button\" >\n\t\t\tmore\t\t\t<\/a>\n\t\t<\/div>\n\t\t<\/div>\t\t\t<\/div>\n\t\t<\/article>\n\t\t\n\t\t<article class=\"post-50447 bdw_programmeintrag type-bdw_programmeintrag status-publish format-standard has-post-thumbnail hentry bdw_tag-may-28-2026 designfeld-product-design event-typ-exhibition format-berlin-design-nights jahr-885 location_bdw-berlin-design-night dce-post dce-post-item dce-item-grid\" data-dce-post-id=\"50447\" data-dce-post-index=\"11\" data-post-link=\"https:\/\/berlindesignweek.com\/en\/bdw-programmeintrag\/open-night-at-iris-ceramica-group-gallery\/\">\n\t\t\t<div class=\"dce-post-block elementor-animation-grow\">\n\t\t<div class=\"dce-item dce-item_image elementor-repeater-item-82b0272\"><a class=\"dce-post-image\" href=\"https:\/\/berlindesignweek.com\/en\/bdw-programmeintrag\/open-night-at-iris-ceramica-group-gallery\/\"><figure  class=\"dce-img\"><img loading=\"lazy\" decoding=\"async\" width=\"800\" height=\"534\" src=\"https:\/\/berlindesignweek.com\/wp-content\/uploads\/2026\/04\/01_cover_icg-gallery-berlin_facade-9f1b722daaa7ea77d85b10cddabbe2b0-1024x683.jpg\" class=\"\" alt=\"OPEN NIGHT AT IRIS CERAMICA GROUP GALLERY\" srcset=\"https:\/\/berlindesignweek.com\/wp-content\/uploads\/2026\/04\/01_cover_icg-gallery-berlin_facade-9f1b722daaa7ea77d85b10cddabbe2b0-1024x683.jpg 1024w, https:\/\/berlindesignweek.com\/wp-content\/uploads\/2026\/04\/01_cover_icg-gallery-berlin_facade-9f1b722daaa7ea77d85b10cddabbe2b0-300x200.jpg 300w, https:\/\/berlindesignweek.com\/wp-content\/uploads\/2026\/04\/01_cover_icg-gallery-berlin_facade-9f1b722daaa7ea77d85b10cddabbe2b0-150x100.jpg 150w, https:\/\/berlindesignweek.com\/wp-content\/uploads\/2026\/04\/01_cover_icg-gallery-berlin_facade-9f1b722daaa7ea77d85b10cddabbe2b0-1536x1024.jpg 1536w, https:\/\/berlindesignweek.com\/wp-content\/uploads\/2026\/04\/01_cover_icg-gallery-berlin_facade-9f1b722daaa7ea77d85b10cddabbe2b0.jpg 2048w\" sizes=\"(max-width: 800px) 100vw, 800px\" \/><\/figure><\/a><\/div><div class=\"dce-item dce-item_termstaxonomy elementor-repeater-item-f518f88\"><div class=\"dce-post-terms\"><ul class=\"dce-terms-list dce-taxonomy-bdw_tag\"><li class=\"dce-term-item\"><span class=\"dce-term dce-term-854\" data-dce-order=\"\">May 28, 2026<\/span><\/li><\/ul><\/div><\/div><div class=\"dce-item dce-item_title elementor-repeater-item-1cf7548\"><h6 class=\"dce-post-title\"><a href=\"https:\/\/berlindesignweek.com\/en\/bdw-programmeintrag\/open-night-at-iris-ceramica-group-gallery\/\">OPEN NIGHT AT IRIS CERAMICA GROUP GALLERY<\/a><\/h6><\/div><div class=\"dce-item dce-item_custommeta elementor-repeater-item-9466b85\"><div class=\"dce-post-custommeta dce-post-custommeta dce-post-custommeta dce-post-custommeta dce-post-custommeta dce-post-custommeta dce-post-custommeta dce-post-custommeta dce-post-custommeta dce-post-custommeta dce-post-custommeta dce-post-custommeta\"><div class=\"dce-meta-item dce-meta-9466b85 dce-meta-text elementor-repeater-item-9466b85\"><div>IRIS CERAMICA GROUP<\/div><\/div><\/div><\/div><div class=\"dce-item dce-item_termstaxonomy elementor-repeater-item-32838f2 elementor-hidden-mobile\"><div class=\"dce-post-terms\"><ul class=\"dce-terms-list dce-taxonomy-designfeld\"><li class=\"dce-term-item\"><span class=\"dce-term dce-term-537\" data-dce-order=\"\">product<\/span><\/li><\/ul><ul class=\"dce-terms-list dce-taxonomy-event-typ\"><li class=\"dce-term-item\"><span class=\"dce-term dce-term-872\" data-dce-order=\"\">Exhibition<\/span><\/li><\/ul><\/div><\/div><div class=\"dce-item dce-item_content elementor-repeater-item-2696897 elementor-hidden-tablet elementor-hidden-mobile\"><div class=\"dce-post-content\">Experience an exclusive evening as Iris Ceramica Group opens the doors of its Berlin-Mitte Gallery during Berlin Design Week.\n28.05. | 6:00 \u2013 10:00 PM\nDiscover the world of high-end ceramic surfaces a&hellip;<\/div><\/div><div class=\"dce-item dce-item_readmore elementor-repeater-item-70d52b9\">\t\t<div class=\"dce-post-button\">\n\t\t\t<a href=\"https:\/\/berlindesignweek.com\/en\/bdw-programmeintrag\/open-night-at-iris-ceramica-group-gallery\/\" class=\"elementor-button-link elementor-button dce-button elementor-size-xs\" role=\"button\" >\n\t\t\tmore\t\t\t<\/a>\n\t\t<\/div>\n\t\t<\/div>\t\t\t<\/div>\n\t\t<\/article>\n\t\t\n\t\t<article class=\"post-50459 bdw_programmeintrag type-bdw_programmeintrag status-publish format-standard has-post-thumbnail hentry bdw_tag-may-30-2026 bdw_tag-may-31-2026 designfeld-circular designfeld-fashion designfeld-handwerk format-design-pool jahr-885 location_bdw-m60 dce-post dce-post-item dce-item-grid\" data-dce-post-id=\"50459\" data-dce-post-index=\"12\" data-post-link=\"https:\/\/berlindesignweek.com\/en\/bdw-programmeintrag\/the-dokra-collection\/\">\n\t\t\t<div class=\"dce-post-block elementor-animation-grow\">\n\t\t<div class=\"dce-item dce-item_image elementor-repeater-item-82b0272\"><a class=\"dce-post-image\" href=\"https:\/\/berlindesignweek.com\/en\/bdw-programmeintrag\/the-dokra-collection\/\"><figure  class=\"dce-img\"><img loading=\"lazy\" decoding=\"async\" width=\"768\" height=\"1024\" src=\"https:\/\/berlindesignweek.com\/wp-content\/uploads\/2026\/04\/Slide1-a711af15d05bbf6efe9078db7880d95a-768x1024.jpeg\" class=\"\" alt=\"The Dokra Collection\" srcset=\"https:\/\/berlindesignweek.com\/wp-content\/uploads\/2026\/04\/Slide1-a711af15d05bbf6efe9078db7880d95a-768x1024.jpeg 768w, https:\/\/berlindesignweek.com\/wp-content\/uploads\/2026\/04\/Slide1-a711af15d05bbf6efe9078db7880d95a-225x300.jpeg 225w, https:\/\/berlindesignweek.com\/wp-content\/uploads\/2026\/04\/Slide1-a711af15d05bbf6efe9078db7880d95a-113x150.jpeg 113w, https:\/\/berlindesignweek.com\/wp-content\/uploads\/2026\/04\/Slide1-a711af15d05bbf6efe9078db7880d95a-1152x1536.jpeg 1152w, https:\/\/berlindesignweek.com\/wp-content\/uploads\/2026\/04\/Slide1-a711af15d05bbf6efe9078db7880d95a.jpeg 1536w\" sizes=\"(max-width: 768px) 100vw, 768px\" \/><\/figure><\/a><\/div><div class=\"dce-item dce-item_termstaxonomy elementor-repeater-item-f518f88\"><div class=\"dce-post-terms\"><ul class=\"dce-terms-list dce-taxonomy-bdw_tag\"><li class=\"dce-term-item\"><span class=\"dce-term dce-term-856\" data-dce-order=\"\">May 30, 2026<\/span><\/li><li class=\"dce-term-item\"><span class=\"dce-separator\">|<\/span><span class=\"dce-term dce-term-857\" data-dce-order=\"\">May 31, 2026<\/span><\/li><\/ul><\/div><\/div><div class=\"dce-item dce-item_title elementor-repeater-item-1cf7548\"><h6 class=\"dce-post-title\"><a href=\"https:\/\/berlindesignweek.com\/en\/bdw-programmeintrag\/the-dokra-collection\/\">The Dokra Collection<\/a><\/h6><\/div><div class=\"dce-item dce-item_custommeta elementor-repeater-item-9466b85\"><div class=\"dce-post-custommeta dce-post-custommeta dce-post-custommeta dce-post-custommeta dce-post-custommeta dce-post-custommeta dce-post-custommeta dce-post-custommeta dce-post-custommeta dce-post-custommeta dce-post-custommeta dce-post-custommeta dce-post-custommeta\"><div class=\"dce-meta-item dce-meta-9466b85 dce-meta-text elementor-repeater-item-9466b85\"><div>enarai<\/div><\/div><\/div><\/div><div class=\"dce-item dce-item_termstaxonomy elementor-repeater-item-32838f2 elementor-hidden-mobile\"><div class=\"dce-post-terms\"><ul class=\"dce-terms-list dce-taxonomy-designfeld\"><li class=\"dce-term-item\"><span class=\"dce-term dce-term-464\" data-dce-order=\"\">Circular Design<\/span><\/li><li class=\"dce-term-item\"><span class=\"dce-separator\">|<\/span><span class=\"dce-term dce-term-478\" data-dce-order=\"\">Fashion<\/span><\/li><li class=\"dce-term-item\"><span class=\"dce-separator\">|<\/span><span class=\"dce-term dce-term-463\" data-dce-order=\"\">Handwerk<\/span><\/li><\/ul><\/div><\/div><div class=\"dce-item dce-item_content elementor-repeater-item-2696897 elementor-hidden-tablet elementor-hidden-mobile\"><div class=\"dce-post-content\">Enarai presents The Dokra Collection &#8211; a limited edition series showcasing an ancient craft on contemporary objects. \nDokra is handcrafted by tribal artisans in India without any electricity ove&hellip;<\/div><\/div><div class=\"dce-item dce-item_readmore elementor-repeater-item-70d52b9\">\t\t<div class=\"dce-post-button\">\n\t\t\t<a href=\"https:\/\/berlindesignweek.com\/en\/bdw-programmeintrag\/the-dokra-collection\/\" class=\"elementor-button-link elementor-button dce-button elementor-size-xs\" role=\"button\" >\n\t\t\tmore\t\t\t<\/a>\n\t\t<\/div>\n\t\t<\/div>\t\t\t<\/div>\n\t\t<\/article>\n\t\t\n\t\t<article class=\"post-50468 bdw_programmeintrag type-bdw_programmeintrag status-publish format-standard has-post-thumbnail hentry bdw_tag-may-28-2026 designfeld-material-en event-typ-exhibition format-berlin-design-nights jahr-885 location_bdw-berlin-design-night dce-post dce-post-item dce-item-grid\" data-dce-post-id=\"50468\" data-dce-post-index=\"13\" data-post-link=\"https:\/\/berlindesignweek.com\/en\/bdw-programmeintrag\/dear-anni-i-wove-with-a-3d-printer-2\/\">\n\t\t\t<div class=\"dce-post-block elementor-animation-grow\">\n\t\t<div class=\"dce-item dce-item_image elementor-repeater-item-82b0272\"><a class=\"dce-post-image\" href=\"https:\/\/berlindesignweek.com\/en\/bdw-programmeintrag\/dear-anni-i-wove-with-a-3d-printer-2\/\"><figure  class=\"dce-img\"><img loading=\"lazy\" decoding=\"async\" width=\"800\" height=\"813\" src=\"https:\/\/berlindesignweek.com\/wp-content\/uploads\/2026\/04\/Mia-Akhavan-d565663eed9075e067b5ff3ff51040b8-1008x1024.jpg\" class=\"\" alt=\"Dear Anni, I wove with a 3D Printer\" srcset=\"https:\/\/berlindesignweek.com\/wp-content\/uploads\/2026\/04\/Mia-Akhavan-d565663eed9075e067b5ff3ff51040b8-1008x1024.jpg 1008w, https:\/\/berlindesignweek.com\/wp-content\/uploads\/2026\/04\/Mia-Akhavan-d565663eed9075e067b5ff3ff51040b8-295x300.jpg 295w, https:\/\/berlindesignweek.com\/wp-content\/uploads\/2026\/04\/Mia-Akhavan-d565663eed9075e067b5ff3ff51040b8-148x150.jpg 148w, https:\/\/berlindesignweek.com\/wp-content\/uploads\/2026\/04\/Mia-Akhavan-d565663eed9075e067b5ff3ff51040b8.jpg 1244w\" sizes=\"(max-width: 800px) 100vw, 800px\" \/><\/figure><\/a><\/div><div class=\"dce-item dce-item_termstaxonomy elementor-repeater-item-f518f88\"><div class=\"dce-post-terms\"><ul class=\"dce-terms-list dce-taxonomy-bdw_tag\"><li class=\"dce-term-item\"><span class=\"dce-term dce-term-854\" data-dce-order=\"\">May 28, 2026<\/span><\/li><\/ul><\/div><\/div><div class=\"dce-item dce-item_title elementor-repeater-item-1cf7548\"><h6 class=\"dce-post-title\"><a href=\"https:\/\/berlindesignweek.com\/en\/bdw-programmeintrag\/dear-anni-i-wove-with-a-3d-printer-2\/\">Dear Anni, I wove with a 3D Printer<\/a><\/h6><\/div><div class=\"dce-item dce-item_custommeta elementor-repeater-item-9466b85\"><div class=\"dce-post-custommeta dce-post-custommeta dce-post-custommeta dce-post-custommeta dce-post-custommeta dce-post-custommeta dce-post-custommeta dce-post-custommeta dce-post-custommeta dce-post-custommeta dce-post-custommeta dce-post-custommeta dce-post-custommeta dce-post-custommeta\"><div class=\"dce-meta-item dce-meta-9466b85 dce-meta-text elementor-repeater-item-9466b85\"><div>U8 HAUS<\/div><\/div><\/div><\/div><div class=\"dce-item dce-item_termstaxonomy elementor-repeater-item-32838f2 elementor-hidden-mobile\"><div class=\"dce-post-terms\"><ul class=\"dce-terms-list dce-taxonomy-designfeld\"><li class=\"dce-term-item\"><span class=\"dce-term dce-term-535\" data-dce-order=\"\">material<\/span><\/li><\/ul><ul class=\"dce-terms-list dce-taxonomy-event-typ\"><li class=\"dce-term-item\"><span class=\"dce-term dce-term-872\" data-dce-order=\"\">Exhibition<\/span><\/li><\/ul><\/div><\/div><div class=\"dce-item dce-item_content elementor-repeater-item-2696897 elementor-hidden-tablet elementor-hidden-mobile\"><div class=\"dce-post-content\">For Berlin Design Week, U8 HAUS presents \u201cDear Anni, I wove with a 3D Printer\u201d by designer and artist Mia Akhavan. The exhibition is framed as a speculative letter to Anni Albers, the Berlin-born text&hellip;<\/div><\/div><div class=\"dce-item dce-item_readmore elementor-repeater-item-70d52b9\">\t\t<div class=\"dce-post-button\">\n\t\t\t<a href=\"https:\/\/berlindesignweek.com\/en\/bdw-programmeintrag\/dear-anni-i-wove-with-a-3d-printer-2\/\" class=\"elementor-button-link elementor-button dce-button elementor-size-xs\" role=\"button\" >\n\t\t\tmore\t\t\t<\/a>\n\t\t<\/div>\n\t\t<\/div>\t\t\t<\/div>\n\t\t<\/article>\n\t\t\n\t\t<article class=\"post-50477 bdw_programmeintrag type-bdw_programmeintrag status-publish format-standard has-post-thumbnail hentry bdw_tag-may-28-2026 bdw_tag-may-29-2026 bdw_tag-may-30-2026 bdw_tag-may-31-2026 designfeld-architektur designfeld-grafik designfeld-interior-design event-typ-exhibition format-own-format jahr-885 location_bdw-satellites dce-post dce-post-item dce-item-grid\" data-dce-post-id=\"50477\" data-dce-post-index=\"14\" data-post-link=\"https:\/\/berlindesignweek.com\/en\/bdw-programmeintrag\/nordic-masterpieces-in-berlin-filmische-baukultur-zwischen-hansaviertel-und-zimmer-606\/\">\n\t\t\t<div class=\"dce-post-block elementor-animation-grow\">\n\t\t<div class=\"dce-item dce-item_image elementor-repeater-item-82b0272\"><a class=\"dce-post-image\" href=\"https:\/\/berlindesignweek.com\/en\/bdw-programmeintrag\/nordic-masterpieces-in-berlin-filmische-baukultur-zwischen-hansaviertel-und-zimmer-606\/\"><figure  class=\"dce-img\"><img loading=\"lazy\" decoding=\"async\" width=\"800\" height=\"420\" src=\"https:\/\/berlindesignweek.com\/wp-content\/uploads\/2026\/04\/nordic-masterpieces-b20fce0933571a49de1511e0888bc9e5-1024x538.jpg\" class=\"\" alt=\"Nordic Masterpieces in Berlin: Filmische Baukultur zwischen Hansaviertel und Zimmer 606\" srcset=\"https:\/\/berlindesignweek.com\/wp-content\/uploads\/2026\/04\/nordic-masterpieces-b20fce0933571a49de1511e0888bc9e5-1024x538.jpg 1024w, https:\/\/berlindesignweek.com\/wp-content\/uploads\/2026\/04\/nordic-masterpieces-b20fce0933571a49de1511e0888bc9e5-300x158.jpg 300w, https:\/\/berlindesignweek.com\/wp-content\/uploads\/2026\/04\/nordic-masterpieces-b20fce0933571a49de1511e0888bc9e5-150x79.jpg 150w, https:\/\/berlindesignweek.com\/wp-content\/uploads\/2026\/04\/nordic-masterpieces-b20fce0933571a49de1511e0888bc9e5.jpg 1200w\" sizes=\"(max-width: 800px) 100vw, 800px\" \/><\/figure><\/a><\/div><div class=\"dce-item dce-item_termstaxonomy elementor-repeater-item-f518f88\"><div class=\"dce-post-terms\"><ul class=\"dce-terms-list dce-taxonomy-bdw_tag\"><li class=\"dce-term-item\"><span class=\"dce-term dce-term-854\" data-dce-order=\"\">May 28, 2026<\/span><\/li><li class=\"dce-term-item\"><span class=\"dce-separator\">|<\/span><span class=\"dce-term dce-term-855\" data-dce-order=\"\">May 29, 2026<\/span><\/li><li class=\"dce-term-item\"><span class=\"dce-separator\">|<\/span><span class=\"dce-term dce-term-856\" data-dce-order=\"\">May 30, 2026<\/span><\/li><li class=\"dce-term-item\"><span class=\"dce-separator\">|<\/span><span class=\"dce-term dce-term-857\" data-dce-order=\"\">May 31, 2026<\/span><\/li><\/ul><\/div><\/div><div class=\"dce-item dce-item_title elementor-repeater-item-1cf7548\"><h6 class=\"dce-post-title\"><a href=\"https:\/\/berlindesignweek.com\/en\/bdw-programmeintrag\/nordic-masterpieces-in-berlin-filmische-baukultur-zwischen-hansaviertel-und-zimmer-606\/\">Nordic Masterpieces in Berlin: Filmische Baukultur zwischen Hansaviertel und Zimmer 606<\/a><\/h6><\/div><div class=\"dce-item dce-item_custommeta elementor-repeater-item-9466b85\"><div class=\"dce-post-custommeta dce-post-custommeta dce-post-custommeta dce-post-custommeta dce-post-custommeta dce-post-custommeta dce-post-custommeta dce-post-custommeta dce-post-custommeta dce-post-custommeta dce-post-custommeta dce-post-custommeta dce-post-custommeta dce-post-custommeta dce-post-custommeta\"><div class=\"dce-meta-item dce-meta-9466b85 dce-meta-text elementor-repeater-item-9466b85\"><div>THE LINK \/ Jan Dimog &amp; Hendrik Bohle in Kooperation mit LIVING BERLIN<\/div><\/div><\/div><\/div><div class=\"dce-item dce-item_termstaxonomy elementor-repeater-item-32838f2 elementor-hidden-mobile\"><div class=\"dce-post-terms\"><ul class=\"dce-terms-list dce-taxonomy-designfeld\"><li class=\"dce-term-item\"><span class=\"dce-term dce-term-461\" data-dce-order=\"\">Architektur<\/span><\/li><li class=\"dce-term-item\"><span class=\"dce-separator\">|<\/span><span class=\"dce-term dce-term-477\" data-dce-order=\"\">Grafik<\/span><\/li><li class=\"dce-term-item\"><span class=\"dce-separator\">|<\/span><span class=\"dce-term dce-term-468\" data-dce-order=\"\">Interior<\/span><\/li><\/ul><ul class=\"dce-terms-list dce-taxonomy-event-typ\"><li class=\"dce-term-item\"><span class=\"dce-term dce-term-872\" data-dce-order=\"\">Exhibition<\/span><\/li><\/ul><\/div><\/div><div class=\"dce-item dce-item_content elementor-repeater-item-2696897 elementor-hidden-tablet elementor-hidden-mobile\"><div class=\"dce-post-content\">With Nordic Masterpieces, a touring exhibition opens in Berlin, re-reading the work of Arne Jacobsen and Otto Weitling from a contemporary perspective. Six atmospheric short films deliberately avoid i&hellip;<\/div><\/div><div class=\"dce-item dce-item_readmore elementor-repeater-item-70d52b9\">\t\t<div class=\"dce-post-button\">\n\t\t\t<a href=\"https:\/\/berlindesignweek.com\/en\/bdw-programmeintrag\/nordic-masterpieces-in-berlin-filmische-baukultur-zwischen-hansaviertel-und-zimmer-606\/\" class=\"elementor-button-link elementor-button dce-button elementor-size-xs\" role=\"button\" >\n\t\t\tmore\t\t\t<\/a>\n\t\t<\/div>\n\t\t<\/div>\t\t\t<\/div>\n\t\t<\/article>\n\t\t\n\t\t<article class=\"post-50520 bdw_programmeintrag type-bdw_programmeintrag status-publish format-standard has-post-thumbnail hentry bdw_tag-may-28-2026 designfeld-communication-design event-typ-talk format-berlin-design-nights jahr-885 location_bdw-berlin-design-night dce-post dce-post-item dce-item-grid\" data-dce-post-id=\"50520\" data-dce-post-index=\"15\" data-post-link=\"https:\/\/berlindesignweek.com\/en\/bdw-programmeintrag\/open-studio-ralph-appelbaum-associates-berlin\/\">\n\t\t\t<div class=\"dce-post-block elementor-animation-grow\">\n\t\t<div class=\"dce-item dce-item_image elementor-repeater-item-82b0272\"><a class=\"dce-post-image\" href=\"https:\/\/berlindesignweek.com\/en\/bdw-programmeintrag\/open-studio-ralph-appelbaum-associates-berlin\/\"><figure  class=\"dce-img\"><img loading=\"lazy\" decoding=\"async\" width=\"800\" height=\"450\" src=\"https:\/\/berlindesignweek.com\/wp-content\/uploads\/2026\/04\/The_Whale_1-ac10d110ed757a188ea190f5e22f7819-1024x576.jpg\" class=\"\" alt=\"Open Studio @ Ralph Appelbaum Associates Berlin\" srcset=\"https:\/\/berlindesignweek.com\/wp-content\/uploads\/2026\/04\/The_Whale_1-ac10d110ed757a188ea190f5e22f7819-1024x576.jpg 1024w, https:\/\/berlindesignweek.com\/wp-content\/uploads\/2026\/04\/The_Whale_1-ac10d110ed757a188ea190f5e22f7819-300x169.jpg 300w, https:\/\/berlindesignweek.com\/wp-content\/uploads\/2026\/04\/The_Whale_1-ac10d110ed757a188ea190f5e22f7819-150x84.jpg 150w, https:\/\/berlindesignweek.com\/wp-content\/uploads\/2026\/04\/The_Whale_1-ac10d110ed757a188ea190f5e22f7819.jpg 1136w\" sizes=\"(max-width: 800px) 100vw, 800px\" \/><\/figure><\/a><\/div><div class=\"dce-item dce-item_termstaxonomy elementor-repeater-item-f518f88\"><div class=\"dce-post-terms\"><ul class=\"dce-terms-list dce-taxonomy-bdw_tag\"><li class=\"dce-term-item\"><span class=\"dce-term dce-term-854\" data-dce-order=\"\">May 28, 2026<\/span><\/li><\/ul><\/div><\/div><div class=\"dce-item dce-item_title elementor-repeater-item-1cf7548\"><h6 class=\"dce-post-title\"><a href=\"https:\/\/berlindesignweek.com\/en\/bdw-programmeintrag\/open-studio-ralph-appelbaum-associates-berlin\/\">Open Studio @ Ralph Appelbaum Associates Berlin<\/a><\/h6><\/div><div class=\"dce-item dce-item_custommeta elementor-repeater-item-9466b85\"><div class=\"dce-post-custommeta dce-post-custommeta dce-post-custommeta dce-post-custommeta dce-post-custommeta dce-post-custommeta dce-post-custommeta dce-post-custommeta dce-post-custommeta dce-post-custommeta dce-post-custommeta dce-post-custommeta dce-post-custommeta dce-post-custommeta dce-post-custommeta dce-post-custommeta\"><div class=\"dce-meta-item dce-meta-9466b85 dce-meta-text elementor-repeater-item-9466b85\"><div>RAA<\/div><\/div><\/div><\/div><div class=\"dce-item dce-item_termstaxonomy elementor-repeater-item-32838f2 elementor-hidden-mobile\"><div class=\"dce-post-terms\"><ul class=\"dce-terms-list dce-taxonomy-designfeld\"><li class=\"dce-term-item\"><span class=\"dce-term dce-term-596\" data-dce-order=\"\">communication design<\/span><\/li><\/ul><ul class=\"dce-terms-list dce-taxonomy-event-typ\"><li class=\"dce-term-item\"><span class=\"dce-term dce-term-876\" data-dce-order=\"\">Talk<\/span><\/li><\/ul><\/div><\/div><div class=\"dce-item dce-item_content elementor-repeater-item-2696897 elementor-hidden-tablet elementor-hidden-mobile\"><div class=\"dce-post-content\">At this year\u2019s Open Studio Night, we invite visitors to join us for an open format Show &#038; Tell\u2013style presentation featuring four of our current projects\u2014two from Germany and two international. Ea&hellip;<\/div><\/div><div class=\"dce-item dce-item_readmore elementor-repeater-item-70d52b9\">\t\t<div class=\"dce-post-button\">\n\t\t\t<a href=\"https:\/\/berlindesignweek.com\/en\/bdw-programmeintrag\/open-studio-ralph-appelbaum-associates-berlin\/\" class=\"elementor-button-link elementor-button dce-button elementor-size-xs\" role=\"button\" >\n\t\t\tmore\t\t\t<\/a>\n\t\t<\/div>\n\t\t<\/div>\t\t\t<\/div>\n\t\t<\/article>\n\t\t\n\t\t<article class=\"post-50576 bdw_programmeintrag type-bdw_programmeintrag status-publish format-standard has-post-thumbnail hentry bdw_tag-may-28-2026 designfeld-industrial-design-en designfeld-material-en event-typ-talk format-berlin-design-nights jahr-885 location_bdw-berlin-design-night dce-post dce-post-item dce-item-grid\" data-dce-post-id=\"50576\" data-dce-post-index=\"16\" data-post-link=\"https:\/\/berlindesignweek.com\/en\/bdw-programmeintrag\/curated-evening-material-research-in-the-design-process\/\">\n\t\t\t<div class=\"dce-post-block elementor-animation-grow\">\n\t\t<div class=\"dce-item dce-item_image elementor-repeater-item-82b0272\"><a class=\"dce-post-image\" href=\"https:\/\/berlindesignweek.com\/en\/bdw-programmeintrag\/curated-evening-material-research-in-the-design-process\/\"><figure  class=\"dce-img\"><img loading=\"lazy\" decoding=\"async\" width=\"800\" height=\"423\" src=\"https:\/\/berlindesignweek.com\/wp-content\/uploads\/2026\/04\/BerlinDesignWeek_Silvia_Wald_Aufschnitt-e34a22884bd72e8e1f23d044df24fb6a-1024x541.jpg\" class=\"\" alt=\"Curated Evening: Material Research in the Design Process\" srcset=\"https:\/\/berlindesignweek.com\/wp-content\/uploads\/2026\/04\/BerlinDesignWeek_Silvia_Wald_Aufschnitt-e34a22884bd72e8e1f23d044df24fb6a-1024x541.jpg 1024w, https:\/\/berlindesignweek.com\/wp-content\/uploads\/2026\/04\/BerlinDesignWeek_Silvia_Wald_Aufschnitt-e34a22884bd72e8e1f23d044df24fb6a-300x158.jpg 300w, https:\/\/berlindesignweek.com\/wp-content\/uploads\/2026\/04\/BerlinDesignWeek_Silvia_Wald_Aufschnitt-e34a22884bd72e8e1f23d044df24fb6a-150x79.jpg 150w, https:\/\/berlindesignweek.com\/wp-content\/uploads\/2026\/04\/BerlinDesignWeek_Silvia_Wald_Aufschnitt-e34a22884bd72e8e1f23d044df24fb6a.jpg 1424w\" sizes=\"(max-width: 800px) 100vw, 800px\" \/><\/figure><\/a><\/div><div class=\"dce-item dce-item_termstaxonomy elementor-repeater-item-f518f88\"><div class=\"dce-post-terms\"><ul class=\"dce-terms-list dce-taxonomy-bdw_tag\"><li class=\"dce-term-item\"><span class=\"dce-term dce-term-854\" data-dce-order=\"\">May 28, 2026<\/span><\/li><\/ul><\/div><\/div><div class=\"dce-item dce-item_title elementor-repeater-item-1cf7548\"><h6 class=\"dce-post-title\"><a href=\"https:\/\/berlindesignweek.com\/en\/bdw-programmeintrag\/curated-evening-material-research-in-the-design-process\/\">Curated Evening: Material Research in the Design Process<\/a><\/h6><\/div><div class=\"dce-item dce-item_custommeta elementor-repeater-item-9466b85\"><div class=\"dce-post-custommeta dce-post-custommeta dce-post-custommeta dce-post-custommeta dce-post-custommeta dce-post-custommeta dce-post-custommeta dce-post-custommeta dce-post-custommeta dce-post-custommeta dce-post-custommeta dce-post-custommeta dce-post-custommeta dce-post-custommeta dce-post-custommeta dce-post-custommeta dce-post-custommeta\"><div class=\"dce-meta-item dce-meta-9466b85 dce-meta-text elementor-repeater-item-9466b85\"><div>Dipl. Ing . Silvia Wald<\/div><\/div><\/div><\/div><div class=\"dce-item dce-item_termstaxonomy elementor-repeater-item-32838f2 elementor-hidden-mobile\"><div class=\"dce-post-terms\"><ul class=\"dce-terms-list dce-taxonomy-designfeld\"><li class=\"dce-term-item\"><span class=\"dce-term dce-term-558\" data-dce-order=\"\">industrial<\/span><\/li><li class=\"dce-term-item\"><span class=\"dce-separator\">|<\/span><span class=\"dce-term dce-term-535\" data-dce-order=\"\">material<\/span><\/li><\/ul><ul class=\"dce-terms-list dce-taxonomy-event-typ\"><li class=\"dce-term-item\"><span class=\"dce-term dce-term-876\" data-dce-order=\"\">Talk<\/span><\/li><\/ul><\/div><\/div><div class=\"dce-item dce-item_content elementor-repeater-item-2696897 elementor-hidden-tablet elementor-hidden-mobile\"><div class=\"dce-post-content\">As part of Berlin Design Week, graduate garment engineer Silvia Wald invites guests to a curated thematic evening at her Berlin-based Studio Aufschnitt. Under the title \u201cDESIGN REAL \u2013 Material Researc&hellip;<\/div><\/div><div class=\"dce-item dce-item_readmore elementor-repeater-item-70d52b9\">\t\t<div class=\"dce-post-button\">\n\t\t\t<a href=\"https:\/\/berlindesignweek.com\/en\/bdw-programmeintrag\/curated-evening-material-research-in-the-design-process\/\" class=\"elementor-button-link elementor-button dce-button elementor-size-xs\" role=\"button\" >\n\t\t\tmore\t\t\t<\/a>\n\t\t<\/div>\n\t\t<\/div>\t\t\t<\/div>\n\t\t<\/article>\n\t\t\n\t\t<article class=\"post-50585 bdw_programmeintrag type-bdw_programmeintrag status-publish format-standard has-post-thumbnail hentry bdw_tag-may-28-2026 designfeld-ux-design designfeld-social-design event-typ-workshop format-berlin-design-nights jahr-885 location_bdw-berlin-design-night dce-post dce-post-item dce-item-grid\" data-dce-post-id=\"50585\" data-dce-post-index=\"17\" data-post-link=\"https:\/\/berlindesignweek.com\/en\/bdw-programmeintrag\/designing-between-worlds\/\">\n\t\t\t<div class=\"dce-post-block elementor-animation-grow\">\n\t\t<div class=\"dce-item dce-item_image elementor-repeater-item-82b0272\"><a class=\"dce-post-image\" href=\"https:\/\/berlindesignweek.com\/en\/bdw-programmeintrag\/designing-between-worlds\/\"><figure  class=\"dce-img\"><img loading=\"lazy\" decoding=\"async\" width=\"800\" height=\"420\" src=\"https:\/\/berlindesignweek.com\/wp-content\/uploads\/2026\/04\/designing-between-worlds-banner-4cefb85db66ca73bfa7365600887e0f0-1024x538.jpg\" class=\"\" alt=\"Designing Between Worlds\" srcset=\"https:\/\/berlindesignweek.com\/wp-content\/uploads\/2026\/04\/designing-between-worlds-banner-4cefb85db66ca73bfa7365600887e0f0-1024x538.jpg 1024w, https:\/\/berlindesignweek.com\/wp-content\/uploads\/2026\/04\/designing-between-worlds-banner-4cefb85db66ca73bfa7365600887e0f0-300x158.jpg 300w, https:\/\/berlindesignweek.com\/wp-content\/uploads\/2026\/04\/designing-between-worlds-banner-4cefb85db66ca73bfa7365600887e0f0-150x79.jpg 150w, https:\/\/berlindesignweek.com\/wp-content\/uploads\/2026\/04\/designing-between-worlds-banner-4cefb85db66ca73bfa7365600887e0f0.jpg 1200w\" sizes=\"(max-width: 800px) 100vw, 800px\" \/><\/figure><\/a><\/div><div class=\"dce-item dce-item_termstaxonomy elementor-repeater-item-f518f88\"><div class=\"dce-post-terms\"><ul class=\"dce-terms-list dce-taxonomy-bdw_tag\"><li class=\"dce-term-item\"><span class=\"dce-term dce-term-854\" data-dce-order=\"\">May 28, 2026<\/span><\/li><\/ul><\/div><\/div><div class=\"dce-item dce-item_title elementor-repeater-item-1cf7548\"><h6 class=\"dce-post-title\"><a href=\"https:\/\/berlindesignweek.com\/en\/bdw-programmeintrag\/designing-between-worlds\/\">Designing Between Worlds<\/a><\/h6><\/div><div class=\"dce-item dce-item_custommeta elementor-repeater-item-9466b85\"><div class=\"dce-post-custommeta dce-post-custommeta dce-post-custommeta dce-post-custommeta dce-post-custommeta dce-post-custommeta dce-post-custommeta dce-post-custommeta dce-post-custommeta dce-post-custommeta dce-post-custommeta dce-post-custommeta dce-post-custommeta dce-post-custommeta dce-post-custommeta dce-post-custommeta dce-post-custommeta dce-post-custommeta\"><div class=\"dce-meta-item dce-meta-9466b85 dce-meta-text elementor-repeater-item-9466b85\"><div>Clayground x Designing Between Worlds<\/div><\/div><\/div><\/div><div class=\"dce-item dce-item_termstaxonomy elementor-repeater-item-32838f2 elementor-hidden-mobile\"><div class=\"dce-post-terms\"><ul class=\"dce-terms-list dce-taxonomy-designfeld\"><li class=\"dce-term-item\"><span class=\"dce-term dce-term-476\" data-dce-order=\"\">Experience<\/span><\/li><li class=\"dce-term-item\"><span class=\"dce-separator\">|<\/span><span class=\"dce-term dce-term-472\" data-dce-order=\"\">Social Design<\/span><\/li><\/ul><ul class=\"dce-terms-list dce-taxonomy-event-typ\"><li class=\"dce-term-item\"><span class=\"dce-term dce-term-878\" data-dce-order=\"\">Workshop<\/span><\/li><\/ul><\/div><\/div><div class=\"dce-item dce-item_content elementor-repeater-item-2696897 elementor-hidden-tablet elementor-hidden-mobile\"><div class=\"dce-post-content\">This workshop invites designers to reflect on how the places and cultures we come from, together with the experiences we carry, influence the way we perceive and create space.\nBy returning to the firs&hellip;<\/div><\/div><div class=\"dce-item dce-item_readmore elementor-repeater-item-70d52b9\">\t\t<div class=\"dce-post-button\">\n\t\t\t<a href=\"https:\/\/berlindesignweek.com\/en\/bdw-programmeintrag\/designing-between-worlds\/\" class=\"elementor-button-link elementor-button dce-button elementor-size-xs\" role=\"button\" >\n\t\t\tmore\t\t\t<\/a>\n\t\t<\/div>\n\t\t<\/div>\t\t\t<\/div>\n\t\t<\/article>\n\t\t\n\t\t<article class=\"post-50590 bdw_programmeintrag type-bdw_programmeintrag status-publish format-standard has-post-thumbnail hentry bdw_tag-may-29-2026 bdw_tag-may-30-2026 bdw_tag-may-31-2026 bdw_tag-may-28-2026 designfeld-interior-design event-typ-exhibition format-own-format jahr-885 location_bdw-satellites dce-post dce-post-item dce-item-grid\" data-dce-post-id=\"50590\" data-dce-post-index=\"18\" data-post-link=\"https:\/\/berlindesignweek.com\/en\/bdw-programmeintrag\/transit-objects\/\">\n\t\t\t<div class=\"dce-post-block elementor-animation-grow\">\n\t\t<div class=\"dce-item dce-item_image elementor-repeater-item-82b0272\"><a class=\"dce-post-image\" href=\"https:\/\/berlindesignweek.com\/en\/bdw-programmeintrag\/transit-objects\/\"><figure  class=\"dce-img\"><img loading=\"lazy\" decoding=\"async\" width=\"800\" height=\"450\" src=\"https:\/\/berlindesignweek.com\/wp-content\/uploads\/2026\/04\/1.FHP_Exhibition_ZwischenTuerundAngel-fed1534e57ab76f0ef2f6e0f66d73673-1024x576.jpg\" class=\"\" alt=\"Transit Objects\" srcset=\"https:\/\/berlindesignweek.com\/wp-content\/uploads\/2026\/04\/1.FHP_Exhibition_ZwischenTuerundAngel-fed1534e57ab76f0ef2f6e0f66d73673-1024x576.jpg 1024w, https:\/\/berlindesignweek.com\/wp-content\/uploads\/2026\/04\/1.FHP_Exhibition_ZwischenTuerundAngel-fed1534e57ab76f0ef2f6e0f66d73673-300x169.jpg 300w, https:\/\/berlindesignweek.com\/wp-content\/uploads\/2026\/04\/1.FHP_Exhibition_ZwischenTuerundAngel-fed1534e57ab76f0ef2f6e0f66d73673-150x84.jpg 150w, https:\/\/berlindesignweek.com\/wp-content\/uploads\/2026\/04\/1.FHP_Exhibition_ZwischenTuerundAngel-fed1534e57ab76f0ef2f6e0f66d73673.jpg 1181w\" sizes=\"(max-width: 800px) 100vw, 800px\" \/><\/figure><\/a><\/div><div class=\"dce-item dce-item_termstaxonomy elementor-repeater-item-f518f88\"><div class=\"dce-post-terms\"><ul class=\"dce-terms-list dce-taxonomy-bdw_tag\"><li class=\"dce-term-item\"><span class=\"dce-term dce-term-855\" data-dce-order=\"\">May 29, 2026<\/span><\/li><li class=\"dce-term-item\"><span class=\"dce-separator\">|<\/span><span class=\"dce-term dce-term-856\" data-dce-order=\"\">May 30, 2026<\/span><\/li><li class=\"dce-term-item\"><span class=\"dce-separator\">|<\/span><span class=\"dce-term dce-term-857\" data-dce-order=\"\">May 31, 2026<\/span><\/li><li class=\"dce-term-item\"><span class=\"dce-separator\">|<\/span><span class=\"dce-term dce-term-854\" data-dce-order=\"\">May 28, 2026<\/span><\/li><\/ul><\/div><\/div><div class=\"dce-item dce-item_title elementor-repeater-item-1cf7548\"><h6 class=\"dce-post-title\"><a href=\"https:\/\/berlindesignweek.com\/en\/bdw-programmeintrag\/transit-objects\/\">Transit Objects<\/a><\/h6><\/div><div class=\"dce-item dce-item_custommeta elementor-repeater-item-9466b85\"><div class=\"dce-post-custommeta dce-post-custommeta dce-post-custommeta dce-post-custommeta dce-post-custommeta dce-post-custommeta dce-post-custommeta dce-post-custommeta dce-post-custommeta dce-post-custommeta dce-post-custommeta dce-post-custommeta dce-post-custommeta dce-post-custommeta dce-post-custommeta dce-post-custommeta dce-post-custommeta dce-post-custommeta dce-post-custommeta\"><div class=\"dce-meta-item dce-meta-9466b85 dce-meta-text elementor-repeater-item-9466b85\"><div>FH Potsdam<\/div><\/div><\/div><\/div><div class=\"dce-item dce-item_termstaxonomy elementor-repeater-item-32838f2 elementor-hidden-mobile\"><div class=\"dce-post-terms\"><ul class=\"dce-terms-list dce-taxonomy-designfeld\"><li class=\"dce-term-item\"><span class=\"dce-term dce-term-468\" data-dce-order=\"\">Interior<\/span><\/li><\/ul><ul class=\"dce-terms-list dce-taxonomy-event-typ\"><li class=\"dce-term-item\"><span class=\"dce-term dce-term-872\" data-dce-order=\"\">Exhibition<\/span><\/li><\/ul><\/div><\/div><div class=\"dce-item dce-item_content elementor-repeater-item-2696897 elementor-hidden-tablet elementor-hidden-mobile\"><div class=\"dce-post-content\">The entryway is one of the most frequently used yet often underestimated spaces in the home. It is where first impressions are formed, where guests are welcomed and bid farewell, a threshold between p&hellip;<\/div><\/div><div class=\"dce-item dce-item_readmore elementor-repeater-item-70d52b9\">\t\t<div class=\"dce-post-button\">\n\t\t\t<a href=\"https:\/\/berlindesignweek.com\/en\/bdw-programmeintrag\/transit-objects\/\" class=\"elementor-button-link elementor-button dce-button elementor-size-xs\" role=\"button\" >\n\t\t\tmore\t\t\t<\/a>\n\t\t<\/div>\n\t\t<\/div>\t\t\t<\/div>\n\t\t<\/article>\n\t\t\n\t\t<article class=\"post-50628 bdw_programmeintrag type-bdw_programmeintrag status-publish format-standard has-post-thumbnail hentry bdw_tag-may-28-2026 designfeld-architektur designfeld-handwerk designfeld-interior-design event-typ-meet-greet format-berlin-design-nights jahr-885 location_bdw-berlin-design-night dce-post dce-post-item dce-item-grid\" data-dce-post-id=\"50628\" data-dce-post-index=\"19\" data-post-link=\"https:\/\/berlindesignweek.com\/en\/bdw-programmeintrag\/master-of-science-in-engineering\/\">\n\t\t\t<div class=\"dce-post-block elementor-animation-grow\">\n\t\t<div class=\"dce-item dce-item_image elementor-repeater-item-82b0272\"><a class=\"dce-post-image\" href=\"https:\/\/berlindesignweek.com\/en\/bdw-programmeintrag\/master-of-science-in-engineering\/\"><figure  class=\"dce-img\"><img loading=\"lazy\" decoding=\"async\" width=\"800\" height=\"450\" src=\"https:\/\/berlindesignweek.com\/wp-content\/uploads\/2026\/04\/Hof5-163a057b998fbb03c6d42c611ac6d371.jpg\" class=\"\" alt=\"Where architecture is most exciting\" srcset=\"https:\/\/berlindesignweek.com\/wp-content\/uploads\/2026\/04\/Hof5-163a057b998fbb03c6d42c611ac6d371.jpg 1024w, https:\/\/berlindesignweek.com\/wp-content\/uploads\/2026\/04\/Hof5-163a057b998fbb03c6d42c611ac6d371-300x169.jpg 300w, https:\/\/berlindesignweek.com\/wp-content\/uploads\/2026\/04\/Hof5-163a057b998fbb03c6d42c611ac6d371-150x84.jpg 150w\" sizes=\"(max-width: 800px) 100vw, 800px\" \/><\/figure><\/a><\/div><div class=\"dce-item dce-item_termstaxonomy elementor-repeater-item-f518f88\"><div class=\"dce-post-terms\"><ul class=\"dce-terms-list dce-taxonomy-bdw_tag\"><li class=\"dce-term-item\"><span class=\"dce-term dce-term-854\" data-dce-order=\"\">May 28, 2026<\/span><\/li><\/ul><\/div><\/div><div class=\"dce-item dce-item_title elementor-repeater-item-1cf7548\"><h6 class=\"dce-post-title\"><a href=\"https:\/\/berlindesignweek.com\/en\/bdw-programmeintrag\/master-of-science-in-engineering\/\">Where architecture is most exciting<\/a><\/h6><\/div><div class=\"dce-item dce-item_custommeta elementor-repeater-item-9466b85\"><div class=\"dce-post-custommeta dce-post-custommeta dce-post-custommeta dce-post-custommeta dce-post-custommeta dce-post-custommeta dce-post-custommeta dce-post-custommeta dce-post-custommeta dce-post-custommeta dce-post-custommeta dce-post-custommeta dce-post-custommeta dce-post-custommeta dce-post-custommeta dce-post-custommeta dce-post-custommeta dce-post-custommeta dce-post-custommeta dce-post-custommeta\"><div class=\"dce-meta-item dce-meta-9466b85 dce-meta-text elementor-repeater-item-9466b85\"><div>Kempfer-Raumkonzepte<\/div><\/div><\/div><\/div><div class=\"dce-item dce-item_termstaxonomy elementor-repeater-item-32838f2 elementor-hidden-mobile\"><div class=\"dce-post-terms\"><ul class=\"dce-terms-list dce-taxonomy-designfeld\"><li class=\"dce-term-item\"><span class=\"dce-term dce-term-461\" data-dce-order=\"\">Architektur<\/span><\/li><li class=\"dce-term-item\"><span class=\"dce-separator\">|<\/span><span class=\"dce-term dce-term-463\" data-dce-order=\"\">Handwerk<\/span><\/li><li class=\"dce-term-item\"><span class=\"dce-separator\">|<\/span><span class=\"dce-term dce-term-468\" data-dce-order=\"\">Interior<\/span><\/li><\/ul><ul class=\"dce-terms-list dce-taxonomy-event-typ\"><li class=\"dce-term-item\"><span class=\"dce-term dce-term-874\" data-dce-order=\"\">Meet &amp; Greet<\/span><\/li><\/ul><\/div><\/div><div class=\"dce-item dce-item_content elementor-repeater-item-2696897 elementor-hidden-tablet elementor-hidden-mobile\"><div class=\"dce-post-content\">We work where architecture is most exciting: in existing buildings.\nDuring Berlin Design Nights, we open our office and provide insight into our approach, our projects and the reality of renovation.\nT&hellip;<\/div><\/div><div class=\"dce-item dce-item_readmore elementor-repeater-item-70d52b9\">\t\t<div class=\"dce-post-button\">\n\t\t\t<a href=\"https:\/\/berlindesignweek.com\/en\/bdw-programmeintrag\/master-of-science-in-engineering\/\" class=\"elementor-button-link elementor-button dce-button elementor-size-xs\" role=\"button\" >\n\t\t\tmore\t\t\t<\/a>\n\t\t<\/div>\n\t\t<\/div>\t\t\t<\/div>\n\t\t<\/article>\n\t\t\n\t\t<article class=\"post-50637 bdw_programmeintrag type-bdw_programmeintrag status-publish format-standard has-post-thumbnail hentry bdw_tag-may-28-2026 designfeld-interior-design designfeld-spatial-design event-typ-exhibition format-berlin-design-nights jahr-885 location_bdw-berlin-design-night dce-post dce-post-item dce-item-grid\" data-dce-post-id=\"50637\" data-dce-post-index=\"20\" data-post-link=\"https:\/\/berlindesignweek.com\/en\/bdw-programmeintrag\/tanakas-train\/\">\n\t\t\t<div class=\"dce-post-block elementor-animation-grow\">\n\t\t<div class=\"dce-item dce-item_image elementor-repeater-item-82b0272\"><a class=\"dce-post-image\" href=\"https:\/\/berlindesignweek.com\/en\/bdw-programmeintrag\/tanakas-train\/\"><figure  class=\"dce-img\"><img loading=\"lazy\" decoding=\"async\" width=\"800\" height=\"420\" src=\"https:\/\/berlindesignweek.com\/wp-content\/uploads\/2026\/04\/280411_FFG_TITELBILD_BehindTheBlinds-04-875138e334029e20efa9239bd768c946-1024x538.jpg\" class=\"\" alt=\"TANAKA&#039;S TRAIN\" srcset=\"https:\/\/berlindesignweek.com\/wp-content\/uploads\/2026\/04\/280411_FFG_TITELBILD_BehindTheBlinds-04-875138e334029e20efa9239bd768c946-1024x538.jpg 1024w, https:\/\/berlindesignweek.com\/wp-content\/uploads\/2026\/04\/280411_FFG_TITELBILD_BehindTheBlinds-04-875138e334029e20efa9239bd768c946-300x158.jpg 300w, https:\/\/berlindesignweek.com\/wp-content\/uploads\/2026\/04\/280411_FFG_TITELBILD_BehindTheBlinds-04-875138e334029e20efa9239bd768c946-150x79.jpg 150w, https:\/\/berlindesignweek.com\/wp-content\/uploads\/2026\/04\/280411_FFG_TITELBILD_BehindTheBlinds-04-875138e334029e20efa9239bd768c946-1536x806.jpg 1536w, https:\/\/berlindesignweek.com\/wp-content\/uploads\/2026\/04\/280411_FFG_TITELBILD_BehindTheBlinds-04-875138e334029e20efa9239bd768c946.jpg 2048w\" sizes=\"(max-width: 800px) 100vw, 800px\" \/><\/figure><\/a><\/div><div class=\"dce-item dce-item_termstaxonomy elementor-repeater-item-f518f88\"><div class=\"dce-post-terms\"><ul class=\"dce-terms-list dce-taxonomy-bdw_tag\"><li class=\"dce-term-item\"><span class=\"dce-term dce-term-854\" data-dce-order=\"\">May 28, 2026<\/span><\/li><\/ul><\/div><\/div><div class=\"dce-item dce-item_title elementor-repeater-item-1cf7548\"><h6 class=\"dce-post-title\"><a href=\"https:\/\/berlindesignweek.com\/en\/bdw-programmeintrag\/tanakas-train\/\">TANAKA'S TRAIN<\/a><\/h6><\/div><div class=\"dce-item dce-item_custommeta elementor-repeater-item-9466b85\"><div class=\"dce-post-custommeta dce-post-custommeta dce-post-custommeta dce-post-custommeta dce-post-custommeta dce-post-custommeta dce-post-custommeta dce-post-custommeta dce-post-custommeta dce-post-custommeta dce-post-custommeta dce-post-custommeta dce-post-custommeta dce-post-custommeta dce-post-custommeta dce-post-custommeta dce-post-custommeta dce-post-custommeta dce-post-custommeta dce-post-custommeta dce-post-custommeta\"><div class=\"dce-meta-item dce-meta-9466b85 dce-meta-text elementor-repeater-item-9466b85\"><div>FABIAN FREYTAG STUDIO<\/div><\/div><\/div><\/div><div class=\"dce-item dce-item_termstaxonomy elementor-repeater-item-32838f2 elementor-hidden-mobile\"><div class=\"dce-post-terms\"><ul class=\"dce-terms-list dce-taxonomy-designfeld\"><li class=\"dce-term-item\"><span class=\"dce-term dce-term-468\" data-dce-order=\"\">Interior<\/span><\/li><li class=\"dce-term-item\"><span class=\"dce-separator\">|<\/span><span class=\"dce-term dce-term-474\" data-dce-order=\"\">Spatial Design<\/span><\/li><\/ul><ul class=\"dce-terms-list dce-taxonomy-event-typ\"><li class=\"dce-term-item\"><span class=\"dce-term dce-term-872\" data-dce-order=\"\">Exhibition<\/span><\/li><\/ul><\/div><\/div><div class=\"dce-item dce-item_content elementor-repeater-item-2696897 elementor-hidden-tablet elementor-hidden-mobile\"><div class=\"dce-post-content\">An invitation to a cocktail in a parallel world.\nOn the occasion of BERLIN DESIGN WEEK, FABIAN FREYTAG presents new works. The exhibition explores the relationship between visibility and concealment.\n&hellip;<\/div><\/div><div class=\"dce-item dce-item_readmore elementor-repeater-item-70d52b9\">\t\t<div class=\"dce-post-button\">\n\t\t\t<a href=\"https:\/\/berlindesignweek.com\/en\/bdw-programmeintrag\/tanakas-train\/\" class=\"elementor-button-link elementor-button dce-button elementor-size-xs\" role=\"button\" >\n\t\t\tmore\t\t\t<\/a>\n\t\t<\/div>\n\t\t<\/div>\t\t\t<\/div>\n\t\t<\/article>\n\t\t\n\t\t<article class=\"post-50643 bdw_programmeintrag type-bdw_programmeintrag status-publish format-standard has-post-thumbnail hentry bdw_tag-may-28-2026 designfeld-architektur designfeld-circular event-typ-talk format-berlin-design-nights jahr-885 location_bdw-berlin-design-night dce-post dce-post-item dce-item-grid\" data-dce-post-id=\"50643\" data-dce-post-index=\"21\" data-post-link=\"https:\/\/berlindesignweek.com\/en\/bdw-programmeintrag\/__trashed-14\/\">\n\t\t\t<div class=\"dce-post-block elementor-animation-grow\">\n\t\t<div class=\"dce-item dce-item_image elementor-repeater-item-82b0272\"><a class=\"dce-post-image\" href=\"https:\/\/berlindesignweek.com\/en\/bdw-programmeintrag\/__trashed-14\/\"><figure  class=\"dce-img\"><img loading=\"lazy\" decoding=\"async\" width=\"800\" height=\"420\" src=\"https:\/\/berlindesignweek.com\/wp-content\/uploads\/2026\/04\/Teaserimage-d0bf7e87e746be9a2a8c07d17e3d4ec2-1024x538.jpg\" class=\"\" alt=\"HENN \u2013 Open House &amp; CO\u2082 Tool Launch\" srcset=\"https:\/\/berlindesignweek.com\/wp-content\/uploads\/2026\/04\/Teaserimage-d0bf7e87e746be9a2a8c07d17e3d4ec2-1024x538.jpg 1024w, https:\/\/berlindesignweek.com\/wp-content\/uploads\/2026\/04\/Teaserimage-d0bf7e87e746be9a2a8c07d17e3d4ec2-300x158.jpg 300w, https:\/\/berlindesignweek.com\/wp-content\/uploads\/2026\/04\/Teaserimage-d0bf7e87e746be9a2a8c07d17e3d4ec2-150x79.jpg 150w, https:\/\/berlindesignweek.com\/wp-content\/uploads\/2026\/04\/Teaserimage-d0bf7e87e746be9a2a8c07d17e3d4ec2.jpg 1200w\" sizes=\"(max-width: 800px) 100vw, 800px\" \/><\/figure><\/a><\/div><div class=\"dce-item dce-item_termstaxonomy elementor-repeater-item-f518f88\"><div class=\"dce-post-terms\"><ul class=\"dce-terms-list dce-taxonomy-bdw_tag\"><li class=\"dce-term-item\"><span class=\"dce-term dce-term-854\" data-dce-order=\"\">May 28, 2026<\/span><\/li><\/ul><\/div><\/div><div class=\"dce-item dce-item_title elementor-repeater-item-1cf7548\"><h6 class=\"dce-post-title\"><a href=\"https:\/\/berlindesignweek.com\/en\/bdw-programmeintrag\/__trashed-14\/\">HENN \u2013 Open House &amp; CO\u2082 Tool Launch<\/a><\/h6><\/div><div class=\"dce-item dce-item_custommeta elementor-repeater-item-9466b85\"><div class=\"dce-post-custommeta dce-post-custommeta dce-post-custommeta dce-post-custommeta dce-post-custommeta dce-post-custommeta dce-post-custommeta dce-post-custommeta dce-post-custommeta dce-post-custommeta dce-post-custommeta dce-post-custommeta dce-post-custommeta dce-post-custommeta dce-post-custommeta dce-post-custommeta dce-post-custommeta dce-post-custommeta dce-post-custommeta dce-post-custommeta dce-post-custommeta dce-post-custommeta\"><div class=\"dce-meta-item dce-meta-9466b85 dce-meta-text elementor-repeater-item-9466b85\"><div>HENN<\/div><\/div><\/div><\/div><div class=\"dce-item dce-item_termstaxonomy elementor-repeater-item-32838f2 elementor-hidden-mobile\"><div class=\"dce-post-terms\"><ul class=\"dce-terms-list dce-taxonomy-designfeld\"><li class=\"dce-term-item\"><span class=\"dce-term dce-term-461\" data-dce-order=\"\">Architektur<\/span><\/li><li class=\"dce-term-item\"><span class=\"dce-separator\">|<\/span><span class=\"dce-term dce-term-464\" data-dce-order=\"\">Circular Design<\/span><\/li><\/ul><ul class=\"dce-terms-list dce-taxonomy-event-typ\"><li class=\"dce-term-item\"><span class=\"dce-term dce-term-876\" data-dce-order=\"\">Talk<\/span><\/li><\/ul><\/div><\/div><div class=\"dce-item dce-item_content elementor-repeater-item-2696897 elementor-hidden-tablet elementor-hidden-mobile\"><div class=\"dce-post-content\">From first sketch to realization: At the Berlin office, HENN takes you on a journey throughout all stages of architectural design. Informal guided tours, conversation, and interactive presentations gi&hellip;<\/div><\/div><div class=\"dce-item dce-item_readmore elementor-repeater-item-70d52b9\">\t\t<div class=\"dce-post-button\">\n\t\t\t<a href=\"https:\/\/berlindesignweek.com\/en\/bdw-programmeintrag\/__trashed-14\/\" class=\"elementor-button-link elementor-button dce-button elementor-size-xs\" role=\"button\" >\n\t\t\tmore\t\t\t<\/a>\n\t\t<\/div>\n\t\t<\/div>\t\t\t<\/div>\n\t\t<\/article>\n\t\t\n\t\t<article class=\"post-50662 bdw_programmeintrag type-bdw_programmeintrag status-publish format-standard has-post-thumbnail hentry bdw_tag-28-mai-2026 designfeld-fashion designfeld-grafik designfeld-produktdesign event-typ-ausstellung format-berlin-design-nights jahr-885 location_bdw-berlin-design-night dce-post dce-post-item dce-item-grid\" data-dce-post-id=\"50662\" data-dce-post-index=\"22\" data-post-link=\"https:\/\/berlindesignweek.com\/en\/bdw-programmeintrag\/open-studio-open-scene-open-exhibition\/\">\n\t\t\t<div class=\"dce-post-block elementor-animation-grow\">\n\t\t<div class=\"dce-item dce-item_image elementor-repeater-item-82b0272\"><a class=\"dce-post-image\" href=\"https:\/\/berlindesignweek.com\/en\/bdw-programmeintrag\/open-studio-open-scene-open-exhibition\/\"><figure  class=\"dce-img\"><img loading=\"lazy\" decoding=\"async\" width=\"679\" height=\"1024\" src=\"https:\/\/berlindesignweek.com\/wp-content\/uploads\/2026\/04\/20250620_10Jahre-Velt_Feier_042-a80ee8d1fe01d0dcdcbcb160a52c6b3d-679x1024.jpg\" class=\"\" alt=\"Open Studio, Open Scene, Open Exhibition\" srcset=\"https:\/\/berlindesignweek.com\/wp-content\/uploads\/2026\/04\/20250620_10Jahre-Velt_Feier_042-a80ee8d1fe01d0dcdcbcb160a52c6b3d-679x1024.jpg 679w, https:\/\/berlindesignweek.com\/wp-content\/uploads\/2026\/04\/20250620_10Jahre-Velt_Feier_042-a80ee8d1fe01d0dcdcbcb160a52c6b3d-199x300.jpg 199w, https:\/\/berlindesignweek.com\/wp-content\/uploads\/2026\/04\/20250620_10Jahre-Velt_Feier_042-a80ee8d1fe01d0dcdcbcb160a52c6b3d-100x150.jpg 100w, https:\/\/berlindesignweek.com\/wp-content\/uploads\/2026\/04\/20250620_10Jahre-Velt_Feier_042-a80ee8d1fe01d0dcdcbcb160a52c6b3d.jpg 796w\" sizes=\"(max-width: 679px) 100vw, 679px\" \/><\/figure><\/a><\/div><div class=\"dce-item dce-item_termstaxonomy elementor-repeater-item-f518f88\"><div class=\"dce-post-terms\"><ul class=\"dce-terms-list dce-taxonomy-bdw_tag\"><li class=\"dce-term-item\"><span class=\"dce-term dce-term-844\" data-dce-order=\"\">28. Mai 2026<\/span><\/li><\/ul><\/div><\/div><div class=\"dce-item dce-item_title elementor-repeater-item-1cf7548\"><h6 class=\"dce-post-title\"><a href=\"https:\/\/berlindesignweek.com\/en\/bdw-programmeintrag\/open-studio-open-scene-open-exhibition\/\">Open Studio, Open Scene, Open Exhibition<\/a><\/h6><\/div><div class=\"dce-item dce-item_custommeta elementor-repeater-item-9466b85\"><div class=\"dce-post-custommeta dce-post-custommeta dce-post-custommeta dce-post-custommeta dce-post-custommeta dce-post-custommeta dce-post-custommeta dce-post-custommeta dce-post-custommeta dce-post-custommeta dce-post-custommeta dce-post-custommeta dce-post-custommeta dce-post-custommeta dce-post-custommeta dce-post-custommeta dce-post-custommeta dce-post-custommeta dce-post-custommeta dce-post-custommeta dce-post-custommeta dce-post-custommeta dce-post-custommeta\"><div class=\"dce-meta-item dce-meta-9466b85 dce-meta-text elementor-repeater-item-9466b85\"><div>Velt Studio<\/div><\/div><\/div><\/div><div class=\"dce-item dce-item_termstaxonomy elementor-repeater-item-32838f2 elementor-hidden-mobile\"><div class=\"dce-post-terms\"><ul class=\"dce-terms-list dce-taxonomy-designfeld\"><li class=\"dce-term-item\"><span class=\"dce-term dce-term-478\" data-dce-order=\"\">Fashion<\/span><\/li><li class=\"dce-term-item\"><span class=\"dce-separator\">|<\/span><span class=\"dce-term dce-term-477\" data-dce-order=\"\">Grafik<\/span><\/li><li class=\"dce-term-item\"><span class=\"dce-separator\">|<\/span><span class=\"dce-term dce-term-536\" data-dce-order=\"\">Produkt<\/span><\/li><\/ul><ul class=\"dce-terms-list dce-taxonomy-event-typ\"><li class=\"dce-term-item\"><span class=\"dce-term dce-term-858\" data-dce-order=\"\">Ausstellung<\/span><\/li><\/ul><\/div><\/div><div class=\"dce-item dce-item_content elementor-repeater-item-2696897 elementor-hidden-tablet elementor-hidden-mobile\"><div class=\"dce-post-content\">Velt Studio opens its doors during Design Week Berlin for a group exhibition emerging from its own creative cosmos. Usually operating as a coworking space and production hub for designers, photographe&hellip;<\/div><\/div><div class=\"dce-item dce-item_readmore elementor-repeater-item-70d52b9\">\t\t<div class=\"dce-post-button\">\n\t\t\t<a href=\"https:\/\/berlindesignweek.com\/en\/bdw-programmeintrag\/open-studio-open-scene-open-exhibition\/\" class=\"elementor-button-link elementor-button dce-button elementor-size-xs\" role=\"button\" >\n\t\t\tmore\t\t\t<\/a>\n\t\t<\/div>\n\t\t<\/div>\t\t\t<\/div>\n\t\t<\/article>\n\t\t\n\t\t<article class=\"post-50670 bdw_programmeintrag type-bdw_programmeintrag status-publish format-standard has-post-thumbnail hentry bdw_tag-30-mai-2026 bdw_tag-31-mai-2026 designfeld-fashion format-design-pool jahr-885 location_bdw-m60 dce-post dce-post-item dce-item-grid\" data-dce-post-id=\"50670\" data-dce-post-index=\"23\" data-post-link=\"https:\/\/berlindesignweek.com\/en\/bdw-programmeintrag\/a-new-chapter-in-footwear-culture\/\">\n\t\t\t<div class=\"dce-post-block elementor-animation-grow\">\n\t\t<div class=\"dce-item dce-item_image elementor-repeater-item-82b0272\"><a class=\"dce-post-image\" href=\"https:\/\/berlindesignweek.com\/en\/bdw-programmeintrag\/a-new-chapter-in-footwear-culture\/\"><figure  class=\"dce-img\"><img loading=\"lazy\" decoding=\"async\" width=\"800\" height=\"537\" src=\"https:\/\/berlindesignweek.com\/wp-content\/uploads\/2026\/04\/VELT-image-1764171756158-web-schmal-velt-ch-srr-a5f43d6dbf25730077c7b4fb2508806e-1024x687.jpg\" class=\"\" alt=\"A New Chapter in Footwear Culture\" srcset=\"https:\/\/berlindesignweek.com\/wp-content\/uploads\/2026\/04\/VELT-image-1764171756158-web-schmal-velt-ch-srr-a5f43d6dbf25730077c7b4fb2508806e-1024x687.jpg 1024w, https:\/\/berlindesignweek.com\/wp-content\/uploads\/2026\/04\/VELT-image-1764171756158-web-schmal-velt-ch-srr-a5f43d6dbf25730077c7b4fb2508806e-300x201.jpg 300w, https:\/\/berlindesignweek.com\/wp-content\/uploads\/2026\/04\/VELT-image-1764171756158-web-schmal-velt-ch-srr-a5f43d6dbf25730077c7b4fb2508806e-150x101.jpg 150w, https:\/\/berlindesignweek.com\/wp-content\/uploads\/2026\/04\/VELT-image-1764171756158-web-schmal-velt-ch-srr-a5f43d6dbf25730077c7b4fb2508806e-1536x1031.jpg 1536w, https:\/\/berlindesignweek.com\/wp-content\/uploads\/2026\/04\/VELT-image-1764171756158-web-schmal-velt-ch-srr-a5f43d6dbf25730077c7b4fb2508806e.jpg 2000w\" sizes=\"(max-width: 800px) 100vw, 800px\" \/><\/figure><\/a><\/div><div class=\"dce-item dce-item_termstaxonomy elementor-repeater-item-f518f88\"><div class=\"dce-post-terms\"><ul class=\"dce-terms-list dce-taxonomy-bdw_tag\"><li class=\"dce-term-item\"><span class=\"dce-term dce-term-846\" data-dce-order=\"\">30. Mai 2026<\/span><\/li><li class=\"dce-term-item\"><span class=\"dce-separator\">|<\/span><span class=\"dce-term dce-term-847\" data-dce-order=\"\">31. Mai 2026<\/span><\/li><\/ul><\/div><\/div><div class=\"dce-item dce-item_title elementor-repeater-item-1cf7548\"><h6 class=\"dce-post-title\"><a href=\"https:\/\/berlindesignweek.com\/en\/bdw-programmeintrag\/a-new-chapter-in-footwear-culture\/\">A New Chapter in Footwear Culture<\/a><\/h6><\/div><div class=\"dce-item dce-item_custommeta elementor-repeater-item-9466b85\"><div class=\"dce-post-custommeta dce-post-custommeta dce-post-custommeta dce-post-custommeta dce-post-custommeta dce-post-custommeta dce-post-custommeta dce-post-custommeta dce-post-custommeta dce-post-custommeta dce-post-custommeta dce-post-custommeta dce-post-custommeta dce-post-custommeta dce-post-custommeta dce-post-custommeta dce-post-custommeta dce-post-custommeta dce-post-custommeta dce-post-custommeta dce-post-custommeta dce-post-custommeta dce-post-custommeta dce-post-custommeta\"><div class=\"dce-meta-item dce-meta-9466b85 dce-meta-text elementor-repeater-item-9466b85\"><div>VELT<\/div><\/div><\/div><\/div><div class=\"dce-item dce-item_termstaxonomy elementor-repeater-item-32838f2 elementor-hidden-mobile\"><div class=\"dce-post-terms\"><ul class=\"dce-terms-list dce-taxonomy-designfeld\"><li class=\"dce-term-item\"><span class=\"dce-term dce-term-478\" data-dce-order=\"\">Fashion<\/span><\/li><\/ul><\/div><\/div><div class=\"dce-item dce-item_content elementor-repeater-item-2696897 elementor-hidden-tablet elementor-hidden-mobile\"><div class=\"dce-post-content\">VELT designs vegan shoes and engages with the design question of what contemporary elegance can look like at a moment when classic leather shoes no longer reflect the sensibility of a younger generati&hellip;<\/div><\/div><div class=\"dce-item dce-item_readmore elementor-repeater-item-70d52b9\">\t\t<div class=\"dce-post-button\">\n\t\t\t<a href=\"https:\/\/berlindesignweek.com\/en\/bdw-programmeintrag\/a-new-chapter-in-footwear-culture\/\" class=\"elementor-button-link elementor-button dce-button elementor-size-xs\" role=\"button\" >\n\t\t\tmore\t\t\t<\/a>\n\t\t<\/div>\n\t\t<\/div>\t\t\t<\/div>\n\t\t<\/article>\n\t\t\t\t\t<\/div>\n\t\t\t\t\t<\/div>\n\t\t<div class=\"dce-pagination dce-pagination-bottom\" dir=\"\"><span class=\"progression progression\">1 \/ 3<\/span><span class=\"current\" aria-current=\"page\">1<\/span><a href=\"https:\/\/berlindesignweek.com\/en\/wp-json\/wp\/v2\/pages\/50912\/page\/2\/\" class=\"inactive\" rel=\"next\">2<\/a><a href=\"https:\/\/berlindesignweek.com\/en\/wp-json\/wp\/v2\/pages\/50912\/page\/3\/\" class=\"inactive\" rel=\"next\">3<\/a><\/div>\t\t\t\t<\/div>\n\t\t\t\t<\/div>\n\t\t\t\t\t<\/div>\n\t\t<\/div>\n\t\t\t\t\t<\/div>\n\t\t<\/section>\n\t\t\t\t<section class=\"elementor-section elementor-top-section elementor-element elementor-element-4ed461df elementor-section-boxed elementor-section-height-default elementor-section-height-default\" data-id=\"4ed461df\" data-element_type=\"section\" data-e-type=\"section\">\n\t\t\t\t\t\t<div class=\"elementor-container elementor-column-gap-default\">\n\t\t\t\t\t<div class=\"elementor-column elementor-col-100 elementor-top-column elementor-element elementor-element-211a28f5\" data-id=\"211a28f5\" data-element_type=\"column\" data-e-type=\"column\">\n\t\t\t<div class=\"elementor-widget-wrap elementor-element-populated\">\n\t\t\t\t\t\t<div class=\"elementor-element elementor-element-7c4ce8ce elementor-fixed elementor-view-default elementor-widget elementor-widget-icon\" data-id=\"7c4ce8ce\" data-element_type=\"widget\" data-e-type=\"widget\" data-settings=\"{&quot;_position&quot;:&quot;fixed&quot;,&quot;motion_fx_motion_fx_scrolling&quot;:&quot;yes&quot;,&quot;motion_fx_opacity_effect&quot;:&quot;yes&quot;,&quot;motion_fx_opacity_range&quot;:{&quot;unit&quot;:&quot;%&quot;,&quot;size&quot;:&quot;&quot;,&quot;sizes&quot;:{&quot;start&quot;:40,&quot;end&quot;:50}},&quot;motion_fx_opacity_direction&quot;:&quot;out-in&quot;,&quot;motion_fx_opacity_level&quot;:{&quot;unit&quot;:&quot;px&quot;,&quot;size&quot;:10,&quot;sizes&quot;:[]},&quot;motion_fx_devices&quot;:[&quot;widescreen&quot;,&quot;desktop&quot;,&quot;laptop&quot;,&quot;tablet_extra&quot;,&quot;tablet&quot;,&quot;mobile&quot;]}\" data-widget_type=\"icon.default\">\n\t\t\t\t<div class=\"elementor-widget-container\">\n\t\t\t\t\t\t\t<div class=\"elementor-icon-wrapper\">\n\t\t\t<a class=\"elementor-icon elementor-animation-grow\" href=\"#top\">\n\t\t\t<i aria-hidden=\"true\" class=\"fas fa-arrow-alt-circle-up\"><\/i>\t\t\t<\/a>\n\t\t<\/div>\n\t\t\t\t\t\t<\/div>\n\t\t\t\t<\/div>\n\t\t\t\t\t<\/div>\n\t\t<\/div>\n\t\t\t\t\t<\/div>\n\t\t<\/section>\n\t\t\t\t<section class=\"elementor-section elementor-top-section elementor-element elementor-element-9ef3267 elementor-section-content-middle elementor-reverse-mobile elementor-section-boxed elementor-section-height-default elementor-section-height-default\" data-id=\"9ef3267\" data-element_type=\"section\" data-e-type=\"section\" data-settings=\"{&quot;background_background&quot;:&quot;video&quot;,&quot;background_video_start&quot;:1}\">\n\t\t\t\t\t\t<div class=\"elementor-container elementor-column-gap-default\">\n\t\t\t\t\t<div class=\"elementor-column elementor-col-100 elementor-top-column elementor-element elementor-element-7bb9cf3\" data-id=\"7bb9cf3\" data-element_type=\"column\" data-e-type=\"column\" data-settings=\"{&quot;background_background&quot;:&quot;classic&quot;}\">\n\t\t\t<div class=\"elementor-widget-wrap elementor-element-populated\">\n\t\t\t\t\t\t<div class=\"elementor-element elementor-element-19ced47 elementor-widget elementor-widget-html\" data-id=\"19ced47\" data-element_type=\"widget\" data-e-type=\"widget\" data-widget_type=\"html.default\">\n\t\t\t\t<div class=\"elementor-widget-container\">\n\t\t\t\t\t<div class=\"bdw-sneak-marquee\">\r\n  <div class=\"bdw-sneak-marquee-track\">\r\n    <h3 class=\"bdw-sneak-marquee-item\">SNEAK PEEK \u00b7 Das Programm wird bis zum Festivalstart laufend aktualisiert \u2013 weitere Events, Talks und Speaker kommen dazu \u00b7<\/h3>\r\n    <h3 class=\"bdw-sneak-marquee-item\">SNEAK PEEK \u00b7 Das Programm wird bis zum Festivalstart laufend aktualisiert \u2013 weitere Events, Talks und Speaker kommen dazu \u00b7<\/h3>\r\n    <h3 class=\"bdw-sneak-marquee-item\">SNEAK PEEK \u00b7 Das Programm wird bis zum Festivalstart laufend aktualisiert \u2013 weitere Events, Talks und Speaker kommen dazu \u00b7<\/h3>\r\n    <h3 class=\"bdw-sneak-marquee-item\">SNEAK PEEK \u00b7 Das Programm wird bis zum Festivalstart laufend aktualisiert \u2013 weitere Events, Talks und Speaker kommen dazu \u00b7<\/h3>\r\n  <\/div>\r\n<\/div>\t\t\t\t<\/div>\n\t\t\t\t<\/div>\n\t\t\t\t\t<\/div>\n\t\t<\/div>\n\t\t\t\t\t<\/div>\n\t\t<\/section>\n\t\t\t\t<section class=\"elementor-section elementor-top-section elementor-element elementor-element-2c88eb5 elementor-section-boxed elementor-section-height-default elementor-section-height-default\" data-id=\"2c88eb5\" data-element_type=\"section\" data-e-type=\"section\">\n\t\t\t\t\t\t<div class=\"elementor-container elementor-column-gap-default\">\n\t\t\t\t\t<div class=\"elementor-column elementor-col-100 elementor-top-column elementor-element elementor-element-e3b2b1c\" data-id=\"e3b2b1c\" data-element_type=\"column\" data-e-type=\"column\" data-settings=\"{&quot;background_background&quot;:&quot;classic&quot;}\">\n\t\t\t<div class=\"elementor-widget-wrap elementor-element-populated\">\n\t\t\t\t\t\t<div class=\"elementor-element elementor-element-950c143 elementor-widget elementor-widget-heading\" data-id=\"950c143\" data-element_type=\"widget\" data-e-type=\"widget\" data-widget_type=\"heading.default\">\n\t\t\t\t<div class=\"elementor-widget-container\">\n\t\t\t\t\t<h2 class=\"elementor-heading-title elementor-size-default\">MAP<\/h2>\t\t\t\t<\/div>\n\t\t\t\t<\/div>\n\t\t\t\t\t<\/div>\n\t\t<\/div>\n\t\t\t\t\t<\/div>\n\t\t<\/section>\n\t\t\t\t<section class=\"elementor-section elementor-top-section elementor-element elementor-element-51a4a4e5 bdw-map-section elementor-section-boxed elementor-section-height-default elementor-section-height-default\" data-id=\"51a4a4e5\" data-element_type=\"section\" data-e-type=\"section\">\n\t\t\t\t\t\t<div class=\"elementor-container elementor-column-gap-default\">\n\t\t\t\t\t<div class=\"elementor-column elementor-col-50 elementor-top-column elementor-element elementor-element-2cf5c288\" data-id=\"2cf5c288\" data-element_type=\"column\" data-e-type=\"column\" data-settings=\"{&quot;background_background&quot;:&quot;classic&quot;}\">\n\t\t\t<div class=\"elementor-widget-wrap elementor-element-populated\">\n\t\t\t\t\t\t<div class=\"elementor-element elementor-element-3bd59016 bdw-map-list-wrapper elementor-widget elementor-widget-shortcode\" data-id=\"3bd59016\" data-element_type=\"widget\" data-e-type=\"widget\" data-widget_type=\"shortcode.default\">\n\t\t\t\t<div class=\"elementor-widget-container\">\n\t\t\t\t\t\t\t<div class=\"elementor-shortcode\"><ul class=\"bdw-maplist\"><li class=\"bdw-maplist-item\" data-post-ids=\"51286,51284\">Alef gioielli<\/li><li class=\"bdw-maplist-item\" data-post-ids=\"50727,50729\">Alex Valder<\/li><li class=\"bdw-maplist-item\" data-post-ids=\"50060,50021,50011,50023,50013,50062\">ALLEN KAUFMANN OBJECTS<\/li><li class=\"bdw-maplist-item\" data-post-ids=\"50043,50045\">Anna Rave<\/li><li class=\"bdw-maplist-item\" data-post-ids=\"51257,51259\">Archicon Architectural Intelligence &amp; Galerie Anna Probst<\/li><li class=\"bdw-maplist-item\" data-post-ids=\"50163,50161,50168,50170\">Br\u00f6han Museum<\/li><li class=\"bdw-maplist-item\" data-post-ids=\"50583,50585\">Clayground x Designing Between Worlds<\/li><li class=\"bdw-maplist-item\" data-post-ids=\"50052,50054\">de Sede<\/li><li class=\"bdw-maplist-item\" data-post-ids=\"50576,50574\">Dipl. Ing . Silvia Wald<\/li><li class=\"bdw-maplist-item\" data-post-ids=\"51471,51473\">Disruptive Materials Institute &amp; Brave.New Design<\/li><li class=\"bdw-maplist-item\" data-post-ids=\"50457,50459\">enarai<\/li><li class=\"bdw-maplist-item\" data-post-ids=\"50635,50637\">FABIAN FREYTAG STUDIO<\/li><li class=\"bdw-maplist-item\" data-post-ids=\"50590,50588\">FH Potsdam<\/li><li class=\"bdw-maplist-item\" data-post-ids=\"51235,51237\">GOLEM Baukeramik<\/li><li class=\"bdw-maplist-item\" data-post-ids=\"51325,51323\">Haute Innovation<\/li><li class=\"bdw-maplist-item\" data-post-ids=\"50643,50641\">HENN<\/li><li class=\"bdw-maplist-item\" data-post-ids=\"50445,50447\">IRIS CERAMICA GROUP<\/li><li class=\"bdw-maplist-item\" data-post-ids=\"50628,50626\">Kempfer-Raumkonzepte<\/li><li class=\"bdw-maplist-item\" data-post-ids=\"50434,50436\">LINDA PRO<\/li><li class=\"bdw-maplist-item\" data-post-ids=\"50968,50966,51380,51382\">MATTER of COURSE<\/li><li class=\"bdw-maplist-item\" data-post-ids=\"50708,50710\">Mendel Heit<\/li><li class=\"bdw-maplist-item\" data-post-ids=\"50409,50411\">MYKITA<\/li><li class=\"bdw-maplist-item\" data-post-ids=\"51452,51454\">Neuendorf Arterior<\/li><li class=\"bdw-maplist-item\" data-post-ids=\"51296,51294\">Otherwise<\/li><li class=\"bdw-maplist-item\" data-post-ids=\"50717,50719\">Polyluma GmbH<\/li><li class=\"bdw-maplist-item\" data-post-ids=\"50518,50520\">RAA<\/li><li class=\"bdw-maplist-item\" data-post-ids=\"50267,50265\">RIO Schmuck Berlin<\/li><li class=\"bdw-maplist-item\" data-post-ids=\"51523,51525\">School of the Art Institute of Chicago<\/li><li class=\"bdw-maplist-item\" data-post-ids=\"50679,50681\">Soolista s.r.o.<\/li><li class=\"bdw-maplist-item\" data-post-ids=\"50928,50930,50932,50934\">state of DESIGN<\/li><li class=\"bdw-maplist-item\" data-post-ids=\"50475,50477\">THE LINK \/ Jan Dimog &amp; Hendrik Bohle in Kooperation mit LIVING BERLIN<\/li><li class=\"bdw-maplist-item\" data-post-ids=\"51248,51246\">Ton.eu<\/li><li class=\"bdw-maplist-item\" data-post-ids=\"50466,50468,50148,50150\">U8 HAUS<\/li><li class=\"bdw-maplist-item\" data-post-ids=\"51529,51531,51558,51560\">Unique Factory Berlin<\/li><li class=\"bdw-maplist-item\" data-post-ids=\"50694,50696\">Universit\u00e4t der K\u00fcnste Berlin - Produktdesign<\/li><li class=\"bdw-maplist-item\" data-post-ids=\"51443,51445\">Universit\u00e4t der K\u00fcnste Berlin \/ ERCO<\/li><li class=\"bdw-maplist-item\" data-post-ids=\"50670,50668\">VELT<\/li><li class=\"bdw-maplist-item\" data-post-ids=\"50660,50662\">Velt Studio<\/li><li class=\"bdw-maplist-item\" data-post-ids=\"51412,51414\">vondingen \/ B\u00fccherbogen am Savignyplatz<\/li><li class=\"bdw-maplist-item\" data-post-ids=\"51338,51349,51336,51347\">Whitecliffe University of Applied Sciences (former Berlin International)<\/li><li class=\"bdw-maplist-item\" data-post-ids=\"51535,51537\">\u00d6sterreichisches Kulturforum Berlin, Technische Universit\u00e4t Wien, Polytechnikum Lwiw, OeAD-Kooperationsb\u00fcro Lwiw\/Lemberg, Ukraine Office Austria<\/li><\/ul><\/div>\n\t\t\t\t\t\t<\/div>\n\t\t\t\t<\/div>\n\t\t\t\t\t<\/div>\n\t\t<\/div>\n\t\t\t\t<div class=\"elementor-column elementor-col-50 elementor-top-column elementor-element elementor-element-ce392ce\" data-id=\"ce392ce\" data-element_type=\"column\" data-e-type=\"column\" data-settings=\"{&quot;background_background&quot;:&quot;classic&quot;}\">\n\t\t\t<div class=\"elementor-widget-wrap elementor-element-populated\">\n\t\t\t\t\t\t<div class=\"elementor-element elementor-element-18de2728 bdw-map elementor-widget elementor-widget-jet-engine-maps-listing\" data-id=\"18de2728\" data-element_type=\"widget\" data-e-type=\"widget\" data-widget_type=\"jet-engine-maps-listing.default\">\n\t\t\t\t<div class=\"elementor-widget-container\">\n\t\t\t\t\t<div class=\"jet-map-listing jet-listing-grid--50740 google-provider\" data-init=\"{&quot;zoomControl&quot;:true,&quot;fullscreenControl&quot;:true,&quot;streetViewControl&quot;:true,&quot;mapTypeControl&quot;:true}\" data-markers=\"[{&quot;id&quot;:51560,&quot;latLang&quot;:{&quot;lat&quot;:&quot;52.4918628&quot;,&quot;lng&quot;:&quot;13.3612231&quot;},&quot;label&quot;:false,&quot;custom_marker&quot;:&quot;&lt;i class=\\&quot;jet-map-marker condition-3 apply-fill apply-stroke fas fa-map-marker\\&quot; aria-hidden=\\&quot;true\\&quot;&gt;&lt;\\\/i&gt;&quot;,&quot;geo_query_distance&quot;:-1},{&quot;id&quot;:51537,&quot;latLang&quot;:{&quot;lat&quot;:&quot;52.5200066&quot;,&quot;lng&quot;:&quot;13.404954&quot;},&quot;label&quot;:false,&quot;custom_marker&quot;:&quot;&lt;i class=\\&quot;jet-map-marker condition-1 apply-fill apply-stroke fas fa-map-marker\\&quot; aria-hidden=\\&quot;true\\&quot;&gt;&lt;\\\/i&gt;&quot;,&quot;geo_query_distance&quot;:-1},{&quot;id&quot;:51531,&quot;latLang&quot;:{&quot;lat&quot;:&quot;52.4918628&quot;,&quot;lng&quot;:&quot;13.3612231&quot;},&quot;label&quot;:false,&quot;custom_marker&quot;:&quot;&lt;i class=\\&quot;jet-map-marker condition-3 apply-fill apply-stroke fas fa-map-marker\\&quot; aria-hidden=\\&quot;true\\&quot;&gt;&lt;\\\/i&gt;&quot;,&quot;geo_query_distance&quot;:-1},{&quot;id&quot;:51525,&quot;latLang&quot;:{&quot;lat&quot;:&quot;52.5200066&quot;,&quot;lng&quot;:&quot;13.404954&quot;},&quot;label&quot;:false,&quot;custom_marker&quot;:&quot;&lt;i class=\\&quot;jet-map-marker condition-1 apply-fill apply-stroke fas fa-map-marker\\&quot; aria-hidden=\\&quot;true\\&quot;&gt;&lt;\\\/i&gt;&quot;,&quot;geo_query_distance&quot;:-1},{&quot;id&quot;:51473,&quot;latLang&quot;:{&quot;lat&quot;:&quot;52.5129727&quot;,&quot;lng&quot;:&quot;13.4706182&quot;},&quot;label&quot;:false,&quot;custom_marker&quot;:&quot;&lt;i class=\\&quot;jet-map-marker condition-3 apply-fill apply-stroke fas fa-map-marker\\&quot; aria-hidden=\\&quot;true\\&quot;&gt;&lt;\\\/i&gt;&quot;,&quot;geo_query_distance&quot;:-1},{&quot;id&quot;:51454,&quot;latLang&quot;:{&quot;lat&quot;:&quot;52.5200066&quot;,&quot;lng&quot;:&quot;13.404954&quot;},&quot;label&quot;:false,&quot;custom_marker&quot;:&quot;&lt;i class=\\&quot;jet-map-marker condition-1 apply-fill apply-stroke fas fa-map-marker\\&quot; aria-hidden=\\&quot;true\\&quot;&gt;&lt;\\\/i&gt;&quot;,&quot;geo_query_distance&quot;:-1},{&quot;id&quot;:51445,&quot;latLang&quot;:{&quot;lat&quot;:&quot;52.494985&quot;,&quot;lng&quot;:&quot;13.434969&quot;},&quot;label&quot;:false,&quot;custom_marker&quot;:&quot;&lt;i class=\\&quot;jet-map-marker condition-2 apply-fill apply-stroke fas fa-map-marker\\&quot; aria-hidden=\\&quot;true\\&quot;&gt;&lt;\\\/i&gt;&quot;,&quot;geo_query_distance&quot;:-1},{&quot;id&quot;:51414,&quot;latLang&quot;:{&quot;lat&quot;:&quot;52.5048803&quot;,&quot;lng&quot;:&quot;13.3216182&quot;},&quot;label&quot;:false,&quot;custom_marker&quot;:&quot;&lt;i class=\\&quot;jet-map-marker condition-2 apply-fill apply-stroke fas fa-map-marker\\&quot; aria-hidden=\\&quot;true\\&quot;&gt;&lt;\\\/i&gt;&quot;,&quot;geo_query_distance&quot;:-1},{&quot;id&quot;:51382,&quot;latLang&quot;:{&quot;lat&quot;:&quot;52.5293671&quot;,&quot;lng&quot;:&quot;13.3989802&quot;},&quot;label&quot;:false,&quot;custom_marker&quot;:&quot;&lt;i class=\\&quot;jet-map-marker condition-3 apply-fill apply-stroke fas fa-map-marker\\&quot; aria-hidden=\\&quot;true\\&quot;&gt;&lt;\\\/i&gt;&quot;,&quot;geo_query_distance&quot;:-1},{&quot;id&quot;:51349,&quot;latLang&quot;:{&quot;lat&quot;:&quot;52.5166092&quot;,&quot;lng&quot;:&quot;13.3271242&quot;},&quot;label&quot;:false,&quot;custom_marker&quot;:&quot;&lt;i class=\\&quot;jet-map-marker condition-3 apply-fill apply-stroke fas fa-map-marker\\&quot; aria-hidden=\\&quot;true\\&quot;&gt;&lt;\\\/i&gt;&quot;,&quot;geo_query_distance&quot;:-1},{&quot;id&quot;:51338,&quot;latLang&quot;:{&quot;lat&quot;:&quot;52.5166092&quot;,&quot;lng&quot;:&quot;13.3271242&quot;},&quot;label&quot;:false,&quot;custom_marker&quot;:&quot;&lt;i class=\\&quot;jet-map-marker condition-2 apply-fill apply-stroke fas fa-map-marker\\&quot; aria-hidden=\\&quot;true\\&quot;&gt;&lt;\\\/i&gt;&quot;,&quot;geo_query_distance&quot;:-1},{&quot;id&quot;:51325,&quot;latLang&quot;:{&quot;lat&quot;:&quot;52.5200066&quot;,&quot;lng&quot;:&quot;13.404954&quot;},&quot;label&quot;:false,&quot;custom_marker&quot;:&quot;&lt;i class=\\&quot;jet-map-marker condition-1 apply-fill apply-stroke fas fa-map-marker\\&quot; aria-hidden=\\&quot;true\\&quot;&gt;&lt;\\\/i&gt;&quot;,&quot;geo_query_distance&quot;:-1},{&quot;id&quot;:50643,&quot;latLang&quot;:{&quot;lat&quot;:&quot;52.5228392&quot;,&quot;lng&quot;:&quot;13.4162418&quot;},&quot;label&quot;:false,&quot;custom_marker&quot;:&quot;&lt;i class=\\&quot;jet-map-marker condition-3 apply-fill apply-stroke fas fa-map-marker\\&quot; aria-hidden=\\&quot;true\\&quot;&gt;&lt;\\\/i&gt;&quot;,&quot;geo_query_distance&quot;:-1},{&quot;id&quot;:50930,&quot;latLang&quot;:{&quot;lat&quot;:&quot;52.5200066&quot;,&quot;lng&quot;:&quot;13.404954&quot;},&quot;label&quot;:false,&quot;custom_marker&quot;:&quot;&lt;i class=\\&quot;jet-map-marker condition-1 apply-fill apply-stroke fas fa-map-marker\\&quot; aria-hidden=\\&quot;true\\&quot;&gt;&lt;\\\/i&gt;&quot;,&quot;geo_query_distance&quot;:-1},{&quot;id&quot;:51296,&quot;latLang&quot;:{&quot;lat&quot;:&quot;52.5023439&quot;,&quot;lng&quot;:&quot;13.3009871&quot;},&quot;label&quot;:false,&quot;custom_marker&quot;:&quot;&lt;i class=\\&quot;jet-map-marker condition-3 apply-fill apply-stroke fas fa-map-marker\\&quot; aria-hidden=\\&quot;true\\&quot;&gt;&lt;\\\/i&gt;&quot;,&quot;geo_query_distance&quot;:-1},{&quot;id&quot;:51286,&quot;latLang&quot;:{&quot;lat&quot;:&quot;52.5200066&quot;,&quot;lng&quot;:&quot;13.404954&quot;},&quot;label&quot;:false,&quot;custom_marker&quot;:&quot;&lt;i class=\\&quot;jet-map-marker condition-1 apply-fill apply-stroke fas fa-map-marker\\&quot; aria-hidden=\\&quot;true\\&quot;&gt;&lt;\\\/i&gt;&quot;,&quot;geo_query_distance&quot;:-1},{&quot;id&quot;:51259,&quot;latLang&quot;:{&quot;lat&quot;:&quot;52.4959251&quot;,&quot;lng&quot;:&quot;13.3243326&quot;},&quot;label&quot;:false,&quot;custom_marker&quot;:&quot;&lt;i class=\\&quot;jet-map-marker condition-3 apply-fill apply-stroke fas fa-map-marker\\&quot; aria-hidden=\\&quot;true\\&quot;&gt;&lt;\\\/i&gt;&quot;,&quot;geo_query_distance&quot;:-1},{&quot;id&quot;:51248,&quot;latLang&quot;:{&quot;lat&quot;:&quot;52.5290647&quot;,&quot;lng&quot;:&quot;13.3853276&quot;},&quot;label&quot;:false,&quot;custom_marker&quot;:&quot;&lt;i class=\\&quot;jet-map-marker condition-3 apply-fill apply-stroke fas fa-map-marker\\&quot; aria-hidden=\\&quot;true\\&quot;&gt;&lt;\\\/i&gt;&quot;,&quot;geo_query_distance&quot;:-1},{&quot;id&quot;:51237,&quot;latLang&quot;:{&quot;lat&quot;:&quot;52.5252332&quot;,&quot;lng&quot;:&quot;13.4018504&quot;},&quot;label&quot;:false,&quot;custom_marker&quot;:&quot;&lt;i class=\\&quot;jet-map-marker condition-3 apply-fill apply-stroke fas fa-map-marker\\&quot; aria-hidden=\\&quot;true\\&quot;&gt;&lt;\\\/i&gt;&quot;,&quot;geo_query_distance&quot;:-1},{&quot;id&quot;:50729,&quot;latLang&quot;:{&quot;lat&quot;:&quot;52.5200066&quot;,&quot;lng&quot;:&quot;13.404954&quot;},&quot;label&quot;:false,&quot;custom_marker&quot;:&quot;&lt;i class=\\&quot;jet-map-marker condition-1 apply-fill apply-stroke fas fa-map-marker\\&quot; aria-hidden=\\&quot;true\\&quot;&gt;&lt;\\\/i&gt;&quot;,&quot;geo_query_distance&quot;:-1},{&quot;id&quot;:50719,&quot;latLang&quot;:{&quot;lat&quot;:&quot;52.5321231&quot;,&quot;lng&quot;:&quot;13.3963887&quot;},&quot;label&quot;:false,&quot;custom_marker&quot;:&quot;&lt;i class=\\&quot;jet-map-marker condition-3 apply-fill apply-stroke fas fa-map-marker\\&quot; aria-hidden=\\&quot;true\\&quot;&gt;&lt;\\\/i&gt;&quot;,&quot;geo_query_distance&quot;:-1},{&quot;id&quot;:50710,&quot;latLang&quot;:{&quot;lat&quot;:&quot;52.5227923&quot;,&quot;lng&quot;:&quot;13.4469458&quot;},&quot;label&quot;:false,&quot;custom_marker&quot;:&quot;&lt;i class=\\&quot;jet-map-marker condition-3 apply-fill apply-stroke fas fa-map-marker\\&quot; aria-hidden=\\&quot;true\\&quot;&gt;&lt;\\\/i&gt;&quot;,&quot;geo_query_distance&quot;:-1},{&quot;id&quot;:50696,&quot;latLang&quot;:{&quot;lat&quot;:&quot;52.5032149&quot;,&quot;lng&quot;:&quot;13.3940891&quot;},&quot;label&quot;:false,&quot;custom_marker&quot;:&quot;&lt;i class=\\&quot;jet-map-marker condition-2 apply-fill apply-stroke fas fa-map-marker\\&quot; aria-hidden=\\&quot;true\\&quot;&gt;&lt;\\\/i&gt;&quot;,&quot;geo_query_distance&quot;:-1},{&quot;id&quot;:50681,&quot;latLang&quot;:{&quot;lat&quot;:&quot;52.5200066&quot;,&quot;lng&quot;:&quot;13.404954&quot;},&quot;label&quot;:false,&quot;custom_marker&quot;:&quot;&lt;i class=\\&quot;jet-map-marker condition-1 apply-fill apply-stroke fas fa-map-marker\\&quot; aria-hidden=\\&quot;true\\&quot;&gt;&lt;\\\/i&gt;&quot;,&quot;geo_query_distance&quot;:-1},{&quot;id&quot;:50670,&quot;latLang&quot;:{&quot;lat&quot;:&quot;52.5200066&quot;,&quot;lng&quot;:&quot;13.404954&quot;},&quot;label&quot;:false,&quot;custom_marker&quot;:&quot;&lt;i class=\\&quot;jet-map-marker condition-1 apply-fill apply-stroke fas fa-map-marker\\&quot; aria-hidden=\\&quot;true\\&quot;&gt;&lt;\\\/i&gt;&quot;,&quot;geo_query_distance&quot;:-1},{&quot;id&quot;:50662,&quot;latLang&quot;:{&quot;lat&quot;:&quot;52.4881049&quot;,&quot;lng&quot;:&quot;13.4230895&quot;},&quot;label&quot;:false,&quot;custom_marker&quot;:&quot;&lt;i class=\\&quot;jet-map-marker condition-3 apply-fill apply-stroke fas fa-map-marker\\&quot; aria-hidden=\\&quot;true\\&quot;&gt;&lt;\\\/i&gt;&quot;,&quot;geo_query_distance&quot;:-1},{&quot;id&quot;:50637,&quot;latLang&quot;:{&quot;lat&quot;:&quot;52.5304948&quot;,&quot;lng&quot;:&quot;13.3927992&quot;},&quot;label&quot;:false,&quot;custom_marker&quot;:&quot;&lt;i class=\\&quot;jet-map-marker condition-3 apply-fill apply-stroke fas fa-map-marker\\&quot; aria-hidden=\\&quot;true\\&quot;&gt;&lt;\\\/i&gt;&quot;,&quot;geo_query_distance&quot;:-1},{&quot;id&quot;:50628,&quot;latLang&quot;:{&quot;lat&quot;:&quot;52.5484693&quot;,&quot;lng&quot;:&quot;13.4206429&quot;},&quot;label&quot;:false,&quot;custom_marker&quot;:&quot;&lt;i class=\\&quot;jet-map-marker condition-3 apply-fill apply-stroke fas fa-map-marker\\&quot; aria-hidden=\\&quot;true\\&quot;&gt;&lt;\\\/i&gt;&quot;,&quot;geo_query_distance&quot;:-1},{&quot;id&quot;:50590,&quot;latLang&quot;:{&quot;lat&quot;:&quot;52.5029156&quot;,&quot;lng&quot;:&quot;13.3946686&quot;},&quot;label&quot;:false,&quot;custom_marker&quot;:&quot;&lt;i class=\\&quot;jet-map-marker condition-2 apply-fill apply-stroke fas fa-map-marker\\&quot; aria-hidden=\\&quot;true\\&quot;&gt;&lt;\\\/i&gt;&quot;,&quot;geo_query_distance&quot;:-1},{&quot;id&quot;:50585,&quot;latLang&quot;:{&quot;lat&quot;:&quot;52.5026046&quot;,&quot;lng&quot;:&quot;13.4545933&quot;},&quot;label&quot;:false,&quot;custom_marker&quot;:&quot;&lt;i class=\\&quot;jet-map-marker condition-3 apply-fill apply-stroke fas fa-map-marker\\&quot; aria-hidden=\\&quot;true\\&quot;&gt;&lt;\\\/i&gt;&quot;,&quot;geo_query_distance&quot;:-1},{&quot;id&quot;:50576,&quot;latLang&quot;:{&quot;lat&quot;:&quot;52.5122398&quot;,&quot;lng&quot;:&quot;13.460008&quot;},&quot;label&quot;:false,&quot;custom_marker&quot;:&quot;&lt;i class=\\&quot;jet-map-marker condition-3 apply-fill apply-stroke fas fa-map-marker\\&quot; aria-hidden=\\&quot;true\\&quot;&gt;&lt;\\\/i&gt;&quot;,&quot;geo_query_distance&quot;:-1},{&quot;id&quot;:50520,&quot;latLang&quot;:{&quot;lat&quot;:&quot;52.5007565&quot;,&quot;lng&quot;:&quot;13.4206061&quot;},&quot;label&quot;:false,&quot;custom_marker&quot;:&quot;&lt;i class=\\&quot;jet-map-marker condition-3 apply-fill apply-stroke fas fa-map-marker\\&quot; aria-hidden=\\&quot;true\\&quot;&gt;&lt;\\\/i&gt;&quot;,&quot;geo_query_distance&quot;:-1},{&quot;id&quot;:50477,&quot;latLang&quot;:{&quot;lat&quot;:&quot;52.507084&quot;,&quot;lng&quot;:&quot;13.3250366&quot;},&quot;label&quot;:false,&quot;custom_marker&quot;:&quot;&lt;i class=\\&quot;jet-map-marker condition-2 apply-fill apply-stroke fas fa-map-marker\\&quot; aria-hidden=\\&quot;true\\&quot;&gt;&lt;\\\/i&gt;&quot;,&quot;geo_query_distance&quot;:-1},{&quot;id&quot;:50468,&quot;latLang&quot;:{&quot;lat&quot;:&quot;52.4773413&quot;,&quot;lng&quot;:&quot;13.4230698&quot;},&quot;label&quot;:false,&quot;custom_marker&quot;:&quot;&lt;i class=\\&quot;jet-map-marker condition-3 apply-fill apply-stroke fas fa-map-marker\\&quot; aria-hidden=\\&quot;true\\&quot;&gt;&lt;\\\/i&gt;&quot;,&quot;geo_query_distance&quot;:-1},{&quot;id&quot;:50459,&quot;latLang&quot;:{&quot;lat&quot;:&quot;52.5200066&quot;,&quot;lng&quot;:&quot;13.404954&quot;},&quot;label&quot;:false,&quot;custom_marker&quot;:&quot;&lt;i class=\\&quot;jet-map-marker condition-1 apply-fill apply-stroke fas fa-map-marker\\&quot; aria-hidden=\\&quot;true\\&quot;&gt;&lt;\\\/i&gt;&quot;,&quot;geo_query_distance&quot;:-1},{&quot;id&quot;:50447,&quot;latLang&quot;:{&quot;lat&quot;:&quot;52.5261183&quot;,&quot;lng&quot;:&quot;13.3927954&quot;},&quot;label&quot;:false,&quot;custom_marker&quot;:&quot;&lt;i class=\\&quot;jet-map-marker condition-3 apply-fill apply-stroke fas fa-map-marker\\&quot; aria-hidden=\\&quot;true\\&quot;&gt;&lt;\\\/i&gt;&quot;,&quot;geo_query_distance&quot;:-1},{&quot;id&quot;:50436,&quot;latLang&quot;:{&quot;lat&quot;:&quot;52.5200066&quot;,&quot;lng&quot;:&quot;13.404954&quot;},&quot;label&quot;:false,&quot;custom_marker&quot;:&quot;&lt;i class=\\&quot;jet-map-marker condition-1 apply-fill apply-stroke fas fa-map-marker\\&quot; aria-hidden=\\&quot;true\\&quot;&gt;&lt;\\\/i&gt;&quot;,&quot;geo_query_distance&quot;:-1},{&quot;id&quot;:50411,&quot;latLang&quot;:{&quot;lat&quot;:&quot;52.5056503&quot;,&quot;lng&quot;:&quot;13.4326332&quot;},&quot;label&quot;:false,&quot;custom_marker&quot;:&quot;&lt;i class=\\&quot;jet-map-marker condition-3 apply-fill apply-stroke fas fa-map-marker\\&quot; aria-hidden=\\&quot;true\\&quot;&gt;&lt;\\\/i&gt;&quot;,&quot;geo_query_distance&quot;:-1},{&quot;id&quot;:50267,&quot;latLang&quot;:{&quot;lat&quot;:&quot;52.4991972&quot;,&quot;lng&quot;:&quot;13.384516&quot;},&quot;label&quot;:false,&quot;custom_marker&quot;:&quot;&lt;i class=\\&quot;jet-map-marker condition-1 apply-fill apply-stroke fas fa-map-marker\\&quot; aria-hidden=\\&quot;true\\&quot;&gt;&lt;\\\/i&gt;&quot;,&quot;geo_query_distance&quot;:-1},{&quot;id&quot;:50170,&quot;latLang&quot;:{&quot;lat&quot;:&quot;52.5190519&quot;,&quot;lng&quot;:&quot;13.2960226&quot;},&quot;label&quot;:false,&quot;custom_marker&quot;:&quot;&lt;i class=\\&quot;jet-map-marker condition-2 apply-fill apply-stroke fas fa-map-marker\\&quot; aria-hidden=\\&quot;true\\&quot;&gt;&lt;\\\/i&gt;&quot;,&quot;geo_query_distance&quot;:-1},{&quot;id&quot;:50163,&quot;latLang&quot;:{&quot;lat&quot;:&quot;52.5190519&quot;,&quot;lng&quot;:&quot;13.2960226&quot;},&quot;label&quot;:false,&quot;custom_marker&quot;:&quot;&lt;i class=\\&quot;jet-map-marker condition-2 apply-fill apply-stroke fas fa-map-marker\\&quot; aria-hidden=\\&quot;true\\&quot;&gt;&lt;\\\/i&gt;&quot;,&quot;geo_query_distance&quot;:-1},{&quot;id&quot;:50150,&quot;latLang&quot;:{&quot;lat&quot;:&quot;52.4773413&quot;,&quot;lng&quot;:&quot;13.4230698&quot;},&quot;label&quot;:false,&quot;custom_marker&quot;:&quot;&lt;i class=\\&quot;jet-map-marker condition-2 apply-fill apply-stroke fas fa-map-marker\\&quot; aria-hidden=\\&quot;true\\&quot;&gt;&lt;\\\/i&gt;&quot;,&quot;geo_query_distance&quot;:-1},{&quot;id&quot;:50062,&quot;latLang&quot;:{&quot;lat&quot;:&quot;52.5345952&quot;,&quot;lng&quot;:&quot;13.3955418&quot;},&quot;label&quot;:false,&quot;custom_marker&quot;:&quot;&lt;i class=\\&quot;jet-map-marker condition-3 apply-fill apply-stroke fas fa-map-marker\\&quot; aria-hidden=\\&quot;true\\&quot;&gt;&lt;\\\/i&gt;&quot;,&quot;geo_query_distance&quot;:-1},{&quot;id&quot;:50054,&quot;latLang&quot;:{&quot;lat&quot;:&quot;52.5005575&quot;,&quot;lng&quot;:&quot;13.3285676&quot;},&quot;label&quot;:false,&quot;custom_marker&quot;:&quot;&lt;i class=\\&quot;jet-map-marker condition-3 apply-fill apply-stroke fas fa-map-marker\\&quot; aria-hidden=\\&quot;true\\&quot;&gt;&lt;\\\/i&gt;&quot;,&quot;geo_query_distance&quot;:-1},{&quot;id&quot;:50045,&quot;latLang&quot;:{&quot;lat&quot;:&quot;52.5029168&quot;,&quot;lng&quot;:&quot;13.414136&quot;},&quot;label&quot;:false,&quot;custom_marker&quot;:&quot;&lt;i class=\\&quot;jet-map-marker condition-2 apply-fill apply-stroke fas fa-map-marker\\&quot; aria-hidden=\\&quot;true\\&quot;&gt;&lt;\\\/i&gt;&quot;,&quot;geo_query_distance&quot;:-1},{&quot;id&quot;:50023,&quot;latLang&quot;:{&quot;lat&quot;:&quot;52.5345952&quot;,&quot;lng&quot;:&quot;13.3955418&quot;},&quot;label&quot;:false,&quot;custom_marker&quot;:&quot;&lt;i class=\\&quot;jet-map-marker condition-2 apply-fill apply-stroke fas fa-map-marker\\&quot; aria-hidden=\\&quot;true\\&quot;&gt;&lt;\\\/i&gt;&quot;,&quot;geo_query_distance&quot;:-1},{&quot;id&quot;:50013,&quot;latLang&quot;:{&quot;lat&quot;:&quot;52.5345952&quot;,&quot;lng&quot;:&quot;13.3955418&quot;},&quot;label&quot;:false,&quot;custom_marker&quot;:&quot;&lt;i class=\\&quot;jet-map-marker condition-2 apply-fill apply-stroke fas fa-map-marker\\&quot; aria-hidden=\\&quot;true\\&quot;&gt;&lt;\\\/i&gt;&quot;,&quot;geo_query_distance&quot;:-1},{&quot;id&quot;:50968,&quot;latLang&quot;:{&quot;lat&quot;:&quot;52.5293671&quot;,&quot;lng&quot;:&quot;13.3989802&quot;},&quot;label&quot;:false,&quot;custom_marker&quot;:&quot;&lt;i class=\\&quot;jet-map-marker condition-2 apply-fill apply-stroke fas fa-map-marker\\&quot; aria-hidden=\\&quot;true\\&quot;&gt;&lt;\\\/i&gt;&quot;,&quot;geo_query_distance&quot;:-1},{&quot;id&quot;:50934,&quot;latLang&quot;:{&quot;lat&quot;:&quot;52.5200066&quot;,&quot;lng&quot;:&quot;13.404954&quot;},&quot;label&quot;:false,&quot;custom_marker&quot;:&quot;&lt;i class=\\&quot;jet-map-marker condition-1 apply-fill apply-stroke fas fa-map-marker\\&quot; aria-hidden=\\&quot;true\\&quot;&gt;&lt;\\\/i&gt;&quot;,&quot;geo_query_distance&quot;:-1}]\" data-general=\"{&quot;api&quot;:&quot;https:\\\/\\\/berlindesignweek.com\\\/en\\\/wp-json\\\/jet-engine\\\/v2\\\/get-map-marker-info\\\/&quot;,&quot;restNonce&quot;:&quot;a920d9dfb2&quot;,&quot;listingID&quot;:50740,&quot;source&quot;:&quot;posts&quot;,&quot;width&quot;:250,&quot;offset&quot;:70,&quot;clustererImg&quot;:&quot;https:\\\/\\\/berlindesignweek.com\\\/wp-content\\\/plugins\\\/jet-engine\\\/includes\\\/modules\\\/maps-listings\\\/assets\\\/lib\\\/markerclustererplus\\\/img\\\/m&quot;,&quot;marker&quot;:{&quot;type&quot;:&quot;icon&quot;,&quot;html&quot;:&quot;&lt;i class=\\&quot;jet-map-marker jet-map-marker-default apply-fill fas fa-arrow-alt-circle-down\\&quot; aria-hidden=\\&quot;true\\&quot;&gt;&lt;\\\/i&gt;&quot;},&quot;autoCenter&quot;:false,&quot;maxZoom&quot;:false,&quot;minZoom&quot;:false,&quot;customCenter&quot;:{&quot;lat&quot;:52.5199728,&quot;lng&quot;:13.4050566},&quot;customZoom&quot;:12,&quot;popupPreloader&quot;:true,&quot;querySeparator&quot;:&quot;?&quot;,&quot;markerClustering&quot;:true,&quot;clusterMaxZoom&quot;:14,&quot;clusterRadius&quot;:&quot;&quot;,&quot;popupOpenOn&quot;:&quot;hover&quot;,&quot;centeringOnOpen&quot;:false,&quot;zoomOnOpen&quot;:false,&quot;advanced&quot;:{&quot;zoom_control&quot;:&quot;auto&quot;},&quot;user_location_enabled&quot;:true,&quot;user_location_marker&quot;:{&quot;type&quot;:&quot;icon&quot;,&quot;html&quot;:&quot;&lt;i class=\\&quot;jet-map-user-location-marker user-location  apply-fill fas fa-smile\\&quot; aria-hidden=\\&quot;true\\&quot;&gt;&lt;\\\/i&gt;&quot;},&quot;user_location_label&quot;:&quot;&quot;,&quot;styles&quot;:[{&quot;featureType&quot;:&quot;administrative&quot;,&quot;elementType&quot;:&quot;all&quot;,&quot;stylers&quot;:[{&quot;visibility&quot;:&quot;simplified&quot;},{&quot;gamma&quot;:&quot;1.00&quot;}]},{&quot;featureType&quot;:&quot;administrative.country&quot;,&quot;elementType&quot;:&quot;labels.text.fill&quot;,&quot;stylers&quot;:[{&quot;lightness&quot;:&quot;-53&quot;},{&quot;color&quot;:&quot;#535353&quot;}]},{&quot;featureType&quot;:&quot;administrative.province&quot;,&quot;elementType&quot;:&quot;labels.text.fill&quot;,&quot;stylers&quot;:[{&quot;color&quot;:&quot;#a7a9ef&quot;},{&quot;saturation&quot;:&quot;100&quot;},{&quot;lightness&quot;:&quot;-14&quot;}]},{&quot;featureType&quot;:&quot;administrative.locality&quot;,&quot;elementType&quot;:&quot;labels&quot;,&quot;stylers&quot;:[{&quot;color&quot;:&quot;#000507&quot;}]},{&quot;featureType&quot;:&quot;administrative.neighborhood&quot;,&quot;elementType&quot;:&quot;labels&quot;,&quot;stylers&quot;:[{&quot;color&quot;:&quot;#000507&quot;}]},{&quot;featureType&quot;:&quot;landscape&quot;,&quot;elementType&quot;:&quot;geometry&quot;,&quot;stylers&quot;:[{&quot;visibility&quot;:&quot;simplified&quot;},{&quot;lightness&quot;:&quot;65&quot;},{&quot;saturation&quot;:&quot;-100&quot;},{&quot;hue&quot;:&quot;#ff0000&quot;}]},{&quot;featureType&quot;:&quot;poi&quot;,&quot;elementType&quot;:&quot;geometry&quot;,&quot;stylers&quot;:[{&quot;visibility&quot;:&quot;simplified&quot;},{&quot;saturation&quot;:&quot;-100&quot;},{&quot;lightness&quot;:&quot;80&quot;}]},{&quot;featureType&quot;:&quot;poi&quot;,&quot;elementType&quot;:&quot;labels&quot;,&quot;stylers&quot;:[{&quot;visibility&quot;:&quot;off&quot;}]},{&quot;featureType&quot;:&quot;poi.attraction&quot;,&quot;elementType&quot;:&quot;labels&quot;,&quot;stylers&quot;:[{&quot;visibility&quot;:&quot;off&quot;},{&quot;color&quot;:&quot;#d2ff1d&quot;}]},{&quot;featureType&quot;:&quot;road.highway&quot;,&quot;elementType&quot;:&quot;geometry&quot;,&quot;stylers&quot;:[{&quot;visibility&quot;:&quot;simplified&quot;},{&quot;color&quot;:&quot;#dddddd&quot;}]},{&quot;featureType&quot;:&quot;road.highway&quot;,&quot;elementType&quot;:&quot;labels&quot;,&quot;stylers&quot;:[{&quot;visibility&quot;:&quot;off&quot;}]},{&quot;featureType&quot;:&quot;road.highway.controlled_access&quot;,&quot;elementType&quot;:&quot;labels&quot;,&quot;stylers&quot;:[{&quot;visibility&quot;:&quot;off&quot;}]},{&quot;featureType&quot;:&quot;road.arterial&quot;,&quot;elementType&quot;:&quot;geometry&quot;,&quot;stylers&quot;:[{&quot;visibility&quot;:&quot;simplified&quot;},{&quot;color&quot;:&quot;#dddddd&quot;}]},{&quot;featureType&quot;:&quot;road.arterial&quot;,&quot;elementType&quot;:&quot;labels&quot;,&quot;stylers&quot;:[{&quot;visibility&quot;:&quot;off&quot;}]},{&quot;featureType&quot;:&quot;road.local&quot;,&quot;elementType&quot;:&quot;geometry&quot;,&quot;stylers&quot;:[{&quot;visibility&quot;:&quot;simplified&quot;},{&quot;color&quot;:&quot;#d5dee4&quot;}]},{&quot;featureType&quot;:&quot;road.local&quot;,&quot;elementType&quot;:&quot;labels.text.fill&quot;,&quot;stylers&quot;:[{&quot;color&quot;:&quot;#2c33f9&quot;},{&quot;saturation&quot;:&quot;-100&quot;}]},{&quot;featureType&quot;:&quot;transit&quot;,&quot;elementType&quot;:&quot;all&quot;,&quot;stylers&quot;:[{&quot;visibility&quot;:&quot;simplified&quot;}]},{&quot;featureType&quot;:&quot;transit.station&quot;,&quot;elementType&quot;:&quot;all&quot;,&quot;stylers&quot;:[{&quot;visibility&quot;:&quot;simplified&quot;}]},{&quot;featureType&quot;:&quot;transit.station&quot;,&quot;elementType&quot;:&quot;labels.text.fill&quot;,&quot;stylers&quot;:[{&quot;color&quot;:&quot;#2c33f9&quot;},{&quot;visibility&quot;:&quot;simplified&quot;}]},{&quot;featureType&quot;:&quot;transit.station&quot;,&quot;elementType&quot;:&quot;labels.icon&quot;,&quot;stylers&quot;:[{&quot;hue&quot;:&quot;#0009ff&quot;},{&quot;weight&quot;:&quot;0.97&quot;}]},{&quot;featureType&quot;:&quot;transit.station.bus&quot;,&quot;elementType&quot;:&quot;all&quot;,&quot;stylers&quot;:[{&quot;visibility&quot;:&quot;simplified&quot;}]},{&quot;featureType&quot;:&quot;transit.station.rail&quot;,&quot;elementType&quot;:&quot;all&quot;,&quot;stylers&quot;:[{&quot;visibility&quot;:&quot;simplified&quot;}]},{&quot;featureType&quot;:&quot;water&quot;,&quot;elementType&quot;:&quot;geometry&quot;,&quot;stylers&quot;:[{&quot;visibility&quot;:&quot;simplified&quot;},{&quot;color&quot;:&quot;#e3e3e3&quot;}]},{&quot;featureType&quot;:&quot;water&quot;,&quot;elementType&quot;:&quot;geometry.fill&quot;,&quot;stylers&quot;:[{&quot;visibility&quot;:&quot;on&quot;}]},{&quot;featureType&quot;:&quot;water&quot;,&quot;elementType&quot;:&quot;labels.text.fill&quot;,&quot;stylers&quot;:[{&quot;color&quot;:&quot;#2c33f9&quot;}]}]}\" data-listing-source=\"posts\" data-queried-id=\"50912|WP_Post\"><\/div>\t\t\t\t<\/div>\n\t\t\t\t<\/div>\n\t\t\t\t\t<\/div>\n\t\t<\/div>\n\t\t\t\t\t<\/div>\n\t\t<\/section>\n\t\t\t\t<section class=\"elementor-section elementor-top-section elementor-element elementor-element-f047703 elementor-section-boxed elementor-section-height-default elementor-section-height-default\" data-id=\"f047703\" data-element_type=\"section\" data-e-type=\"section\" id=\"bdw-speaker\">\n\t\t\t\t\t\t<div class=\"elementor-container elementor-column-gap-default\">\n\t\t\t\t\t<div class=\"elementor-column elementor-col-100 elementor-top-column elementor-element elementor-element-53282d3\" data-id=\"53282d3\" data-element_type=\"column\" data-e-type=\"column\" data-settings=\"{&quot;background_background&quot;:&quot;classic&quot;}\">\n\t\t\t<div class=\"elementor-widget-wrap elementor-element-populated\">\n\t\t\t\t\t\t<div class=\"elementor-element elementor-element-7c17c8b elementor-widget elementor-widget-heading\" data-id=\"7c17c8b\" data-element_type=\"widget\" data-e-type=\"widget\" data-widget_type=\"heading.default\">\n\t\t\t\t<div class=\"elementor-widget-container\">\n\t\t\t\t\t<h2 class=\"elementor-heading-title elementor-size-default\">SPEAKER<\/h2>\t\t\t\t<\/div>\n\t\t\t\t<\/div>\n\t\t\t\t\t<\/div>\n\t\t<\/div>\n\t\t\t\t\t<\/div>\n\t\t<\/section>\n\t\t\t\t<section class=\"elementor-section elementor-top-section elementor-element elementor-element-2f8e013d elementor-section-boxed elementor-section-height-default elementor-section-height-default\" data-id=\"2f8e013d\" data-element_type=\"section\" data-e-type=\"section\">\n\t\t\t\t\t\t<div class=\"elementor-container elementor-column-gap-default\">\n\t\t\t\t\t<div class=\"elementor-column elementor-col-100 elementor-top-column elementor-element elementor-element-328b0a8d\" data-id=\"328b0a8d\" data-element_type=\"column\" data-e-type=\"column\" data-settings=\"{&quot;background_background&quot;:&quot;classic&quot;}\">\n\t\t\t<div class=\"elementor-widget-wrap elementor-element-populated\">\n\t\t\t\t\t\t<div class=\"elementor-element elementor-element-31f7249a dce-col-widescreen-6 dce-col-tablet_extra-3 dce-col-laptop-4 dce-posts-layout-default dce-col-4 dce-col-tablet-3 dce-col-mobile-1 dce-align-left elementor-widget elementor-widget-dce-dynamicposts-v2\" data-id=\"31f7249a\" data-element_type=\"widget\" data-e-type=\"widget\" data-settings=\"{&quot;templatemode_linkable&quot;:&quot;yes&quot;,&quot;grid_grid_type&quot;:&quot;masonry&quot;,&quot;style_items&quot;:&quot;default&quot;}\" data-widget_type=\"dce-dynamicposts-v2.grid\">\n\t\t\t\t<div class=\"elementor-widget-container\">\n\t\t\t\t\t\n\t\t<div class=\"dce-fix-background-loop dce-posts-container dce-posts dce-dynamic-posts-collection reveal-effect reveal-effect-1 dce-skin-grid dce-skin-grid-masonry\">\n\t\t\t\t\t\t<div class=\"dce-posts-wrapper dce-wrapper-grid\">\n\t\t\t\n\t\t<article class=\"post-51541 speaker type-speaker status-publish format-standard has-post-thumbnail hentry format_sp-the-berlin-format jahr_sp-903 dce-post dce-post-item dce-item-grid\" data-dce-post-id=\"51541\" data-dce-post-index=\"0\" data-post-link=\"https:\/\/berlindesignweek.com\/en\/?speaker=prof-dr-bohdan-tscherkes\">\n\t\t\t<div class=\"dce-post-block elementor-animation-grow\">\n\t\t<div class=\"dce-item dce-item_image elementor-repeater-item-82b0272\"><a class=\"dce-post-image\" href=\"https:\/\/berlindesignweek.com\/en\/?speaker=prof-dr-bohdan-tscherkes\"><figure  class=\"dce-img\"><img loading=\"lazy\" decoding=\"async\" width=\"504\" height=\"685\" src=\"https:\/\/berlindesignweek.com\/wp-content\/uploads\/2026\/04\/Bohdan_Tscherkes-3c4fb79cb97eac0644aefdd016e38246.jpg\" class=\"\" alt=\"Prof. Dr. Bohdan Tscherkes\" srcset=\"https:\/\/berlindesignweek.com\/wp-content\/uploads\/2026\/04\/Bohdan_Tscherkes-3c4fb79cb97eac0644aefdd016e38246.jpg 504w, https:\/\/berlindesignweek.com\/wp-content\/uploads\/2026\/04\/Bohdan_Tscherkes-3c4fb79cb97eac0644aefdd016e38246-221x300.jpg 221w, https:\/\/berlindesignweek.com\/wp-content\/uploads\/2026\/04\/Bohdan_Tscherkes-3c4fb79cb97eac0644aefdd016e38246-110x150.jpg 110w\" sizes=\"(max-width: 504px) 100vw, 504px\" _brx_disable_lazy_loading=\"1\" \/><\/figure><\/a><\/div><div class=\"dce-item dce-item_title elementor-repeater-item-1cf7548\"><h6 class=\"dce-post-title\"><a href=\"https:\/\/berlindesignweek.com\/en\/?speaker=prof-dr-bohdan-tscherkes\">Prof. Dr. Bohdan Tscherkes<\/a><\/h6><\/div><div class=\"dce-item dce-item_custommeta elementor-repeater-item-7192a75\"><div class=\"dce-post-custommeta\"><div class=\"dce-meta-item dce-meta-7192a75 dce-meta-text elementor-repeater-item-7192a75\"><div>Design in Wartime<\/div><\/div><\/div><\/div><div class=\"dce-item dce-item_custommeta elementor-repeater-item-98ad445\"><div class=\"dce-post-custommeta dce-post-custommeta\"><div class=\"dce-meta-item dce-meta-7192a75 dce-meta-text elementor-repeater-item-7192a75 dce-meta-item dce-meta-98ad445 dce-meta-text elementor-repeater-item-98ad445\"><div>Kurator der Ausstellung: Design in Wartime<\/div><\/div><\/div><\/div><div class=\"dce-item dce-item_readmore elementor-repeater-item-70d52b9\">\t\t<div class=\"dce-post-button\">\n\t\t\t<a href=\"https:\/\/berlindesignweek.com\/en\/?speaker=prof-dr-bohdan-tscherkes\" class=\"elementor-button-link elementor-button dce-button elementor-size-xs\" role=\"button\" >\n\t\t\tmore\t\t\t<\/a>\n\t\t<\/div>\n\t\t<\/div>\t\t\t<\/div>\n\t\t<\/article>\n\t\t\n\t\t<article class=\"post-50685 speaker type-speaker status-publish format-standard has-post-thumbnail hentry format_sp-own-format jahr_sp-903 dce-post dce-post-item dce-item-grid\" data-dce-post-id=\"50685\" data-dce-post-index=\"1\" data-post-link=\"https:\/\/berlindesignweek.com\/en\/?speaker=martin-jasper\">\n\t\t\t<div class=\"dce-post-block elementor-animation-grow\">\n\t\t<div class=\"dce-item dce-item_image elementor-repeater-item-82b0272\"><a class=\"dce-post-image\" href=\"https:\/\/berlindesignweek.com\/en\/?speaker=martin-jasper\"><figure  class=\"dce-img\"><img loading=\"lazy\" decoding=\"async\" width=\"300\" height=\"500\" src=\"https:\/\/berlindesignweek.com\/wp-content\/uploads\/2026\/04\/BDW-MARTINS-PROFILE-PIC-942c14377fd3891fa2611fef19862915.jpg\" class=\"\" alt=\"Martin Jasper\" srcset=\"https:\/\/berlindesignweek.com\/wp-content\/uploads\/2026\/04\/BDW-MARTINS-PROFILE-PIC-942c14377fd3891fa2611fef19862915.jpg 300w, https:\/\/berlindesignweek.com\/wp-content\/uploads\/2026\/04\/BDW-MARTINS-PROFILE-PIC-942c14377fd3891fa2611fef19862915-180x300.jpg 180w, https:\/\/berlindesignweek.com\/wp-content\/uploads\/2026\/04\/BDW-MARTINS-PROFILE-PIC-942c14377fd3891fa2611fef19862915-90x150.jpg 90w\" sizes=\"(max-width: 300px) 100vw, 300px\" _brx_disable_lazy_loading=\"1\" \/><\/figure><\/a><\/div><div class=\"dce-item dce-item_title elementor-repeater-item-1cf7548\"><h6 class=\"dce-post-title\"><a href=\"https:\/\/berlindesignweek.com\/en\/?speaker=martin-jasper\">Martin Jasper<\/a><\/h6><\/div><div class=\"dce-item dce-item_custommeta elementor-repeater-item-7192a75\"><div class=\"dce-post-custommeta dce-post-custommeta dce-post-custommeta\"><div class=\"dce-meta-item dce-meta-7192a75 dce-meta-text elementor-repeater-item-7192a75\"><div>JASPER ARCHITECTS<\/div><\/div><\/div><\/div><div class=\"dce-item dce-item_custommeta elementor-repeater-item-98ad445\"><div class=\"dce-post-custommeta dce-post-custommeta dce-post-custommeta dce-post-custommeta\"><div class=\"dce-meta-item dce-meta-7192a75 dce-meta-text elementor-repeater-item-7192a75 dce-meta-item dce-meta-98ad445 dce-meta-text elementor-repeater-item-98ad445\"><div>Gr\u00fcnder und Gesch\u00e4ftsf\u00fchrer<\/div><\/div><\/div><\/div><div class=\"dce-item dce-item_readmore elementor-repeater-item-70d52b9\">\t\t<div class=\"dce-post-button\">\n\t\t\t<a href=\"https:\/\/berlindesignweek.com\/en\/?speaker=martin-jasper\" class=\"elementor-button-link elementor-button dce-button elementor-size-xs\" role=\"button\" >\n\t\t\tmore\t\t\t<\/a>\n\t\t<\/div>\n\t\t<\/div>\t\t\t<\/div>\n\t\t<\/article>\n\t\t\n\t\t<article class=\"post-50703 speaker type-speaker status-publish format-standard has-post-thumbnail hentry format_sp-the-berlin-format jahr_sp-903 dce-post dce-post-item dce-item-grid\" data-dce-post-id=\"50703\" data-dce-post-index=\"2\" data-post-link=\"https:\/\/berlindesignweek.com\/en\/?speaker=justin-allen\">\n\t\t\t<div class=\"dce-post-block elementor-animation-grow\">\n\t\t<div class=\"dce-item dce-item_image elementor-repeater-item-82b0272\"><a class=\"dce-post-image\" href=\"https:\/\/berlindesignweek.com\/en\/?speaker=justin-allen\"><figure  class=\"dce-img\"><img loading=\"lazy\" decoding=\"async\" width=\"300\" height=\"500\" src=\"https:\/\/berlindesignweek.com\/wp-content\/uploads\/2026\/04\/JUSTIN-300x500-6242301c9b1215a4f37be3e54f49ab91.jpg\" class=\"\" alt=\"Justin Allen\" srcset=\"https:\/\/berlindesignweek.com\/wp-content\/uploads\/2026\/04\/JUSTIN-300x500-6242301c9b1215a4f37be3e54f49ab91.jpg 300w, https:\/\/berlindesignweek.com\/wp-content\/uploads\/2026\/04\/JUSTIN-300x500-6242301c9b1215a4f37be3e54f49ab91-180x300.jpg 180w, https:\/\/berlindesignweek.com\/wp-content\/uploads\/2026\/04\/JUSTIN-300x500-6242301c9b1215a4f37be3e54f49ab91-90x150.jpg 90w\" sizes=\"(max-width: 300px) 100vw, 300px\" _brx_disable_lazy_loading=\"1\" \/><\/figure><\/a><\/div><div class=\"dce-item dce-item_title elementor-repeater-item-1cf7548\"><h6 class=\"dce-post-title\"><a href=\"https:\/\/berlindesignweek.com\/en\/?speaker=justin-allen\">Justin Allen<\/a><\/h6><\/div><div class=\"dce-item dce-item_custommeta elementor-repeater-item-7192a75\"><div class=\"dce-post-custommeta dce-post-custommeta dce-post-custommeta dce-post-custommeta dce-post-custommeta\"><div class=\"dce-meta-item dce-meta-7192a75 dce-meta-text elementor-repeater-item-7192a75\"><div>ALLEN KAUFMANN ARCHITEKTEN<\/div><\/div><\/div><\/div><div class=\"dce-item dce-item_custommeta elementor-repeater-item-98ad445\"><div class=\"dce-post-custommeta dce-post-custommeta dce-post-custommeta dce-post-custommeta dce-post-custommeta dce-post-custommeta\"><div class=\"dce-meta-item dce-meta-7192a75 dce-meta-text elementor-repeater-item-7192a75 dce-meta-item dce-meta-98ad445 dce-meta-text elementor-repeater-item-98ad445\"><div>Architekt, Mitgr\u00fcnder \/ Creative Director<\/div><\/div><\/div><\/div><div class=\"dce-item dce-item_readmore elementor-repeater-item-70d52b9\">\t\t<div class=\"dce-post-button\">\n\t\t\t<a href=\"https:\/\/berlindesignweek.com\/en\/?speaker=justin-allen\" class=\"elementor-button-link elementor-button dce-button elementor-size-xs\" role=\"button\" >\n\t\t\tmore\t\t\t<\/a>\n\t\t<\/div>\n\t\t<\/div>\t\t\t<\/div>\n\t\t<\/article>\n\t\t\n\t\t<article class=\"post-50613 speaker type-speaker status-publish format-standard has-post-thumbnail hentry format_sp-the-berlin-format jahr_sp-903 dce-post dce-post-item dce-item-grid\" data-dce-post-id=\"50613\" data-dce-post-index=\"3\" data-post-link=\"https:\/\/berlindesignweek.com\/en\/?speaker=baier-birgit\">\n\t\t\t<div class=\"dce-post-block elementor-animation-grow\">\n\t\t<div class=\"dce-item dce-item_image elementor-repeater-item-82b0272\"><a class=\"dce-post-image\" href=\"https:\/\/berlindesignweek.com\/en\/?speaker=baier-birgit\"><figure  class=\"dce-img\"><img loading=\"lazy\" decoding=\"async\" width=\"800\" height=\"800\" src=\"https:\/\/berlindesignweek.com\/wp-content\/uploads\/2026\/04\/WhatsApp-Image-2026-03-09-at-18.04.22-7fa26b650dc72074ba14e40a2a901cdc.jpeg\" class=\"\" alt=\"Baier, Birgit\" srcset=\"https:\/\/berlindesignweek.com\/wp-content\/uploads\/2026\/04\/WhatsApp-Image-2026-03-09-at-18.04.22-7fa26b650dc72074ba14e40a2a901cdc.jpeg 1024w, https:\/\/berlindesignweek.com\/wp-content\/uploads\/2026\/04\/WhatsApp-Image-2026-03-09-at-18.04.22-7fa26b650dc72074ba14e40a2a901cdc-300x300.jpeg 300w, https:\/\/berlindesignweek.com\/wp-content\/uploads\/2026\/04\/WhatsApp-Image-2026-03-09-at-18.04.22-7fa26b650dc72074ba14e40a2a901cdc-150x150.jpeg 150w\" sizes=\"(max-width: 800px) 100vw, 800px\" _brx_disable_lazy_loading=\"1\" \/><\/figure><\/a><\/div><div class=\"dce-item dce-item_title elementor-repeater-item-1cf7548\"><h6 class=\"dce-post-title\"><a href=\"https:\/\/berlindesignweek.com\/en\/?speaker=baier-birgit\">Baier, Birgit<\/a><\/h6><\/div><div class=\"dce-item dce-item_custommeta elementor-repeater-item-7192a75\"><div class=\"dce-post-custommeta dce-post-custommeta dce-post-custommeta dce-post-custommeta dce-post-custommeta dce-post-custommeta dce-post-custommeta\"><div class=\"dce-meta-item dce-meta-7192a75 dce-meta-text elementor-repeater-item-7192a75\"><div>Bempowered<\/div><\/div><\/div><\/div><div class=\"dce-item dce-item_custommeta elementor-repeater-item-98ad445\"><div class=\"dce-post-custommeta dce-post-custommeta dce-post-custommeta dce-post-custommeta dce-post-custommeta dce-post-custommeta dce-post-custommeta dce-post-custommeta\"><div class=\"dce-meta-item dce-meta-7192a75 dce-meta-text elementor-repeater-item-7192a75 dce-meta-item dce-meta-98ad445 dce-meta-text elementor-repeater-item-98ad445\"><div>Founder<\/div><\/div><\/div><\/div><div class=\"dce-item dce-item_readmore elementor-repeater-item-70d52b9\">\t\t<div class=\"dce-post-button\">\n\t\t\t<a href=\"https:\/\/berlindesignweek.com\/en\/?speaker=baier-birgit\" class=\"elementor-button-link elementor-button dce-button elementor-size-xs\" role=\"button\" >\n\t\t\tmore\t\t\t<\/a>\n\t\t<\/div>\n\t\t<\/div>\t\t\t<\/div>\n\t\t<\/article>\n\t\t\n\t\t<article class=\"post-50633 speaker type-speaker status-publish format-standard has-post-thumbnail hentry format_sp-the-berlin-format jahr_sp-903 dce-post dce-post-item dce-item-grid\" data-dce-post-id=\"50633\" data-dce-post-index=\"4\" data-post-link=\"https:\/\/berlindesignweek.com\/en\/?speaker=eng-marwan-zabanoot\">\n\t\t\t<div class=\"dce-post-block elementor-animation-grow\">\n\t\t<div class=\"dce-item dce-item_image elementor-repeater-item-82b0272\"><a class=\"dce-post-image\" href=\"https:\/\/berlindesignweek.com\/en\/?speaker=eng-marwan-zabanoot\"><figure  class=\"dce-img\"><img loading=\"lazy\" decoding=\"async\" width=\"413\" height=\"531\" src=\"https:\/\/berlindesignweek.com\/wp-content\/uploads\/2026\/04\/visa-c75c20e3e785892de2956f2409ba7ca0.jpg\" class=\"\" alt=\"Eng. Marwan Zabanoot\" srcset=\"https:\/\/berlindesignweek.com\/wp-content\/uploads\/2026\/04\/visa-c75c20e3e785892de2956f2409ba7ca0.jpg 413w, https:\/\/berlindesignweek.com\/wp-content\/uploads\/2026\/04\/visa-c75c20e3e785892de2956f2409ba7ca0-233x300.jpg 233w, https:\/\/berlindesignweek.com\/wp-content\/uploads\/2026\/04\/visa-c75c20e3e785892de2956f2409ba7ca0-117x150.jpg 117w\" sizes=\"(max-width: 413px) 100vw, 413px\" _brx_disable_lazy_loading=\"1\" \/><\/figure><\/a><\/div><div class=\"dce-item dce-item_title elementor-repeater-item-1cf7548\"><h6 class=\"dce-post-title\"><a href=\"https:\/\/berlindesignweek.com\/en\/?speaker=eng-marwan-zabanoot\">Eng. Marwan Zabanoot<\/a><\/h6><\/div><div class=\"dce-item dce-item_custommeta elementor-repeater-item-7192a75\"><div class=\"dce-post-custommeta dce-post-custommeta dce-post-custommeta dce-post-custommeta dce-post-custommeta dce-post-custommeta dce-post-custommeta dce-post-custommeta dce-post-custommeta\"><div class=\"dce-meta-item dce-meta-7192a75 dce-meta-text elementor-repeater-item-7192a75\"><div>Oman Think Urban (OTU)<\/div><\/div><\/div><\/div><div class=\"dce-item dce-item_custommeta elementor-repeater-item-98ad445\"><div class=\"dce-post-custommeta dce-post-custommeta dce-post-custommeta dce-post-custommeta dce-post-custommeta dce-post-custommeta dce-post-custommeta dce-post-custommeta dce-post-custommeta dce-post-custommeta\"><div class=\"dce-meta-item dce-meta-7192a75 dce-meta-text elementor-repeater-item-7192a75 dce-meta-item dce-meta-98ad445 dce-meta-text elementor-repeater-item-98ad445\"><div>Project Manager<\/div><\/div><\/div><\/div><div class=\"dce-item dce-item_readmore elementor-repeater-item-70d52b9\">\t\t<div class=\"dce-post-button\">\n\t\t\t<a href=\"https:\/\/berlindesignweek.com\/en\/?speaker=eng-marwan-zabanoot\" class=\"elementor-button-link elementor-button dce-button elementor-size-xs\" role=\"button\" >\n\t\t\tmore\t\t\t<\/a>\n\t\t<\/div>\n\t\t<\/div>\t\t\t<\/div>\n\t\t<\/article>\n\t\t\n\t\t<article class=\"post-49415 speaker type-speaker status-publish format-standard has-post-thumbnail hentry tag-915 format_sp-the-berlin-format jahr_sp-903 dce-post dce-post-item dce-item-grid\" data-dce-post-id=\"49415\" data-dce-post-index=\"5\" data-post-link=\"https:\/\/berlindesignweek.com\/en\/?speaker=maria-stasevich\">\n\t\t\t<div class=\"dce-post-block elementor-animation-grow\">\n\t\t<div class=\"dce-item dce-item_image elementor-repeater-item-82b0272\"><a class=\"dce-post-image\" href=\"https:\/\/berlindesignweek.com\/en\/?speaker=maria-stasevich\"><figure  class=\"dce-img\"><img loading=\"lazy\" decoding=\"async\" width=\"800\" height=\"999\" src=\"https:\/\/berlindesignweek.com\/wp-content\/uploads\/2026\/01\/20251231_182310-11270ece7ce2938b6bdd0f2172e5fad2-820x1024.jpg\" class=\"\" alt=\"Maria Stasevich\" srcset=\"https:\/\/berlindesignweek.com\/wp-content\/uploads\/2026\/01\/20251231_182310-11270ece7ce2938b6bdd0f2172e5fad2-820x1024.jpg 820w, https:\/\/berlindesignweek.com\/wp-content\/uploads\/2026\/01\/20251231_182310-11270ece7ce2938b6bdd0f2172e5fad2-120x150.jpg 120w, https:\/\/berlindesignweek.com\/wp-content\/uploads\/2026\/01\/20251231_182310-11270ece7ce2938b6bdd0f2172e5fad2-240x300.jpg 240w, https:\/\/berlindesignweek.com\/wp-content\/uploads\/2026\/01\/20251231_182310-11270ece7ce2938b6bdd0f2172e5fad2-1230x1536.jpg 1230w, https:\/\/berlindesignweek.com\/wp-content\/uploads\/2026\/01\/20251231_182310-11270ece7ce2938b6bdd0f2172e5fad2-1640x2048.jpg 1640w, https:\/\/berlindesignweek.com\/wp-content\/uploads\/2026\/01\/20251231_182310-11270ece7ce2938b6bdd0f2172e5fad2.jpg 1639w\" sizes=\"(max-width: 800px) 100vw, 800px\" _brx_disable_lazy_loading=\"1\" \/><\/figure><\/a><\/div><div class=\"dce-item dce-item_title elementor-repeater-item-1cf7548\"><h6 class=\"dce-post-title\"><a href=\"https:\/\/berlindesignweek.com\/en\/?speaker=maria-stasevich\">Maria Stasevich<\/a><\/h6><\/div><div class=\"dce-item dce-item_custommeta elementor-repeater-item-7192a75\"><div class=\"dce-post-custommeta dce-post-custommeta dce-post-custommeta dce-post-custommeta dce-post-custommeta dce-post-custommeta dce-post-custommeta dce-post-custommeta dce-post-custommeta dce-post-custommeta dce-post-custommeta\"><div class=\"dce-meta-item dce-meta-7192a75 dce-meta-text elementor-repeater-item-7192a75\"><div>OBLIK<\/div><\/div><\/div><\/div><div class=\"dce-item dce-item_custommeta elementor-repeater-item-98ad445\"><div class=\"dce-post-custommeta dce-post-custommeta dce-post-custommeta dce-post-custommeta dce-post-custommeta dce-post-custommeta dce-post-custommeta dce-post-custommeta dce-post-custommeta dce-post-custommeta dce-post-custommeta dce-post-custommeta\"><div class=\"dce-meta-item dce-meta-7192a75 dce-meta-text elementor-repeater-item-7192a75 dce-meta-item dce-meta-98ad445 dce-meta-text elementor-repeater-item-98ad445\"><div>Gr\u00fcnderin &amp; Creative Director<\/div><\/div><\/div><\/div><div class=\"dce-item dce-item_readmore elementor-repeater-item-70d52b9\">\t\t<div class=\"dce-post-button\">\n\t\t\t<a href=\"https:\/\/berlindesignweek.com\/en\/?speaker=maria-stasevich\" class=\"elementor-button-link elementor-button dce-button elementor-size-xs\" role=\"button\" >\n\t\t\tmore\t\t\t<\/a>\n\t\t<\/div>\n\t\t<\/div>\t\t\t<\/div>\n\t\t<\/article>\n\t\t\t\t\t<\/div>\n\t\t\t\t\t<\/div>\n\t\t\t\t\t\t<\/div>\n\t\t\t\t<\/div>\n\t\t\t\t\t<\/div>\n\t\t<\/div>\n\t\t\t\t\t<\/div>\n\t\t<\/section>\n\t\t\t\t<\/div>\n\t\t","protected":false},"excerpt":{"rendered":"<p>SNEAK PEEK \u00b7 The program is updated continuously until the festival begins \u2013 more events, talks and speakers to come\u00b7 SNEAK PEEK \u00b7 Das Programm wird bis zum Festivalstart laufend aktualisiert \u2013 weitere Events, Talks und Speaker kommen dazu \u00b7 SNEAK PEEK \u00b7 Das Programm wird bis zum Festivalstart laufend aktualisiert \u2013 weitere Events, Talks [&hellip;]<\/p>\n","protected":false},"author":1,"featured_media":0,"parent":0,"menu_order":0,"comment_status":"closed","ping_status":"closed","template":"","meta":{"footnotes":""},"class_list":["post-50912","page","type-page","status-publish","hentry"],"_links":{"self":[{"href":"https:\/\/berlindesignweek.com\/en\/wp-json\/wp\/v2\/pages\/50912","targetHints":{"allow":["GET"]}}],"collection":[{"href":"https:\/\/berlindesignweek.com\/en\/wp-json\/wp\/v2\/pages"}],"about":[{"href":"https:\/\/berlindesignweek.com\/en\/wp-json\/wp\/v2\/types\/page"}],"author":[{"embeddable":true,"href":"https:\/\/berlindesignweek.com\/en\/wp-json\/wp\/v2\/users\/1"}],"replies":[{"embeddable":true,"href":"https:\/\/berlindesignweek.com\/en\/wp-json\/wp\/v2\/comments?post=50912"}],"version-history":[{"count":50,"href":"https:\/\/berlindesignweek.com\/en\/wp-json\/wp\/v2\/pages\/50912\/revisions"}],"predecessor-version":[{"id":51513,"href":"https:\/\/berlindesignweek.com\/en\/wp-json\/wp\/v2\/pages\/50912\/revisions\/51513"}],"wp:attachment":[{"href":"https:\/\/berlindesignweek.com\/en\/wp-json\/wp\/v2\/media?parent=50912"}],"curies":[{"name":"wp","href":"https:\/\/api.w.org\/{rel}","templated":true}]}}