{"id":46138,"date":"2025-04-24T21:25:43","date_gmt":"2025-04-24T21:25:43","guid":{"rendered":"https:\/\/berlindesignweek.com\/speaker\/goek-che-emell\/"},"modified":"2025-05-07T22:01:20","modified_gmt":"2025-05-07T22:01:20","slug":"goek-che-emell","status":"publish","type":"speaker","link":"https:\/\/berlindesignweek.com\/en\/?speaker=goek-che-emell","title":{"rendered":"G\u00f6k Che, Emell"},"content":{"rendered":"<p>Emell G\u00f6k Che ist mehrfach international Ausgezeichnete Designerin und bildende K\u00fcnstlerin Emell G\u00f6k Che auch bekannt aus diversen Interior TV Formaten seit 2009 aus dem deutschen Fernsehen. Aktuell \u201eMein fabelhaftes Ferienhaus\u201c (ZDF) und \u201edie Dekoprofis\u201c (VOX). Au\u00dferdem ist sie Speakerin und Dozentin f\u00fcr Kunst und Design. Ihre Motivation als Designerin ist stets die Frage \u201ewie k\u00f6nnen wir es anders machen\u201c.   <\/p>\n<p>Vortrag \u201eUnleashing the Unseen: Mut im Design als Schl\u00fcssel zu disruptiver Innovation\u201c<\/p>\n","protected":false},"excerpt":{"rendered":"<p>Designer &amp; founder von Studio Artemell<\/p>\n","protected":false},"featured_media":44973,"menu_order":0,"template":"","format":"standard","meta":{"footnotes":""},"tags":[765],"wp_pattern_category":[],"bdw_tag_sp":[],"format_sp":[],"jahr_sp":[],"land":[],"sprache":[],"talkorte":[850],"class_list":["post-46138","speaker","type-speaker","status-publish","format-standard","has-post-thumbnail","hentry","tag-2025-en","talkorte-tbf-day1"],"_links":{"self":[{"href":"https:\/\/berlindesignweek.com\/en\/wp-json\/wp\/v2\/speaker\/46138","targetHints":{"allow":["GET"]}}],"collection":[{"href":"https:\/\/berlindesignweek.com\/en\/wp-json\/wp\/v2\/speaker"}],"about":[{"href":"https:\/\/berlindesignweek.com\/en\/wp-json\/wp\/v2\/types\/speaker"}],"version-history":[{"count":0,"href":"https:\/\/berlindesignweek.com\/en\/wp-json\/wp\/v2\/speaker\/46138\/revisions"}],"wp:featuredmedia":[{"embeddable":true,"href":"https:\/\/berlindesignweek.com\/en\/wp-json\/wp\/v2\/media\/44973"}],"wp:attachment":[{"href":"https:\/\/berlindesignweek.com\/en\/wp-json\/wp\/v2\/media?parent=46138"}],"wp:term":[{"taxonomy":"post_tag","embeddable":true,"href":"https:\/\/berlindesignweek.com\/en\/wp-json\/wp\/v2\/tags?post=46138"},{"taxonomy":"wp_pattern_category","embeddable":true,"href":"https:\/\/berlindesignweek.com\/en\/wp-json\/wp\/v2\/wp_pattern_category?post=46138"},{"taxonomy":"bdw_tag_sp","embeddable":true,"href":"https:\/\/berlindesignweek.com\/en\/wp-json\/wp\/v2\/bdw_tag_sp?post=46138"},{"taxonomy":"format_sp","embeddable":true,"href":"https:\/\/berlindesignweek.com\/en\/wp-json\/wp\/v2\/format_sp?post=46138"},{"taxonomy":"jahr_sp","embeddable":true,"href":"https:\/\/berlindesignweek.com\/en\/wp-json\/wp\/v2\/jahr_sp?post=46138"},{"taxonomy":"land","embeddable":true,"href":"https:\/\/berlindesignweek.com\/en\/wp-json\/wp\/v2\/land?post=46138"},{"taxonomy":"sprache","embeddable":true,"href":"https:\/\/berlindesignweek.com\/en\/wp-json\/wp\/v2\/sprache?post=46138"},{"taxonomy":"talkorte","embeddable":true,"href":"https:\/\/berlindesignweek.com\/en\/wp-json\/wp\/v2\/talkorte?post=46138"}],"curies":[{"name":"wp","href":"https:\/\/api.w.org\/{rel}","templated":true}]}}