{"id":46212,"date":"2025-04-25T13:58:28","date_gmt":"2025-04-25T13:58:28","guid":{"rendered":"https:\/\/berlindesignweek.com\/speaker\/andreas-weber\/"},"modified":"2025-05-07T22:02:42","modified_gmt":"2025-05-07T22:02:42","slug":"andreas-weber","status":"publish","type":"speaker","link":"https:\/\/berlindesignweek.com\/en\/?speaker=andreas-weber","title":{"rendered":"Andreas Weber"},"content":{"rendered":"<p>Andreas Weber ist Mitgr\u00fcnder und Gesch\u00e4ftsf\u00fchrer von Stan Hema. Seit \u00fcber 20 Jahren begleitet er Marken durch komplexe Prozesse \u2013 von der Strategie bis zum ganzheitlichen Markenauftritt. Seine Leidenschaft gilt Marken, die Haltung zeigen. Andreas positioniert sich klar zu Themen wie Holokratie, Selbstorganisation und Ko-Kreation mit Auftraggeber:innen. Dar\u00fcber hinaus engagiert er sich in Netzwerken und bei Veranstaltungen f\u00fcr bessere Arbeitsbedingungen in der Agentur- und Kreativbranche.    <\/p>\n","protected":false},"excerpt":{"rendered":"<p>Gesch\u00e4ftsf\u00fchrung, Stan Hema<\/p>\n","protected":false},"featured_media":46035,"menu_order":0,"template":"","format":"standard","meta":{"footnotes":""},"tags":[765],"wp_pattern_category":[],"bdw_tag_sp":[],"format_sp":[],"jahr_sp":[],"land":[],"sprache":[],"talkorte":[850],"class_list":["post-46212","speaker","type-speaker","status-publish","format-standard","has-post-thumbnail","hentry","tag-2025-en","talkorte-tbf-day1"],"_links":{"self":[{"href":"https:\/\/berlindesignweek.com\/en\/wp-json\/wp\/v2\/speaker\/46212","targetHints":{"allow":["GET"]}}],"collection":[{"href":"https:\/\/berlindesignweek.com\/en\/wp-json\/wp\/v2\/speaker"}],"about":[{"href":"https:\/\/berlindesignweek.com\/en\/wp-json\/wp\/v2\/types\/speaker"}],"version-history":[{"count":0,"href":"https:\/\/berlindesignweek.com\/en\/wp-json\/wp\/v2\/speaker\/46212\/revisions"}],"wp:featuredmedia":[{"embeddable":true,"href":"https:\/\/berlindesignweek.com\/en\/wp-json\/wp\/v2\/media\/46035"}],"wp:attachment":[{"href":"https:\/\/berlindesignweek.com\/en\/wp-json\/wp\/v2\/media?parent=46212"}],"wp:term":[{"taxonomy":"post_tag","embeddable":true,"href":"https:\/\/berlindesignweek.com\/en\/wp-json\/wp\/v2\/tags?post=46212"},{"taxonomy":"wp_pattern_category","embeddable":true,"href":"https:\/\/berlindesignweek.com\/en\/wp-json\/wp\/v2\/wp_pattern_category?post=46212"},{"taxonomy":"bdw_tag_sp","embeddable":true,"href":"https:\/\/berlindesignweek.com\/en\/wp-json\/wp\/v2\/bdw_tag_sp?post=46212"},{"taxonomy":"format_sp","embeddable":true,"href":"https:\/\/berlindesignweek.com\/en\/wp-json\/wp\/v2\/format_sp?post=46212"},{"taxonomy":"jahr_sp","embeddable":true,"href":"https:\/\/berlindesignweek.com\/en\/wp-json\/wp\/v2\/jahr_sp?post=46212"},{"taxonomy":"land","embeddable":true,"href":"https:\/\/berlindesignweek.com\/en\/wp-json\/wp\/v2\/land?post=46212"},{"taxonomy":"sprache","embeddable":true,"href":"https:\/\/berlindesignweek.com\/en\/wp-json\/wp\/v2\/sprache?post=46212"},{"taxonomy":"talkorte","embeddable":true,"href":"https:\/\/berlindesignweek.com\/en\/wp-json\/wp\/v2\/talkorte?post=46212"}],"curies":[{"name":"wp","href":"https:\/\/api.w.org\/{rel}","templated":true}]}}