{"id":46218,"date":"2025-04-25T13:58:57","date_gmt":"2025-04-25T13:58:57","guid":{"rendered":"https:\/\/berlindesignweek.com\/speaker\/silke-krummel\/"},"modified":"2025-05-07T22:04:05","modified_gmt":"2025-05-07T22:04:05","slug":"silke-krummel","status":"publish","type":"speaker","link":"https:\/\/berlindesignweek.com\/en\/?speaker=silke-krummel","title":{"rendered":"Silke Krummel"},"content":{"rendered":"<p>Als leidenschaftliche Kulturmanagerin und Expertin f\u00fcr Organisationsentwicklung begleitet sie komplexe, interkulturelle und transformative Projekte. Sie verf\u00fcgt \u00fcber umfangreiche berufliche und akademische Erfahrung in Europa und Asien \u2013 zuletzt in leitenden Positionen bei den KUNST-WERKEN BERLIN sowie der Studienstiftung des deutschen Volkes. <\/p>\n","protected":false},"excerpt":{"rendered":"<p>Gesch\u00e4ftsf\u00fchrerin und Sprecherin der Gesch\u00e4ftsf\u00fchrung, Agentur f\u00fcr internationale Museumskooperation<\/p>\n","protected":false},"featured_media":46070,"menu_order":0,"template":"","format":"standard","meta":{"footnotes":""},"tags":[765],"wp_pattern_category":[],"bdw_tag_sp":[],"format_sp":[],"jahr_sp":[],"land":[],"sprache":[],"talkorte":[850],"class_list":["post-46218","speaker","type-speaker","status-publish","format-standard","has-post-thumbnail","hentry","tag-2025-en","talkorte-tbf-day1"],"_links":{"self":[{"href":"https:\/\/berlindesignweek.com\/en\/wp-json\/wp\/v2\/speaker\/46218","targetHints":{"allow":["GET"]}}],"collection":[{"href":"https:\/\/berlindesignweek.com\/en\/wp-json\/wp\/v2\/speaker"}],"about":[{"href":"https:\/\/berlindesignweek.com\/en\/wp-json\/wp\/v2\/types\/speaker"}],"version-history":[{"count":0,"href":"https:\/\/berlindesignweek.com\/en\/wp-json\/wp\/v2\/speaker\/46218\/revisions"}],"wp:featuredmedia":[{"embeddable":true,"href":"https:\/\/berlindesignweek.com\/en\/wp-json\/wp\/v2\/media\/46070"}],"wp:attachment":[{"href":"https:\/\/berlindesignweek.com\/en\/wp-json\/wp\/v2\/media?parent=46218"}],"wp:term":[{"taxonomy":"post_tag","embeddable":true,"href":"https:\/\/berlindesignweek.com\/en\/wp-json\/wp\/v2\/tags?post=46218"},{"taxonomy":"wp_pattern_category","embeddable":true,"href":"https:\/\/berlindesignweek.com\/en\/wp-json\/wp\/v2\/wp_pattern_category?post=46218"},{"taxonomy":"bdw_tag_sp","embeddable":true,"href":"https:\/\/berlindesignweek.com\/en\/wp-json\/wp\/v2\/bdw_tag_sp?post=46218"},{"taxonomy":"format_sp","embeddable":true,"href":"https:\/\/berlindesignweek.com\/en\/wp-json\/wp\/v2\/format_sp?post=46218"},{"taxonomy":"jahr_sp","embeddable":true,"href":"https:\/\/berlindesignweek.com\/en\/wp-json\/wp\/v2\/jahr_sp?post=46218"},{"taxonomy":"land","embeddable":true,"href":"https:\/\/berlindesignweek.com\/en\/wp-json\/wp\/v2\/land?post=46218"},{"taxonomy":"sprache","embeddable":true,"href":"https:\/\/berlindesignweek.com\/en\/wp-json\/wp\/v2\/sprache?post=46218"},{"taxonomy":"talkorte","embeddable":true,"href":"https:\/\/berlindesignweek.com\/en\/wp-json\/wp\/v2\/talkorte?post=46218"}],"curies":[{"name":"wp","href":"https:\/\/api.w.org\/{rel}","templated":true}]}}