{"id":46221,"date":"2025-04-25T13:59:56","date_gmt":"2025-04-25T13:59:56","guid":{"rendered":"https:\/\/berlindesignweek.com\/speaker\/tom-dixon\/"},"modified":"2026-04-20T14:28:03","modified_gmt":"2026-04-20T12:28:03","slug":"tom-dixon","status":"publish","type":"speaker","link":"https:\/\/berlindesignweek.com\/en\/?speaker=tom-dixon","title":{"rendered":"Tom Dixon @The Berlin Format"},"content":{"rendered":"\t\t<div data-elementor-type=\"wp-post\" data-elementor-id=\"46221\" class=\"elementor elementor-46221 elementor-46094\" data-elementor-post-type=\"speaker\">\n\t\t\t\t\t\t<section class=\"elementor-section elementor-top-section elementor-element elementor-element-772bb6f elementor-section-full_width container elementor-reverse-mobile elementor-section-height-default elementor-section-height-default\" data-id=\"772bb6f\" data-element_type=\"section\" data-e-type=\"section\" data-settings=\"{&quot;background_background&quot;:&quot;classic&quot;}\">\n\t\t\t\t\t\t\t<div class=\"elementor-background-overlay\"><\/div>\n\t\t\t\t\t\t\t<div class=\"elementor-container elementor-column-gap-default\">\n\t\t\t\t\t<div class=\"elementor-column elementor-col-50 elementor-top-column elementor-element elementor-element-28efa53 row\" data-id=\"28efa53\" data-element_type=\"column\" data-e-type=\"column\" data-settings=\"{&quot;background_background&quot;:&quot;classic&quot;}\">\n\t\t\t<div class=\"elementor-widget-wrap elementor-element-populated\">\n\t\t\t\t\t\t<div class=\"elementor-element elementor-element-48ef142 elementor-hidden-tablet elementor-hidden-mobile elementor-widget elementor-widget-spacer\" data-id=\"48ef142\" data-element_type=\"widget\" data-e-type=\"widget\" data-widget_type=\"spacer.default\">\n\t\t\t\t<div class=\"elementor-widget-container\">\n\t\t\t\t\t\t\t<div class=\"elementor-spacer\">\n\t\t\t<div class=\"elementor-spacer-inner\"><\/div>\n\t\t<\/div>\n\t\t\t\t\t\t<\/div>\n\t\t\t\t<\/div>\n\t\t\t\t<div class=\"elementor-element elementor-element-86190bc elementor-hidden-tablet elementor-hidden-mobile elementor-widget elementor-widget-image\" data-id=\"86190bc\" data-element_type=\"widget\" data-e-type=\"widget\" data-widget_type=\"image.default\">\n\t\t\t\t<div class=\"elementor-widget-container\">\n\t\t\t\t\t\t\t\t\t\t\t\t\t\t\t\t<a href=\"https:\/\/berlindesignweek.com\/programm\/\">\n\t\t\t\t\t\t\t<img fetchpriority=\"high\" decoding=\"async\" width=\"800\" height=\"400\" src=\"https:\/\/berlindesignweek.com\/wp-content\/uploads\/2025\/04\/The-Berlin-Format_The-Berlin-Format-Fotografiska-1024x512.jpg\" class=\"attachment-large size-large wp-image-45867\" alt=\"\" srcset=\"https:\/\/berlindesignweek.com\/wp-content\/uploads\/2025\/04\/The-Berlin-Format_The-Berlin-Format-Fotografiska-1024x512.jpg 1024w, https:\/\/berlindesignweek.com\/wp-content\/uploads\/2025\/04\/The-Berlin-Format_The-Berlin-Format-Fotografiska-300x150.jpg 300w, https:\/\/berlindesignweek.com\/wp-content\/uploads\/2025\/04\/The-Berlin-Format_The-Berlin-Format-Fotografiska-768x384.jpg 768w, https:\/\/berlindesignweek.com\/wp-content\/uploads\/2025\/04\/The-Berlin-Format_The-Berlin-Format-Fotografiska.jpg 1200w\" sizes=\"(max-width: 800px) 100vw, 800px\" \/>\t\t\t\t\t\t\t\t<\/a>\n\t\t\t\t\t\t\t\t\t\t\t\t\t\t\t<\/div>\n\t\t\t\t<\/div>\n\t\t\t\t<div class=\"elementor-element elementor-element-51ae953 elementor-widget elementor-widget-heading\" data-id=\"51ae953\" data-element_type=\"widget\" data-e-type=\"widget\" data-widget_type=\"heading.default\">\n\t\t\t\t<div class=\"elementor-widget-container\">\n\t\t\t\t\t<h3 class=\"elementor-heading-title elementor-size-default\"><a href=\"https:\/\/maps.app.goo.gl\/Jo8GYmsa5MHb7q8V6\" target=\"_blank\">FOTOGRAFISKA BERLIN<\/a><\/h3>\t\t\t\t<\/div>\n\t\t\t\t<\/div>\n\t\t\t\t<div class=\"elementor-element elementor-element-1c9fcf9 e-grid-align-left elementor-shape-rounded elementor-grid-0 elementor-widget elementor-widget-social-icons\" data-id=\"1c9fcf9\" data-element_type=\"widget\" data-e-type=\"widget\" data-widget_type=\"social-icons.default\">\n\t\t\t\t<div class=\"elementor-widget-container\">\n\t\t\t\t\t\t\t<div class=\"elementor-social-icons-wrapper elementor-grid\">\n\t\t\t\t\t\t\t<span class=\"elementor-grid-item\">\n\t\t\t\t\t<a class=\"elementor-icon elementor-social-icon elementor-social-icon-map-marker-alt elementor-animation-grow elementor-repeater-item-8b93740\" href=\"https:\/\/g.co\/kgs\/4uSs4Fd\" target=\"_blank\">\n\t\t\t\t\t\t<span class=\"elementor-screen-only\">Map-marker-alt<\/span>\n\t\t\t\t\t\t<i aria-hidden=\"true\" class=\"fas fa-map-marker-alt\"><\/i>\t\t\t\t\t<\/a>\n\t\t\t\t<\/span>\n\t\t\t\t\t<\/div>\n\t\t\t\t\t\t<\/div>\n\t\t\t\t<\/div>\n\t\t\t\t<div class=\"elementor-element elementor-element-d6761f3 elementor-widget elementor-widget-text-editor\" data-id=\"d6761f3\" data-element_type=\"widget\" data-e-type=\"widget\" data-widget_type=\"text-editor.default\">\n\t\t\t\t<div class=\"elementor-widget-container\">\n\t\t\t\t\t\t\t\t\t<p>Oranienburger Str. 54<br>10117 Berlin<\/p><p>partly barrier free (elevator)<\/p>\t\t\t\t\t\t\t\t<\/div>\n\t\t\t\t<\/div>\n\t\t\t\t<div class=\"elementor-element elementor-element-2f2f97c elementor-widget elementor-widget-text-editor\" data-id=\"2f2f97c\" data-element_type=\"widget\" data-e-type=\"widget\" data-widget_type=\"text-editor.default\">\n\t\t\t\t<div class=\"elementor-widget-container\">\n\t\t\t\t\t\t\t\t\t<p>DO, 15.05. 12\u201419 Uhr <\/p>\t\t\t\t\t\t\t\t<\/div>\n\t\t\t\t<\/div>\n\t\t\t\t<div class=\"elementor-element elementor-element-4deb947 elementor-widget elementor-widget-spacer\" data-id=\"4deb947\" data-element_type=\"widget\" data-e-type=\"widget\" data-widget_type=\"spacer.default\">\n\t\t\t\t<div class=\"elementor-widget-container\">\n\t\t\t\t\t\t\t<div class=\"elementor-spacer\">\n\t\t\t<div class=\"elementor-spacer-inner\"><\/div>\n\t\t<\/div>\n\t\t\t\t\t\t<\/div>\n\t\t\t\t<\/div>\n\t\t\t\t<div class=\"elementor-element elementor-element-d937dce elementor-widget elementor-widget-button\" data-id=\"d937dce\" data-element_type=\"widget\" data-e-type=\"widget\" data-widget_type=\"button.default\">\n\t\t\t\t<div class=\"elementor-widget-container\">\n\t\t\t\t\t\t\t\t\t<div class=\"elementor-button-wrapper\">\n\t\t\t\t\t<a class=\"elementor-button elementor-button-link elementor-size-sm\" href=\"https:\/\/berlindesignweek.com\/en\/the-berlin-format-day-1\/\">\n\t\t\t\t\t\t<span class=\"elementor-button-content-wrapper\">\n\t\t\t\t\t\t\t\t\t<span class=\"elementor-button-text\">\u2190 To the talk<\/span>\n\t\t\t\t\t<\/span>\n\t\t\t\t\t<\/a>\n\t\t\t\t<\/div>\n\t\t\t\t\t\t\t\t<\/div>\n\t\t\t\t<\/div>\n\t\t\t\t<div class=\"elementor-element elementor-element-1e71010 elementor-widget elementor-widget-spacer\" data-id=\"1e71010\" data-element_type=\"widget\" data-e-type=\"widget\" data-widget_type=\"spacer.default\">\n\t\t\t\t<div class=\"elementor-widget-container\">\n\t\t\t\t\t\t\t<div class=\"elementor-spacer\">\n\t\t\t<div class=\"elementor-spacer-inner\"><\/div>\n\t\t<\/div>\n\t\t\t\t\t\t<\/div>\n\t\t\t\t<\/div>\n\t\t\t\t<div class=\"elementor-element elementor-element-663ff95 elementor-widget elementor-widget-button\" data-id=\"663ff95\" data-element_type=\"widget\" data-e-type=\"widget\" data-widget_type=\"button.default\">\n\t\t\t\t<div class=\"elementor-widget-container\">\n\t\t\t\t\t\t\t\t\t<div class=\"elementor-button-wrapper\">\n\t\t\t\t\t<a class=\"elementor-button elementor-button-link elementor-size-sm\" href=\"https:\/\/lu.ma\/user\/bdw\" target=\"_blank\">\n\t\t\t\t\t\t<span class=\"elementor-button-content-wrapper\">\n\t\t\t\t\t\t\t\t\t<span class=\"elementor-button-text\">\u2190 Tickets<\/span>\n\t\t\t\t\t<\/span>\n\t\t\t\t\t<\/a>\n\t\t\t\t<\/div>\n\t\t\t\t\t\t\t\t<\/div>\n\t\t\t\t<\/div>\n\t\t\t\t<div class=\"elementor-element elementor-element-a51b9fa elementor-widget elementor-widget-spacer\" data-id=\"a51b9fa\" data-element_type=\"widget\" data-e-type=\"widget\" data-widget_type=\"spacer.default\">\n\t\t\t\t<div class=\"elementor-widget-container\">\n\t\t\t\t\t\t\t<div class=\"elementor-spacer\">\n\t\t\t<div class=\"elementor-spacer-inner\"><\/div>\n\t\t<\/div>\n\t\t\t\t\t\t<\/div>\n\t\t\t\t<\/div>\n\t\t\t\t<div class=\"elementor-element elementor-element-900578a elementor-widget elementor-widget-button\" data-id=\"900578a\" data-element_type=\"widget\" data-e-type=\"widget\" data-widget_type=\"button.default\">\n\t\t\t\t<div class=\"elementor-widget-container\">\n\t\t\t\t\t\t\t\t\t<div class=\"elementor-button-wrapper\">\n\t\t\t\t\t<a class=\"elementor-button elementor-button-link elementor-size-sm\" href=\"https:\/\/berlindesignweek.com\/en\/\">\n\t\t\t\t\t\t<span class=\"elementor-button-content-wrapper\">\n\t\t\t\t\t\t\t\t\t<span class=\"elementor-button-text\">\u2190 Program<\/span>\n\t\t\t\t\t<\/span>\n\t\t\t\t\t<\/a>\n\t\t\t\t<\/div>\n\t\t\t\t\t\t\t\t<\/div>\n\t\t\t\t<\/div>\n\t\t\t\t<div class=\"elementor-element elementor-element-8d11097 elementor-widget elementor-widget-spacer\" data-id=\"8d11097\" data-element_type=\"widget\" data-e-type=\"widget\" data-widget_type=\"spacer.default\">\n\t\t\t\t<div class=\"elementor-widget-container\">\n\t\t\t\t\t\t\t<div class=\"elementor-spacer\">\n\t\t\t<div class=\"elementor-spacer-inner\"><\/div>\n\t\t<\/div>\n\t\t\t\t\t\t<\/div>\n\t\t\t\t<\/div>\n\t\t\t\t\t<\/div>\n\t\t<\/div>\n\t\t\t\t<div class=\"elementor-column elementor-col-50 elementor-top-column elementor-element elementor-element-4d730aa row2\" data-id=\"4d730aa\" data-element_type=\"column\" data-e-type=\"column\" data-settings=\"{&quot;background_background&quot;:&quot;classic&quot;}\">\n\t\t\t<div class=\"elementor-widget-wrap elementor-element-populated\">\n\t\t\t\t\t\t<section class=\"elementor-section elementor-inner-section elementor-element elementor-element-45c4ff0 elementor-section-boxed elementor-section-height-default elementor-section-height-default\" data-id=\"45c4ff0\" data-element_type=\"section\" data-e-type=\"section\" data-settings=\"{&quot;background_background&quot;:&quot;classic&quot;}\">\n\t\t\t\t\t\t<div class=\"elementor-container elementor-column-gap-default\">\n\t\t\t\t\t<div class=\"elementor-column elementor-col-100 elementor-inner-column elementor-element elementor-element-bac93f6\" data-id=\"bac93f6\" data-element_type=\"column\" data-e-type=\"column\" data-settings=\"{&quot;background_background&quot;:&quot;classic&quot;}\">\n\t\t\t<div class=\"elementor-widget-wrap elementor-element-populated\">\n\t\t\t\t\t<div class=\"elementor-background-overlay\"><\/div>\n\t\t\t\t\t\t<div class=\"elementor-element elementor-element-2f0ebba elementor-widget elementor-widget-theme-post-title elementor-page-title elementor-widget-heading\" data-id=\"2f0ebba\" data-element_type=\"widget\" data-e-type=\"widget\" data-widget_type=\"theme-post-title.default\">\n\t\t\t\t<div class=\"elementor-widget-container\">\n\t\t\t\t\t<h1 class=\"elementor-heading-title elementor-size-default\">Tom Dixon @The Berlin Format<\/h1>\t\t\t\t<\/div>\n\t\t\t\t<\/div>\n\t\t\t\t<div class=\"elementor-element elementor-element-d35bd88 elementor-widget elementor-widget-theme-post-excerpt\" data-id=\"d35bd88\" data-element_type=\"widget\" data-e-type=\"widget\" data-widget_type=\"theme-post-excerpt.default\">\n\t\t\t\t<div class=\"elementor-widget-container\">\n\t\t\t\t\tFounder &amp; Creative Director\t\t\t\t<\/div>\n\t\t\t\t<\/div>\n\t\t\t\t<section data-dce-background-overlay-image-url=\"https:\/\/berlindesignweek.com\/wp-content\/uploads\/2025\/04\/2025-02-10_TOM_DIXON_AW_25-1582-0050584e85b80595a53a060424cae374-scaled.jpg\" class=\"elementor-section elementor-inner-section elementor-element elementor-element-e2e2f83 elementor-reverse-mobile elementor-section-boxed elementor-section-height-default elementor-section-height-default\" data-id=\"e2e2f83\" data-element_type=\"section\" data-e-type=\"section\" data-settings=\"{&quot;background_background&quot;:&quot;gradient&quot;}\">\n\t\t\t\t\t\t\t<div class=\"elementor-background-overlay\"><\/div>\n\t\t\t\t\t\t\t<div class=\"elementor-container elementor-column-gap-default\">\n\t\t\t\t\t<div class=\"elementor-column elementor-col-100 elementor-inner-column elementor-element elementor-element-c1cf41e\" data-id=\"c1cf41e\" data-element_type=\"column\" data-e-type=\"column\" data-settings=\"{&quot;background_background&quot;:&quot;classic&quot;}\">\n\t\t\t<div class=\"elementor-widget-wrap elementor-element-populated\">\n\t\t\t\t\t<div class=\"elementor-background-overlay\"><\/div>\n\t\t\t\t\t\t<div class=\"elementor-element elementor-element-3960823 elementor-widget elementor-widget-spacer\" data-id=\"3960823\" data-element_type=\"widget\" data-e-type=\"widget\" data-widget_type=\"spacer.default\">\n\t\t\t\t<div class=\"elementor-widget-container\">\n\t\t\t\t\t\t\t<div class=\"elementor-spacer\">\n\t\t\t<div class=\"elementor-spacer-inner\"><\/div>\n\t\t<\/div>\n\t\t\t\t\t\t<\/div>\n\t\t\t\t<\/div>\n\t\t\t\t<div class=\"elementor-element elementor-element-5ea61f4 elementor-widget__width-initial elementor-widget elementor-widget-image\" data-id=\"5ea61f4\" data-element_type=\"widget\" data-e-type=\"widget\" data-widget_type=\"image.default\">\n\t\t\t\t<div class=\"elementor-widget-container\">\n\t\t\t\t\t\t\t\t\t\t\t\t\t\t\t<img decoding=\"async\" width=\"768\" height=\"1024\" src=\"https:\/\/berlindesignweek.com\/wp-content\/uploads\/2025\/04\/2025-02-10_TOM_DIXON_AW_25-1582-0050584e85b80595a53a060424cae374-768x1024.jpg\" class=\"attachment-large size-large wp-image-45535\" alt=\"\" srcset=\"https:\/\/berlindesignweek.com\/wp-content\/uploads\/2025\/04\/2025-02-10_TOM_DIXON_AW_25-1582-0050584e85b80595a53a060424cae374-768x1024.jpg 768w, https:\/\/berlindesignweek.com\/wp-content\/uploads\/2025\/04\/2025-02-10_TOM_DIXON_AW_25-1582-0050584e85b80595a53a060424cae374-225x300.jpg 225w, https:\/\/berlindesignweek.com\/wp-content\/uploads\/2025\/04\/2025-02-10_TOM_DIXON_AW_25-1582-0050584e85b80595a53a060424cae374-1152x1536.jpg 1152w, https:\/\/berlindesignweek.com\/wp-content\/uploads\/2025\/04\/2025-02-10_TOM_DIXON_AW_25-1582-0050584e85b80595a53a060424cae374-scaled.jpg 1536w\" sizes=\"(max-width: 768px) 100vw, 768px\" \/>\t\t\t\t\t\t\t\t\t\t\t\t\t\t\t<\/div>\n\t\t\t\t<\/div>\n\t\t\t\t\t<\/div>\n\t\t<\/div>\n\t\t\t\t\t<\/div>\n\t\t<\/section>\n\t\t\t\t\t<\/div>\n\t\t<\/div>\n\t\t\t\t\t<\/div>\n\t\t<\/section>\n\t\t\t\t\t<\/div>\n\t\t<\/div>\n\t\t\t\t\t<\/div>\n\t\t<\/section>\n\t\t\t\t<section class=\"elementor-section elementor-top-section elementor-element elementor-element-87fc97e elementor-section-full_width container elementor-section-height-default elementor-section-height-default\" data-id=\"87fc97e\" data-element_type=\"section\" data-e-type=\"section\" data-settings=\"{&quot;background_background&quot;:&quot;classic&quot;}\">\n\t\t\t\t\t\t<div class=\"elementor-container elementor-column-gap-default\">\n\t\t\t\t\t<div class=\"elementor-column elementor-col-100 elementor-top-column elementor-element elementor-element-5f78e8e row\" data-id=\"5f78e8e\" data-element_type=\"column\" data-e-type=\"column\" data-settings=\"{&quot;background_background&quot;:&quot;classic&quot;}\">\n\t\t\t<div class=\"elementor-widget-wrap elementor-element-populated\">\n\t\t\t\t\t\t<div class=\"elementor-element elementor-element-1da1298 elementor-widget elementor-widget-text-editor\" data-id=\"1da1298\" data-element_type=\"widget\" data-e-type=\"widget\" data-widget_type=\"text-editor.default\">\n\t\t\t\t<div class=\"elementor-widget-container\">\n\t\t\t\t\t\t\t\t\t<h6>Speaker 2025 Fotografiska:\u200b<\/h6>\t\t\t\t\t\t\t\t<\/div>\n\t\t\t\t<\/div>\n\t\t\t\t<div class=\"elementor-element elementor-element-070c928 elementor-widget elementor-widget-spacer\" data-id=\"070c928\" data-element_type=\"widget\" data-e-type=\"widget\" data-widget_type=\"spacer.default\">\n\t\t\t\t<div class=\"elementor-widget-container\">\n\t\t\t\t\t\t\t<div class=\"elementor-spacer\">\n\t\t\t<div class=\"elementor-spacer-inner\"><\/div>\n\t\t<\/div>\n\t\t\t\t\t\t<\/div>\n\t\t\t\t<\/div>\n\t\t\t\t<div class=\"elementor-element elementor-element-e815f9e dce-col-8 dce-col-laptop-6 dce-col-tablet_extra-4 dce-col-tablet-4 dce-col-mobile-2 dce-posts-layout-default dce-align-left elementor-widget elementor-widget-dce-dynamicposts-v2\" data-id=\"e815f9e\" data-element_type=\"widget\" data-e-type=\"widget\" data-settings=\"{&quot;grid_grid_type&quot;:&quot;masonry&quot;,&quot;style_items&quot;:&quot;default&quot;}\" data-widget_type=\"dce-dynamicposts-v2.grid\">\n\t\t\t\t<div class=\"elementor-widget-container\">\n\t\t\t\t\t\n\t\t<div class=\"dce-fix-background-loop dce-posts-container dce-posts dce-dynamic-posts-collection  dce-skin-grid dce-skin-grid-masonry\">\n\t\t\t\t\t\t<div class=\"dce-posts-wrapper dce-wrapper-grid\">\n\t\t\t\n\t\t<article class=\"post-47149 speaker type-speaker status-publish format-standard has-post-thumbnail hentry tag-2025-en talkorte-tbf-day1 dce-post dce-post-item dce-item-grid\" data-dce-post-id=\"47149\" data-dce-post-index=\"0\">\n\t\t\t<div class=\"dce-post-block\">\n\t\t<div class=\"dce-item dce-item_image elementor-repeater-item-474eb9e\"><a class=\"dce-post-image\" href=\"https:\/\/berlindesignweek.com\/en\/?speaker=architect-martin-jasper\"><figure  class=\"dce-img\"><img decoding=\"async\" width=\"300\" height=\"500\" src=\"https:\/\/berlindesignweek.com\/wp-content\/uploads\/2025\/05\/MARTIN-JASPER_300x500_-b37e8d7379ffdd72030d0b190a761085.jpg\" class=\"\" alt=\"Architect Martin Jasper\" srcset=\"https:\/\/berlindesignweek.com\/wp-content\/uploads\/2025\/05\/MARTIN-JASPER_300x500_-b37e8d7379ffdd72030d0b190a761085.jpg 300w, https:\/\/berlindesignweek.com\/wp-content\/uploads\/2025\/05\/MARTIN-JASPER_300x500_-b37e8d7379ffdd72030d0b190a761085-180x300.jpg 180w\" sizes=\"(max-width: 300px) 100vw, 300px\" \/><\/figure><\/a><\/div><div class=\"dce-item dce-item_title elementor-repeater-item-d2b756d\"><p class=\"dce-post-title\"><a href=\"https:\/\/berlindesignweek.com\/en\/?speaker=architect-martin-jasper\">Architect Martin Jasper<\/a><\/p><\/div><div class=\"dce-item dce-item_custommeta elementor-repeater-item-df3f40a\"><div class=\"dce-post-custommeta\"><div class=\"dce-meta-item dce-meta-df3f40a dce-meta-text elementor-repeater-item-df3f40a\"><div>Founding Director, JASPER ARCHITECTS<\/div><\/div><\/div><\/div>\t\t\t<\/div>\n\t\t<\/article>\n\t\t\n\t\t<article class=\"post-47148 speaker type-speaker status-publish format-standard has-post-thumbnail hentry tag-2025-en talkorte-tbf-day1 dce-post dce-post-item dce-item-grid\" data-dce-post-id=\"47148\" data-dce-post-index=\"1\">\n\t\t\t<div class=\"dce-post-block\">\n\t\t<div class=\"dce-item dce-item_image elementor-repeater-item-474eb9e\"><a class=\"dce-post-image\" href=\"https:\/\/berlindesignweek.com\/en\/?speaker=werner-aisslinger\"><figure  class=\"dce-img\"><img loading=\"lazy\" decoding=\"async\" width=\"782\" height=\"1024\" src=\"https:\/\/berlindesignweek.com\/wp-content\/uploads\/2025\/05\/Studio-Werner-Aisslinger-\u00a9-MERK-MARK-Fotografie-018-scaled-1-137-6e6ec00ab727538e21a24723e405cf5b-782x1024.jpg\" class=\"\" alt=\"Werner Aisslinger\" srcset=\"https:\/\/berlindesignweek.com\/wp-content\/uploads\/2025\/05\/Studio-Werner-Aisslinger-\u00a9-MERK-MARK-Fotografie-018-scaled-1-137-6e6ec00ab727538e21a24723e405cf5b-782x1024.jpg 782w, https:\/\/berlindesignweek.com\/wp-content\/uploads\/2025\/05\/Studio-Werner-Aisslinger-\u00a9-MERK-MARK-Fotografie-018-scaled-1-137-6e6ec00ab727538e21a24723e405cf5b-229x300.jpg 229w, https:\/\/berlindesignweek.com\/wp-content\/uploads\/2025\/05\/Studio-Werner-Aisslinger-\u00a9-MERK-MARK-Fotografie-018-scaled-1-137-6e6ec00ab727538e21a24723e405cf5b-768x1006.jpg 768w, https:\/\/berlindesignweek.com\/wp-content\/uploads\/2025\/05\/Studio-Werner-Aisslinger-\u00a9-MERK-MARK-Fotografie-018-scaled-1-137-6e6ec00ab727538e21a24723e405cf5b-1172x1536.jpg 1172w, https:\/\/berlindesignweek.com\/wp-content\/uploads\/2025\/05\/Studio-Werner-Aisslinger-\u00a9-MERK-MARK-Fotografie-018-scaled-1-137-6e6ec00ab727538e21a24723e405cf5b.jpg 1374w\" sizes=\"(max-width: 782px) 100vw, 782px\" \/><\/figure><\/a><\/div><div class=\"dce-item dce-item_title elementor-repeater-item-d2b756d\"><p class=\"dce-post-title\"><a href=\"https:\/\/berlindesignweek.com\/en\/?speaker=werner-aisslinger\">Werner Aisslinger<\/a><\/p><\/div><div class=\"dce-item dce-item_custommeta elementor-repeater-item-df3f40a\"><div class=\"dce-post-custommeta dce-post-custommeta\"><div class=\"dce-meta-item dce-meta-df3f40a dce-meta-text elementor-repeater-item-df3f40a\"><div>Owner | Studio Aisslinger<\/div><\/div><\/div><\/div>\t\t\t<\/div>\n\t\t<\/article>\n\t\t\n\t\t<article class=\"post-46233 speaker type-speaker status-publish format-standard has-post-thumbnail hentry tag-2025-en talkorte-tbf-day1 dce-post dce-post-item dce-item-grid\" data-dce-post-id=\"46233\" data-dce-post-index=\"2\">\n\t\t\t<div class=\"dce-post-block\">\n\t\t<div class=\"dce-item dce-item_image elementor-repeater-item-474eb9e\"><a class=\"dce-post-image\" href=\"https:\/\/berlindesignweek.com\/en\/?speaker=lujan-cambariere\"><figure  class=\"dce-img\"><img loading=\"lazy\" decoding=\"async\" width=\"800\" height=\"534\" src=\"https:\/\/berlindesignweek.com\/wp-content\/uploads\/2025\/04\/Retrato-Lujan-Berlin-13b29b6b5dd5427234a5a9d91b6c3775-1024x683.jpg\" class=\"\" alt=\"Lujan Camabiere\" srcset=\"https:\/\/berlindesignweek.com\/wp-content\/uploads\/2025\/04\/Retrato-Lujan-Berlin-13b29b6b5dd5427234a5a9d91b6c3775-1024x683.jpg 1024w, https:\/\/berlindesignweek.com\/wp-content\/uploads\/2025\/04\/Retrato-Lujan-Berlin-13b29b6b5dd5427234a5a9d91b6c3775-150x100.jpg 150w, https:\/\/berlindesignweek.com\/wp-content\/uploads\/2025\/04\/Retrato-Lujan-Berlin-13b29b6b5dd5427234a5a9d91b6c3775-300x200.jpg 300w, https:\/\/berlindesignweek.com\/wp-content\/uploads\/2025\/04\/Retrato-Lujan-Berlin-13b29b6b5dd5427234a5a9d91b6c3775-1536x1024.jpg 1536w, https:\/\/berlindesignweek.com\/wp-content\/uploads\/2025\/04\/Retrato-Lujan-Berlin-13b29b6b5dd5427234a5a9d91b6c3775.jpg 2048w\" sizes=\"(max-width: 800px) 100vw, 800px\" \/><\/figure><\/a><\/div><div class=\"dce-item dce-item_title elementor-repeater-item-d2b756d\"><p class=\"dce-post-title\"><a href=\"https:\/\/berlindesignweek.com\/en\/?speaker=lujan-cambariere\">Luj\u00e1n Cambariere<\/a><\/p><\/div><div class=\"dce-item dce-item_custommeta elementor-repeater-item-df3f40a\"><div class=\"dce-post-custommeta dce-post-custommeta dce-post-custommeta\"><div class=\"dce-meta-item dce-meta-df3f40a dce-meta-text elementor-repeater-item-df3f40a\"><div>Journalist and curator<\/div><\/div><\/div><\/div>\t\t\t<\/div>\n\t\t<\/article>\n\t\t\n\t\t<article class=\"post-46232 speaker type-speaker status-publish format-standard has-post-thumbnail hentry tag-2025-en talkorte-tbf-day1 dce-post dce-post-item dce-item-grid\" data-dce-post-id=\"46232\" data-dce-post-index=\"3\">\n\t\t\t<div class=\"dce-post-block\">\n\t\t<div class=\"dce-item dce-item_image elementor-repeater-item-474eb9e\"><a class=\"dce-post-image\" href=\"https:\/\/berlindesignweek.com\/en\/?speaker=julia-pueltz\"><figure  class=\"dce-img\"><img loading=\"lazy\" decoding=\"async\" width=\"800\" height=\"800\" src=\"https:\/\/berlindesignweek.com\/wp-content\/uploads\/2025\/04\/Julia_Pueltz_Vestre_GmbH-b896fc45ca11166625551f79c455dcdb.jpg\" class=\"\" alt=\"Julia P\u00fcltz\" srcset=\"https:\/\/berlindesignweek.com\/wp-content\/uploads\/2025\/04\/Julia_Pueltz_Vestre_GmbH-b896fc45ca11166625551f79c455dcdb.jpg 800w, https:\/\/berlindesignweek.com\/wp-content\/uploads\/2025\/04\/Julia_Pueltz_Vestre_GmbH-b896fc45ca11166625551f79c455dcdb-300x300.jpg 300w, https:\/\/berlindesignweek.com\/wp-content\/uploads\/2025\/04\/Julia_Pueltz_Vestre_GmbH-b896fc45ca11166625551f79c455dcdb-150x150.jpg 150w, https:\/\/berlindesignweek.com\/wp-content\/uploads\/2025\/04\/Julia_Pueltz_Vestre_GmbH-b896fc45ca11166625551f79c455dcdb-768x768.jpg 768w, https:\/\/berlindesignweek.com\/wp-content\/uploads\/2025\/04\/Julia_Pueltz_Vestre_GmbH-b896fc45ca11166625551f79c455dcdb-650x650.jpg 650w\" sizes=\"(max-width: 800px) 100vw, 800px\" \/><\/figure><\/a><\/div><div class=\"dce-item dce-item_title elementor-repeater-item-d2b756d\"><p class=\"dce-post-title\"><a href=\"https:\/\/berlindesignweek.com\/en\/?speaker=julia-pueltz\">Julia P\u00fcltz<\/a><\/p><\/div><div class=\"dce-item dce-item_custommeta elementor-repeater-item-df3f40a\"><div class=\"dce-post-custommeta dce-post-custommeta dce-post-custommeta dce-post-custommeta\"><div class=\"dce-meta-item dce-meta-df3f40a dce-meta-text elementor-repeater-item-df3f40a\"><div>Managin Director Vestre GmbH<\/div><\/div><\/div><\/div>\t\t\t<\/div>\n\t\t<\/article>\n\t\t\n\t\t<article class=\"post-46229 speaker type-speaker status-publish format-standard has-post-thumbnail hentry tag-2025-en talkorte-tbf-day1 dce-post dce-post-item dce-item-grid\" data-dce-post-id=\"46229\" data-dce-post-index=\"4\">\n\t\t\t<div class=\"dce-post-block\">\n\t\t<div class=\"dce-item dce-item_image elementor-repeater-item-474eb9e\"><a class=\"dce-post-image\" href=\"https:\/\/berlindesignweek.com\/en\/?speaker=anna-evelyn-valdez-melendez\"><figure  class=\"dce-img\"><img loading=\"lazy\" decoding=\"async\" width=\"800\" height=\"450\" src=\"https:\/\/berlindesignweek.com\/wp-content\/uploads\/2025\/04\/Portrait_Ana-Evelyn-Valdez-87ae02fb7f60cb468f7a5f87831b3035-1024x576.jpeg\" class=\"\" alt=\"Anna Evelyn Vald\u00e9z Mel\u00e9ndez\" srcset=\"https:\/\/berlindesignweek.com\/wp-content\/uploads\/2025\/04\/Portrait_Ana-Evelyn-Valdez-87ae02fb7f60cb468f7a5f87831b3035-1024x576.jpeg 1024w, https:\/\/berlindesignweek.com\/wp-content\/uploads\/2025\/04\/Portrait_Ana-Evelyn-Valdez-87ae02fb7f60cb468f7a5f87831b3035-150x84.jpeg 150w, https:\/\/berlindesignweek.com\/wp-content\/uploads\/2025\/04\/Portrait_Ana-Evelyn-Valdez-87ae02fb7f60cb468f7a5f87831b3035-300x169.jpeg 300w, https:\/\/berlindesignweek.com\/wp-content\/uploads\/2025\/04\/Portrait_Ana-Evelyn-Valdez-87ae02fb7f60cb468f7a5f87831b3035-1536x864.jpeg 1536w, https:\/\/berlindesignweek.com\/wp-content\/uploads\/2025\/04\/Portrait_Ana-Evelyn-Valdez-87ae02fb7f60cb468f7a5f87831b3035.jpeg 1600w\" sizes=\"(max-width: 800px) 100vw, 800px\" \/><\/figure><\/a><\/div><div class=\"dce-item dce-item_title elementor-repeater-item-d2b756d\"><p class=\"dce-post-title\"><a href=\"https:\/\/berlindesignweek.com\/en\/?speaker=anna-evelyn-valdez-melendez\">Anna Evelyn Vald\u00e9z Mel\u00e9ndez<\/a><\/p><\/div><div class=\"dce-item dce-item_custommeta elementor-repeater-item-df3f40a\"><div class=\"dce-post-custommeta dce-post-custommeta dce-post-custommeta dce-post-custommeta dce-post-custommeta\"><div class=\"dce-meta-item dce-meta-df3f40a dce-meta-text elementor-repeater-item-df3f40a\"><div>Head of Promotion and Advertising at INGUAT<\/div><\/div><\/div><\/div>\t\t\t<\/div>\n\t\t<\/article>\n\t\t\n\t\t<article class=\"post-46226 speaker type-speaker status-publish format-standard has-post-thumbnail hentry tag-2025-en talkorte-tbf-day1 dce-post dce-post-item dce-item-grid\" data-dce-post-id=\"46226\" data-dce-post-index=\"5\">\n\t\t\t<div class=\"dce-post-block\">\n\t\t<div class=\"dce-item dce-item_image elementor-repeater-item-474eb9e\"><a class=\"dce-post-image\" href=\"https:\/\/berlindesignweek.com\/en\/?speaker=bianka-esposito-macdonald\"><figure  class=\"dce-img\"><img loading=\"lazy\" decoding=\"async\" width=\"800\" height=\"534\" src=\"https:\/\/berlindesignweek.com\/wp-content\/uploads\/2025\/04\/Portrait-Bianka-Esposito-1d7bbac23ee604e47bdac20abacd3bb8-1024x683.jpeg\" class=\"\" alt=\"Bianka Esp\u00f3sito Macdonald\" srcset=\"https:\/\/berlindesignweek.com\/wp-content\/uploads\/2025\/04\/Portrait-Bianka-Esposito-1d7bbac23ee604e47bdac20abacd3bb8-1024x683.jpeg 1024w, https:\/\/berlindesignweek.com\/wp-content\/uploads\/2025\/04\/Portrait-Bianka-Esposito-1d7bbac23ee604e47bdac20abacd3bb8-150x100.jpeg 150w, https:\/\/berlindesignweek.com\/wp-content\/uploads\/2025\/04\/Portrait-Bianka-Esposito-1d7bbac23ee604e47bdac20abacd3bb8-300x200.jpeg 300w, https:\/\/berlindesignweek.com\/wp-content\/uploads\/2025\/04\/Portrait-Bianka-Esposito-1d7bbac23ee604e47bdac20abacd3bb8-1536x1024.jpeg 1536w, https:\/\/berlindesignweek.com\/wp-content\/uploads\/2025\/04\/Portrait-Bianka-Esposito-1d7bbac23ee604e47bdac20abacd3bb8.jpeg 2048w\" sizes=\"(max-width: 800px) 100vw, 800px\" \/><\/figure><\/a><\/div><div class=\"dce-item dce-item_title elementor-repeater-item-d2b756d\"><p class=\"dce-post-title\"><a href=\"https:\/\/berlindesignweek.com\/en\/?speaker=bianka-esposito-macdonald\">Bianka Esp\u00f3sito Macdonald<\/a><\/p><\/div><div class=\"dce-item dce-item_custommeta elementor-repeater-item-df3f40a\"><div class=\"dce-post-custommeta dce-post-custommeta dce-post-custommeta dce-post-custommeta dce-post-custommeta dce-post-custommeta\"><div class=\"dce-meta-item dce-meta-df3f40a dce-meta-text elementor-repeater-item-df3f40a\"><div>Deputy Director General of INGUAT<\/div><\/div><\/div><\/div>\t\t\t<\/div>\n\t\t<\/article>\n\t\t\n\t\t<article class=\"post-46223 speaker type-speaker status-publish format-standard has-post-thumbnail hentry tag-2025-en talkorte-tbf-day1 dce-post dce-post-item dce-item-grid\" data-dce-post-id=\"46223\" data-dce-post-index=\"6\">\n\t\t\t<div class=\"dce-post-block\">\n\t\t<div class=\"dce-item dce-item_image elementor-repeater-item-474eb9e\"><a class=\"dce-post-image\" href=\"https:\/\/berlindesignweek.com\/en\/?speaker=sanika-nele-hufeland\"><figure  class=\"dce-img\"><img loading=\"lazy\" decoding=\"async\" width=\"683\" height=\"1024\" src=\"https:\/\/berlindesignweek.com\/wp-content\/uploads\/2025\/04\/gls_KOM_MF101313_c_tanjamuennich-55de783b6e58ced5543f0991a3bdbec7-683x1024.jpg\" class=\"\" alt=\"Sanika Nele Hufeland\" srcset=\"https:\/\/berlindesignweek.com\/wp-content\/uploads\/2025\/04\/gls_KOM_MF101313_c_tanjamuennich-55de783b6e58ced5543f0991a3bdbec7-683x1024.jpg 683w, https:\/\/berlindesignweek.com\/wp-content\/uploads\/2025\/04\/gls_KOM_MF101313_c_tanjamuennich-55de783b6e58ced5543f0991a3bdbec7-100x150.jpg 100w, https:\/\/berlindesignweek.com\/wp-content\/uploads\/2025\/04\/gls_KOM_MF101313_c_tanjamuennich-55de783b6e58ced5543f0991a3bdbec7-200x300.jpg 200w, https:\/\/berlindesignweek.com\/wp-content\/uploads\/2025\/04\/gls_KOM_MF101313_c_tanjamuennich-55de783b6e58ced5543f0991a3bdbec7-1024x1536.jpg 1024w, https:\/\/berlindesignweek.com\/wp-content\/uploads\/2025\/04\/gls_KOM_MF101313_c_tanjamuennich-55de783b6e58ced5543f0991a3bdbec7-1365x2048.jpg 1365w, https:\/\/berlindesignweek.com\/wp-content\/uploads\/2025\/04\/gls_KOM_MF101313_c_tanjamuennich-55de783b6e58ced5543f0991a3bdbec7.jpg 1366w\" sizes=\"(max-width: 683px) 100vw, 683px\" \/><\/figure><\/a><\/div><div class=\"dce-item dce-item_title elementor-repeater-item-d2b756d\"><p class=\"dce-post-title\"><a href=\"https:\/\/berlindesignweek.com\/en\/?speaker=sanika-nele-hufeland\">Sanika Nele Hufeland<\/a><\/p><\/div><div class=\"dce-item dce-item_custommeta elementor-repeater-item-df3f40a\"><div class=\"dce-post-custommeta dce-post-custommeta dce-post-custommeta dce-post-custommeta dce-post-custommeta dce-post-custommeta dce-post-custommeta\"><div class=\"dce-meta-item dce-meta-df3f40a dce-meta-text elementor-repeater-item-df3f40a\"><div>Abteilungsleitung Kommunikation und Marketing, GLS Bank<\/div><\/div><\/div><\/div>\t\t\t<\/div>\n\t\t<\/article>\n\t\t\n\t\t<article class=\"post-46221 speaker type-speaker status-publish format-standard has-post-thumbnail hentry tag-2025-en talkorte-tbf-day1 dce-post dce-post-item dce-item-grid\" data-dce-post-id=\"46221\" data-dce-post-index=\"7\">\n\t\t\t<div class=\"dce-post-block\">\n\t\t<div class=\"dce-item dce-item_image elementor-repeater-item-474eb9e\"><a class=\"dce-post-image\" href=\"https:\/\/berlindesignweek.com\/en\/?speaker=tom-dixon\"><figure  class=\"dce-img\"><img loading=\"lazy\" decoding=\"async\" width=\"768\" height=\"1024\" src=\"https:\/\/berlindesignweek.com\/wp-content\/uploads\/2025\/04\/2025-02-10_TOM_DIXON_AW_25-1582-0050584e85b80595a53a060424cae374-768x1024.jpg\" class=\"\" alt=\"Tom Dixon @The Berlin Format\" srcset=\"https:\/\/berlindesignweek.com\/wp-content\/uploads\/2025\/04\/2025-02-10_TOM_DIXON_AW_25-1582-0050584e85b80595a53a060424cae374-768x1024.jpg 768w, https:\/\/berlindesignweek.com\/wp-content\/uploads\/2025\/04\/2025-02-10_TOM_DIXON_AW_25-1582-0050584e85b80595a53a060424cae374-225x300.jpg 225w, https:\/\/berlindesignweek.com\/wp-content\/uploads\/2025\/04\/2025-02-10_TOM_DIXON_AW_25-1582-0050584e85b80595a53a060424cae374-1152x1536.jpg 1152w, https:\/\/berlindesignweek.com\/wp-content\/uploads\/2025\/04\/2025-02-10_TOM_DIXON_AW_25-1582-0050584e85b80595a53a060424cae374-scaled.jpg 1536w\" sizes=\"(max-width: 768px) 100vw, 768px\" \/><\/figure><\/a><\/div><div class=\"dce-item dce-item_title elementor-repeater-item-d2b756d\"><p class=\"dce-post-title\"><a href=\"https:\/\/berlindesignweek.com\/en\/?speaker=tom-dixon\">Tom Dixon @The Berlin Format<\/a><\/p><\/div><div class=\"dce-item dce-item_custommeta elementor-repeater-item-df3f40a\"><div class=\"dce-post-custommeta dce-post-custommeta dce-post-custommeta dce-post-custommeta dce-post-custommeta dce-post-custommeta dce-post-custommeta dce-post-custommeta\"><div class=\"dce-meta-item dce-meta-df3f40a dce-meta-text elementor-repeater-item-df3f40a\"><div>Founder &amp; Creative Director<\/div><\/div><\/div><\/div>\t\t\t<\/div>\n\t\t<\/article>\n\t\t\n\t\t<article class=\"post-46218 speaker type-speaker status-publish format-standard has-post-thumbnail hentry tag-2025-en talkorte-tbf-day1 dce-post dce-post-item dce-item-grid\" data-dce-post-id=\"46218\" data-dce-post-index=\"8\">\n\t\t\t<div class=\"dce-post-block\">\n\t\t<div class=\"dce-item dce-item_image elementor-repeater-item-474eb9e\"><a class=\"dce-post-image\" href=\"https:\/\/berlindesignweek.com\/en\/?speaker=silke-krummel\"><figure  class=\"dce-img\"><img loading=\"lazy\" decoding=\"async\" width=\"683\" height=\"1024\" src=\"https:\/\/berlindesignweek.com\/wp-content\/uploads\/2025\/04\/Portrait_Silke-Krummel-17c72d2bc6ad703749a23ce5d22e612c-683x1024.jpg\" class=\"\" alt=\"Silke Krummel\" srcset=\"https:\/\/berlindesignweek.com\/wp-content\/uploads\/2025\/04\/Portrait_Silke-Krummel-17c72d2bc6ad703749a23ce5d22e612c-683x1024.jpg 683w, https:\/\/berlindesignweek.com\/wp-content\/uploads\/2025\/04\/Portrait_Silke-Krummel-17c72d2bc6ad703749a23ce5d22e612c-100x150.jpg 100w, https:\/\/berlindesignweek.com\/wp-content\/uploads\/2025\/04\/Portrait_Silke-Krummel-17c72d2bc6ad703749a23ce5d22e612c-200x300.jpg 200w, https:\/\/berlindesignweek.com\/wp-content\/uploads\/2025\/04\/Portrait_Silke-Krummel-17c72d2bc6ad703749a23ce5d22e612c-1024x1536.jpg 1024w, https:\/\/berlindesignweek.com\/wp-content\/uploads\/2025\/04\/Portrait_Silke-Krummel-17c72d2bc6ad703749a23ce5d22e612c-1365x2048.jpg 1365w, https:\/\/berlindesignweek.com\/wp-content\/uploads\/2025\/04\/Portrait_Silke-Krummel-17c72d2bc6ad703749a23ce5d22e612c.jpg 1366w\" sizes=\"(max-width: 683px) 100vw, 683px\" \/><\/figure><\/a><\/div><div class=\"dce-item dce-item_title elementor-repeater-item-d2b756d\"><p class=\"dce-post-title\"><a href=\"https:\/\/berlindesignweek.com\/en\/?speaker=silke-krummel\">Silke Krummel<\/a><\/p><\/div><div class=\"dce-item dce-item_custommeta elementor-repeater-item-df3f40a\"><div class=\"dce-post-custommeta dce-post-custommeta dce-post-custommeta dce-post-custommeta dce-post-custommeta dce-post-custommeta dce-post-custommeta dce-post-custommeta dce-post-custommeta\"><div class=\"dce-meta-item dce-meta-df3f40a dce-meta-text elementor-repeater-item-df3f40a\"><div>Gesch\u00e4ftsf\u00fchrerin und Sprecherin der Gesch\u00e4ftsf\u00fchrung, Agentur f\u00fcr internationale Museumskooperation<\/div><\/div><\/div><\/div>\t\t\t<\/div>\n\t\t<\/article>\n\t\t\n\t\t<article class=\"post-46215 speaker type-speaker status-publish format-standard has-post-thumbnail hentry tag-2025-en talkorte-tbf-day1 dce-post dce-post-item dce-item-grid\" data-dce-post-id=\"46215\" data-dce-post-index=\"9\">\n\t\t\t<div class=\"dce-post-block\">\n\t\t<div class=\"dce-item dce-item_image elementor-repeater-item-474eb9e\"><a class=\"dce-post-image\" href=\"https:\/\/berlindesignweek.com\/en\/?speaker=annabelle-von-reutern\"><figure  class=\"dce-img\"><img loading=\"lazy\" decoding=\"async\" width=\"732\" height=\"1024\" src=\"https:\/\/berlindesignweek.com\/wp-content\/uploads\/2025\/04\/Annabelle-4cf8953abef9dd191c0f9a79717d291d-732x1024.jpg\" class=\"\" alt=\"Annabel von Reutern\" srcset=\"https:\/\/berlindesignweek.com\/wp-content\/uploads\/2025\/04\/Annabelle-4cf8953abef9dd191c0f9a79717d291d-732x1024.jpg 732w, https:\/\/berlindesignweek.com\/wp-content\/uploads\/2025\/04\/Annabelle-4cf8953abef9dd191c0f9a79717d291d-214x300.jpg 214w, https:\/\/berlindesignweek.com\/wp-content\/uploads\/2025\/04\/Annabelle-4cf8953abef9dd191c0f9a79717d291d-768x1075.jpg 768w, https:\/\/berlindesignweek.com\/wp-content\/uploads\/2025\/04\/Annabelle-4cf8953abef9dd191c0f9a79717d291d-1097x1536.jpg 1097w, https:\/\/berlindesignweek.com\/wp-content\/uploads\/2025\/04\/Annabelle-4cf8953abef9dd191c0f9a79717d291d-scaled.jpg 1463w\" sizes=\"(max-width: 732px) 100vw, 732px\" \/><\/figure><\/a><\/div><div class=\"dce-item dce-item_title elementor-repeater-item-d2b756d\"><p class=\"dce-post-title\"><a href=\"https:\/\/berlindesignweek.com\/en\/?speaker=annabelle-von-reutern\">Annabelle von Reutern<\/a><\/p><\/div><div class=\"dce-item dce-item_custommeta elementor-repeater-item-df3f40a\"><div class=\"dce-post-custommeta dce-post-custommeta dce-post-custommeta dce-post-custommeta dce-post-custommeta dce-post-custommeta dce-post-custommeta dce-post-custommeta dce-post-custommeta dce-post-custommeta\"><div class=\"dce-meta-item dce-meta-df3f40a dce-meta-text elementor-repeater-item-df3f40a\"><div>Gr\u00fcnderin, Transformation of Material and Space (TOMAS)<\/div><\/div><\/div><\/div>\t\t\t<\/div>\n\t\t<\/article>\n\t\t\n\t\t<article class=\"post-46212 speaker type-speaker status-publish format-standard has-post-thumbnail hentry tag-2025-en talkorte-tbf-day1 dce-post dce-post-item dce-item-grid\" data-dce-post-id=\"46212\" data-dce-post-index=\"10\">\n\t\t\t<div class=\"dce-post-block\">\n\t\t<div class=\"dce-item dce-item_image elementor-repeater-item-474eb9e\"><a class=\"dce-post-image\" href=\"https:\/\/berlindesignweek.com\/en\/?speaker=andreas-weber\"><figure  class=\"dce-img\"><img loading=\"lazy\" decoding=\"async\" width=\"800\" height=\"800\" src=\"https:\/\/berlindesignweek.com\/wp-content\/uploads\/2025\/04\/SH_AndreasWeber-3feed0609f4f3fd179f059cf823b5be8-1024x1024.jpg\" class=\"\" alt=\"Andreas Weber\" srcset=\"https:\/\/berlindesignweek.com\/wp-content\/uploads\/2025\/04\/SH_AndreasWeber-3feed0609f4f3fd179f059cf823b5be8-1024x1024.jpg 1024w, https:\/\/berlindesignweek.com\/wp-content\/uploads\/2025\/04\/SH_AndreasWeber-3feed0609f4f3fd179f059cf823b5be8-150x150.jpg 150w, https:\/\/berlindesignweek.com\/wp-content\/uploads\/2025\/04\/SH_AndreasWeber-3feed0609f4f3fd179f059cf823b5be8-300x300.jpg 300w, https:\/\/berlindesignweek.com\/wp-content\/uploads\/2025\/04\/SH_AndreasWeber-3feed0609f4f3fd179f059cf823b5be8-1536x1536.jpg 1536w, https:\/\/berlindesignweek.com\/wp-content\/uploads\/2025\/04\/SH_AndreasWeber-3feed0609f4f3fd179f059cf823b5be8.jpg 2048w\" sizes=\"(max-width: 800px) 100vw, 800px\" \/><\/figure><\/a><\/div><div class=\"dce-item dce-item_title elementor-repeater-item-d2b756d\"><p class=\"dce-post-title\"><a href=\"https:\/\/berlindesignweek.com\/en\/?speaker=andreas-weber\">Andreas Weber<\/a><\/p><\/div><div class=\"dce-item dce-item_custommeta elementor-repeater-item-df3f40a\"><div class=\"dce-post-custommeta dce-post-custommeta dce-post-custommeta dce-post-custommeta dce-post-custommeta dce-post-custommeta dce-post-custommeta dce-post-custommeta dce-post-custommeta dce-post-custommeta dce-post-custommeta\"><div class=\"dce-meta-item dce-meta-df3f40a dce-meta-text elementor-repeater-item-df3f40a\"><div>Gesch\u00e4ftsf\u00fchrung, Stan Hema<\/div><\/div><\/div><\/div>\t\t\t<\/div>\n\t\t<\/article>\n\t\t\n\t\t<article class=\"post-46209 speaker type-speaker status-publish format-standard has-post-thumbnail hentry tag-2025-en talkorte-tbf-day1 dce-post dce-post-item dce-item-grid\" data-dce-post-id=\"46209\" data-dce-post-index=\"11\">\n\t\t\t<div class=\"dce-post-block\">\n\t\t<div class=\"dce-item dce-item_image elementor-repeater-item-474eb9e\"><a class=\"dce-post-image\" href=\"https:\/\/berlindesignweek.com\/en\/?speaker=esteban-paredes\"><figure  class=\"dce-img\"><img loading=\"lazy\" decoding=\"async\" width=\"683\" height=\"1024\" src=\"https:\/\/berlindesignweek.com\/wp-content\/uploads\/2025\/04\/Portrait-Esteban-Paredes-Estudio-Calido_red-4bf14df08e22df237441143d8d0bb91d-scaled-683x1024.webp\" class=\"\" alt=\"Esteban Paredes\" srcset=\"https:\/\/berlindesignweek.com\/wp-content\/uploads\/2025\/04\/Portrait-Esteban-Paredes-Estudio-Calido_red-4bf14df08e22df237441143d8d0bb91d-scaled-683x1024.webp 683w, https:\/\/berlindesignweek.com\/wp-content\/uploads\/2025\/04\/Portrait-Esteban-Paredes-Estudio-Calido_red-4bf14df08e22df237441143d8d0bb91d-scaled-100x150.webp 100w, https:\/\/berlindesignweek.com\/wp-content\/uploads\/2025\/04\/Portrait-Esteban-Paredes-Estudio-Calido_red-4bf14df08e22df237441143d8d0bb91d-scaled-200x300.webp 200w, https:\/\/berlindesignweek.com\/wp-content\/uploads\/2025\/04\/Portrait-Esteban-Paredes-Estudio-Calido_red-4bf14df08e22df237441143d8d0bb91d-scaled-1025x1536.webp 1025w, https:\/\/berlindesignweek.com\/wp-content\/uploads\/2025\/04\/Portrait-Esteban-Paredes-Estudio-Calido_red-4bf14df08e22df237441143d8d0bb91d-scaled.webp 1367w\" sizes=\"(max-width: 683px) 100vw, 683px\" \/><\/figure><\/a><\/div><div class=\"dce-item dce-item_title elementor-repeater-item-d2b756d\"><p class=\"dce-post-title\"><a href=\"https:\/\/berlindesignweek.com\/en\/?speaker=esteban-paredes\">Esteban Paredes<\/a><\/p><\/div><div class=\"dce-item dce-item_custommeta elementor-repeater-item-df3f40a\"><div class=\"dce-post-custommeta dce-post-custommeta dce-post-custommeta dce-post-custommeta dce-post-custommeta dce-post-custommeta dce-post-custommeta dce-post-custommeta dce-post-custommeta dce-post-custommeta dce-post-custommeta dce-post-custommeta\"><div class=\"dce-meta-item dce-meta-df3f40a dce-meta-text elementor-repeater-item-df3f40a\"><div>CEO &amp; ART DIRECTOR ESTUDIO C\u00c1LIDO<\/div><\/div><\/div><\/div>\t\t\t<\/div>\n\t\t<\/article>\n\t\t\n\t\t<article class=\"post-46138 speaker type-speaker status-publish format-standard has-post-thumbnail hentry tag-2025-en talkorte-tbf-day1 dce-post dce-post-item dce-item-grid\" data-dce-post-id=\"46138\" data-dce-post-index=\"12\">\n\t\t\t<div class=\"dce-post-block\">\n\t\t<div class=\"dce-item dce-item_image elementor-repeater-item-474eb9e\"><a class=\"dce-post-image\" href=\"https:\/\/berlindesignweek.com\/en\/?speaker=goek-che-emell\"><figure  class=\"dce-img\"><img loading=\"lazy\" decoding=\"async\" width=\"689\" height=\"1024\" src=\"https:\/\/berlindesignweek.com\/wp-content\/uploads\/2025\/04\/DAF20D0E-D856-48D4-BE0E-218C85227DBD-04a5ec05f7d075a599d4902e027daa17-689x1024.jpeg\" class=\"\" alt=\"G\u00f6k Che, Emell\" srcset=\"https:\/\/berlindesignweek.com\/wp-content\/uploads\/2025\/04\/DAF20D0E-D856-48D4-BE0E-218C85227DBD-04a5ec05f7d075a599d4902e027daa17-689x1024.jpeg 689w, https:\/\/berlindesignweek.com\/wp-content\/uploads\/2025\/04\/DAF20D0E-D856-48D4-BE0E-218C85227DBD-04a5ec05f7d075a599d4902e027daa17-202x300.jpeg 202w, https:\/\/berlindesignweek.com\/wp-content\/uploads\/2025\/04\/DAF20D0E-D856-48D4-BE0E-218C85227DBD-04a5ec05f7d075a599d4902e027daa17-768x1142.jpeg 768w, https:\/\/berlindesignweek.com\/wp-content\/uploads\/2025\/04\/DAF20D0E-D856-48D4-BE0E-218C85227DBD-04a5ec05f7d075a599d4902e027daa17-1033x1536.jpeg 1033w, https:\/\/berlindesignweek.com\/wp-content\/uploads\/2025\/04\/DAF20D0E-D856-48D4-BE0E-218C85227DBD-04a5ec05f7d075a599d4902e027daa17.jpeg 1242w\" sizes=\"(max-width: 689px) 100vw, 689px\" \/><\/figure><\/a><\/div><div class=\"dce-item dce-item_title elementor-repeater-item-d2b756d\"><p class=\"dce-post-title\"><a href=\"https:\/\/berlindesignweek.com\/en\/?speaker=goek-che-emell\">G\u00f6k Che, Emell<\/a><\/p><\/div><div class=\"dce-item dce-item_custommeta elementor-repeater-item-df3f40a\"><div class=\"dce-post-custommeta dce-post-custommeta dce-post-custommeta dce-post-custommeta dce-post-custommeta dce-post-custommeta dce-post-custommeta dce-post-custommeta dce-post-custommeta dce-post-custommeta dce-post-custommeta dce-post-custommeta dce-post-custommeta\"><div class=\"dce-meta-item dce-meta-df3f40a dce-meta-text elementor-repeater-item-df3f40a\"><div>Designer &amp; founder von Studio Artemell<\/div><\/div><\/div><\/div>\t\t\t<\/div>\n\t\t<\/article>\n\t\t\n\t\t<article class=\"post-46135 speaker type-speaker status-publish format-standard has-post-thumbnail hentry tag-2025-en talkorte-tbf-day1 dce-post dce-post-item dce-item-grid\" data-dce-post-id=\"46135\" data-dce-post-index=\"13\">\n\t\t\t<div class=\"dce-post-block\">\n\t\t<div class=\"dce-item dce-item_image elementor-repeater-item-474eb9e\"><a class=\"dce-post-image\" href=\"https:\/\/berlindesignweek.com\/en\/?speaker=florian-czak\"><figure  class=\"dce-img\"><img loading=\"lazy\" decoding=\"async\" width=\"380\" height=\"633\" src=\"https:\/\/berlindesignweek.com\/wp-content\/uploads\/2025\/04\/FLO-ee56ef966c683ec9e1a3e9c79be480a9.jpg\" class=\"\" alt=\"Florian Czak\" srcset=\"https:\/\/berlindesignweek.com\/wp-content\/uploads\/2025\/04\/FLO-ee56ef966c683ec9e1a3e9c79be480a9.jpg 380w, https:\/\/berlindesignweek.com\/wp-content\/uploads\/2025\/04\/FLO-ee56ef966c683ec9e1a3e9c79be480a9-180x300.jpg 180w\" sizes=\"(max-width: 380px) 100vw, 380px\" \/><\/figure><\/a><\/div><div class=\"dce-item dce-item_title elementor-repeater-item-d2b756d\"><p class=\"dce-post-title\"><a href=\"https:\/\/berlindesignweek.com\/en\/?speaker=florian-czak\">Florian Czak<\/a><\/p><\/div><div class=\"dce-item dce-item_custommeta elementor-repeater-item-df3f40a\"><div class=\"dce-post-custommeta dce-post-custommeta dce-post-custommeta dce-post-custommeta dce-post-custommeta dce-post-custommeta dce-post-custommeta dce-post-custommeta dce-post-custommeta dce-post-custommeta dce-post-custommeta dce-post-custommeta dce-post-custommeta dce-post-custommeta\"><div class=\"dce-meta-item dce-meta-df3f40a dce-meta-text elementor-repeater-item-df3f40a\"><div>Senior Manager Strategy &amp; BD, PHOENIX<\/div><\/div><\/div><\/div>\t\t\t<\/div>\n\t\t<\/article>\n\t\t\n\t\t<article class=\"post-46134 speaker type-speaker status-publish format-standard has-post-thumbnail hentry tag-2025-en talkorte-tbf-day1 dce-post dce-post-item dce-item-grid\" data-dce-post-id=\"46134\" data-dce-post-index=\"14\">\n\t\t\t<div class=\"dce-post-block\">\n\t\t<div class=\"dce-item dce-item_image elementor-repeater-item-474eb9e\"><a class=\"dce-post-image\" href=\"https:\/\/berlindesignweek.com\/en\/?speaker=carolin-schmitt\"><figure  class=\"dce-img\"><img loading=\"lazy\" decoding=\"async\" width=\"768\" height=\"1024\" src=\"https:\/\/berlindesignweek.com\/wp-content\/uploads\/2025\/03\/PXS01545-74900f8b175d8f6fcfb77e75784c5454-768x1024.jpg\" class=\"\" alt=\"Carolin Schmitt\" srcset=\"https:\/\/berlindesignweek.com\/wp-content\/uploads\/2025\/03\/PXS01545-74900f8b175d8f6fcfb77e75784c5454-768x1024.jpg 768w, https:\/\/berlindesignweek.com\/wp-content\/uploads\/2025\/03\/PXS01545-74900f8b175d8f6fcfb77e75784c5454-225x300.jpg 225w, https:\/\/berlindesignweek.com\/wp-content\/uploads\/2025\/03\/PXS01545-74900f8b175d8f6fcfb77e75784c5454-1152x1536.jpg 1152w, https:\/\/berlindesignweek.com\/wp-content\/uploads\/2025\/03\/PXS01545-74900f8b175d8f6fcfb77e75784c5454.jpg 1536w\" sizes=\"(max-width: 768px) 100vw, 768px\" \/><\/figure><\/a><\/div><div class=\"dce-item dce-item_title elementor-repeater-item-d2b756d\"><p class=\"dce-post-title\"><a href=\"https:\/\/berlindesignweek.com\/en\/?speaker=carolin-schmitt\">Carolin Schmitt<\/a><\/p><\/div><div class=\"dce-item dce-item_custommeta elementor-repeater-item-df3f40a\"><div class=\"dce-post-custommeta dce-post-custommeta dce-post-custommeta dce-post-custommeta dce-post-custommeta dce-post-custommeta dce-post-custommeta dce-post-custommeta dce-post-custommeta dce-post-custommeta dce-post-custommeta dce-post-custommeta dce-post-custommeta dce-post-custommeta dce-post-custommeta\"><div class=\"dce-meta-item dce-meta-df3f40a dce-meta-text elementor-repeater-item-df3f40a\"><div>Principal Design Researcher at PHOENIX, Stuttgart<\/div><\/div><\/div><\/div>\t\t\t<\/div>\n\t\t<\/article>\n\t\t\t\t\t<\/div>\n\t\t\t\t\t<\/div>\n\t\t\t\t\t\t<\/div>\n\t\t\t\t<\/div>\n\t\t\t\t<div class=\"elementor-element elementor-element-8a4928c elementor-widget elementor-widget-spacer\" data-id=\"8a4928c\" data-element_type=\"widget\" data-e-type=\"widget\" data-widget_type=\"spacer.default\">\n\t\t\t\t<div class=\"elementor-widget-container\">\n\t\t\t\t\t\t\t<div class=\"elementor-spacer\">\n\t\t\t<div class=\"elementor-spacer-inner\"><\/div>\n\t\t<\/div>\n\t\t\t\t\t\t<\/div>\n\t\t\t\t<\/div>\n\t\t\t\t\t<\/div>\n\t\t<\/div>\n\t\t\t\t\t<\/div>\n\t\t<\/section>\n\t\t\t\t<\/div>\n\t\t","protected":false},"excerpt":{"rendered":"<p>Founder &amp; Creative Director<\/p>\n","protected":false},"featured_media":45535,"menu_order":0,"template":"elementor_header_footer","format":"standard","meta":{"footnotes":""},"tags":[765],"wp_pattern_category":[],"bdw_tag_sp":[],"format_sp":[],"jahr_sp":[],"land":[],"sprache":[],"talkorte":[850],"class_list":["post-46221","speaker","type-speaker","status-publish","format-standard","has-post-thumbnail","hentry","tag-2025-en","talkorte-tbf-day1"],"_links":{"self":[{"href":"https:\/\/berlindesignweek.com\/en\/wp-json\/wp\/v2\/speaker\/46221","targetHints":{"allow":["GET"]}}],"collection":[{"href":"https:\/\/berlindesignweek.com\/en\/wp-json\/wp\/v2\/speaker"}],"about":[{"href":"https:\/\/berlindesignweek.com\/en\/wp-json\/wp\/v2\/types\/speaker"}],"version-history":[{"count":1,"href":"https:\/\/berlindesignweek.com\/en\/wp-json\/wp\/v2\/speaker\/46221\/revisions"}],"predecessor-version":[{"id":50761,"href":"https:\/\/berlindesignweek.com\/en\/wp-json\/wp\/v2\/speaker\/46221\/revisions\/50761"}],"wp:featuredmedia":[{"embeddable":true,"href":"https:\/\/berlindesignweek.com\/en\/wp-json\/wp\/v2\/media\/45535"}],"wp:attachment":[{"href":"https:\/\/berlindesignweek.com\/en\/wp-json\/wp\/v2\/media?parent=46221"}],"wp:term":[{"taxonomy":"post_tag","embeddable":true,"href":"https:\/\/berlindesignweek.com\/en\/wp-json\/wp\/v2\/tags?post=46221"},{"taxonomy":"wp_pattern_category","embeddable":true,"href":"https:\/\/berlindesignweek.com\/en\/wp-json\/wp\/v2\/wp_pattern_category?post=46221"},{"taxonomy":"bdw_tag_sp","embeddable":true,"href":"https:\/\/berlindesignweek.com\/en\/wp-json\/wp\/v2\/bdw_tag_sp?post=46221"},{"taxonomy":"format_sp","embeddable":true,"href":"https:\/\/berlindesignweek.com\/en\/wp-json\/wp\/v2\/format_sp?post=46221"},{"taxonomy":"jahr_sp","embeddable":true,"href":"https:\/\/berlindesignweek.com\/en\/wp-json\/wp\/v2\/jahr_sp?post=46221"},{"taxonomy":"land","embeddable":true,"href":"https:\/\/berlindesignweek.com\/en\/wp-json\/wp\/v2\/land?post=46221"},{"taxonomy":"sprache","embeddable":true,"href":"https:\/\/berlindesignweek.com\/en\/wp-json\/wp\/v2\/sprache?post=46221"},{"taxonomy":"talkorte","embeddable":true,"href":"https:\/\/berlindesignweek.com\/en\/wp-json\/wp\/v2\/talkorte?post=46221"}],"curies":[{"name":"wp","href":"https:\/\/api.w.org\/{rel}","templated":true}]}}