{"id":46223,"date":"2025-04-25T14:00:05","date_gmt":"2025-04-25T14:00:05","guid":{"rendered":"https:\/\/berlindesignweek.com\/speaker\/sanika-nele-hufeland\/"},"modified":"2025-05-07T22:03:27","modified_gmt":"2025-05-07T22:03:27","slug":"sanika-nele-hufeland","status":"publish","type":"speaker","link":"https:\/\/berlindesignweek.com\/en\/?speaker=sanika-nele-hufeland","title":{"rendered":"Sanika Nele Hufeland"},"content":{"rendered":"<p>Sanika ist \u00d6konomin und kommunikative Generalistin mit einem Fokus auf Nachhaltigkeit. Sie engagiert sich f\u00fcr eine sozial verantwortliche Zukunft und bringt Erfahrung aus der Gr\u00fcndung gemeinwohlorientierter Organisationen sowie der F\u00fchrung interdisziplin\u00e4rer Teams mit \u2013 u.a. in den Bereichen Bildung, genossenschaftliches Wohnen und Finanzwesen. Sie leitet gemeinsam mit Antje T\u00f6nnis die Kommunikationsabteilung der GLS Bank.  <\/p>\n","protected":false},"excerpt":{"rendered":"<p>Abteilungsleitung Kommunikation und Marketing, GLS Bank<\/p>\n","protected":false},"featured_media":46065,"menu_order":0,"template":"","format":"standard","meta":{"footnotes":""},"tags":[765],"wp_pattern_category":[],"bdw_tag_sp":[],"format_sp":[],"jahr_sp":[],"land":[],"sprache":[],"talkorte":[850],"class_list":["post-46223","speaker","type-speaker","status-publish","format-standard","has-post-thumbnail","hentry","tag-2025-en","talkorte-tbf-day1"],"_links":{"self":[{"href":"https:\/\/berlindesignweek.com\/en\/wp-json\/wp\/v2\/speaker\/46223","targetHints":{"allow":["GET"]}}],"collection":[{"href":"https:\/\/berlindesignweek.com\/en\/wp-json\/wp\/v2\/speaker"}],"about":[{"href":"https:\/\/berlindesignweek.com\/en\/wp-json\/wp\/v2\/types\/speaker"}],"version-history":[{"count":0,"href":"https:\/\/berlindesignweek.com\/en\/wp-json\/wp\/v2\/speaker\/46223\/revisions"}],"wp:featuredmedia":[{"embeddable":true,"href":"https:\/\/berlindesignweek.com\/en\/wp-json\/wp\/v2\/media\/46065"}],"wp:attachment":[{"href":"https:\/\/berlindesignweek.com\/en\/wp-json\/wp\/v2\/media?parent=46223"}],"wp:term":[{"taxonomy":"post_tag","embeddable":true,"href":"https:\/\/berlindesignweek.com\/en\/wp-json\/wp\/v2\/tags?post=46223"},{"taxonomy":"wp_pattern_category","embeddable":true,"href":"https:\/\/berlindesignweek.com\/en\/wp-json\/wp\/v2\/wp_pattern_category?post=46223"},{"taxonomy":"bdw_tag_sp","embeddable":true,"href":"https:\/\/berlindesignweek.com\/en\/wp-json\/wp\/v2\/bdw_tag_sp?post=46223"},{"taxonomy":"format_sp","embeddable":true,"href":"https:\/\/berlindesignweek.com\/en\/wp-json\/wp\/v2\/format_sp?post=46223"},{"taxonomy":"jahr_sp","embeddable":true,"href":"https:\/\/berlindesignweek.com\/en\/wp-json\/wp\/v2\/jahr_sp?post=46223"},{"taxonomy":"land","embeddable":true,"href":"https:\/\/berlindesignweek.com\/en\/wp-json\/wp\/v2\/land?post=46223"},{"taxonomy":"sprache","embeddable":true,"href":"https:\/\/berlindesignweek.com\/en\/wp-json\/wp\/v2\/sprache?post=46223"},{"taxonomy":"talkorte","embeddable":true,"href":"https:\/\/berlindesignweek.com\/en\/wp-json\/wp\/v2\/talkorte?post=46223"}],"curies":[{"name":"wp","href":"https:\/\/api.w.org\/{rel}","templated":true}]}}